{"id":17398,"date":"2018-02-02T14:10:31","date_gmt":"2018-02-02T13:10:31","guid":{"rendered":"https:\/\/www.brasilafro.net\/inicio\/"},"modified":"2024-03-28T14:07:09","modified_gmt":"2024-03-28T13:07:09","slug":"inicio","status":"publish","type":"page","link":"https:\/\/www.brasilafro.net\/pt-br\/","title":{"rendered":"In\u00edcio"},"content":{"rendered":"\t\t<div data-elementor-type=\"wp-page\" data-elementor-id=\"17398\" class=\"elementor elementor-17398 elementor-11494\" data-elementor-post-type=\"page\">\n\t\t\t\t<div class=\"elementor-element elementor-element-467930a e-flex e-con-boxed wpr-particle-no wpr-jarallax-no wpr-parallax-no wpr-sticky-section-no wpr-equal-height-no e-con e-parent\" data-id=\"467930a\" data-element_type=\"container\" data-e-type=\"container\">\n\t\t\t\t\t<div class=\"e-con-inner\">\n\t\t\t\t<div class=\"elementor-element elementor-element-7f53dc1 elementor-widget elementor-widget-spacer\" data-id=\"7f53dc1\" data-element_type=\"widget\" data-e-type=\"widget\" data-widget_type=\"spacer.default\">\n\t\t\t\t<div class=\"elementor-widget-container\">\n\t\t\t\t\t\t\t<div class=\"elementor-spacer\">\n\t\t\t<div class=\"elementor-spacer-inner\"><\/div>\n\t\t<\/div>\n\t\t\t\t\t\t<\/div>\n\t\t\t\t<\/div>\n\t\t\t\t\t<\/div>\n\t\t\t\t<\/div>\n\t\t<div class=\"elementor-element elementor-element-4251595 e-con-full .banner-1 e-transform e-flex wpr-jarallax-no wpr-parallax-no wpr-sticky-section-no wpr-equal-height-no e-con e-parent\" data-id=\"4251595\" data-element_type=\"container\" data-e-type=\"container\" data-settings=\"{&quot;_transform_scaleX_effect&quot;:{&quot;unit&quot;:&quot;px&quot;,&quot;size&quot;:1.2,&quot;sizes&quot;:[]},&quot;_transform_scaleY_effect&quot;:{&quot;unit&quot;:&quot;px&quot;,&quot;size&quot;:1,&quot;sizes&quot;:[]},&quot;_transform_scaleX_effect_tablet&quot;:{&quot;unit&quot;:&quot;px&quot;,&quot;size&quot;:&quot;&quot;,&quot;sizes&quot;:[]},&quot;_transform_scaleX_effect_mobile&quot;:{&quot;unit&quot;:&quot;px&quot;,&quot;size&quot;:&quot;&quot;,&quot;sizes&quot;:[]},&quot;_transform_scaleY_effect_tablet&quot;:{&quot;unit&quot;:&quot;px&quot;,&quot;size&quot;:&quot;&quot;,&quot;sizes&quot;:[]},&quot;_transform_scaleY_effect_mobile&quot;:{&quot;unit&quot;:&quot;px&quot;,&quot;size&quot;:&quot;&quot;,&quot;sizes&quot;:[]}}\">\n\t\t\t\t<div class=\"elementor-element elementor-element-87c4f76 .banner-1 elementor-hidden-mobile elementor--h-position-center elementor--v-position-middle elementor-arrows-position-inside elementor-pagination-position-inside elementor-widget elementor-widget-slides\" data-id=\"87c4f76\" data-element_type=\"widget\" data-e-type=\"widget\" data-settings=\"{&quot;transition&quot;:&quot;fade&quot;,&quot;transition_speed&quot;:602,&quot;motion_fx_motion_fx_scrolling&quot;:&quot;yes&quot;,&quot;motion_fx_scale_effect&quot;:&quot;yes&quot;,&quot;motion_fx_scale_direction&quot;:&quot;in-out&quot;,&quot;autoplay_speed&quot;:4200,&quot;navigation&quot;:&quot;both&quot;,&quot;autoplay&quot;:&quot;yes&quot;,&quot;pause_on_interaction&quot;:&quot;yes&quot;,&quot;infinite&quot;:&quot;yes&quot;,&quot;motion_fx_scale_speed&quot;:{&quot;unit&quot;:&quot;px&quot;,&quot;size&quot;:4,&quot;sizes&quot;:[]},&quot;motion_fx_scale_range&quot;:{&quot;unit&quot;:&quot;%&quot;,&quot;size&quot;:&quot;&quot;,&quot;sizes&quot;:{&quot;start&quot;:20,&quot;end&quot;:80}},&quot;motion_fx_devices&quot;:[&quot;desktop&quot;,&quot;tablet&quot;,&quot;mobile&quot;]}\" data-widget_type=\"slides.default\">\n\t\t\t\t<div class=\"elementor-widget-container\">\n\t\t\t\t\t\t\t\t\t<div class=\"elementor-swiper\">\n\t\t\t\t\t<div class=\"elementor-slides-wrapper elementor-main-swiper swiper\" role=\"region\" aria-roledescription=\"carousel\" aria-label=\"Slides\" dir=\"ltr\" data-animation=\"\">\n\t\t\t\t<div class=\"swiper-wrapper elementor-slides\">\n\t\t\t\t\t\t\t\t\t\t<div class=\"elementor-repeater-item-d422858 swiper-slide\" role=\"group\" aria-roledescription=\"slide\"><div class=\"swiper-slide-bg elementor-ken-burns elementor-ken-burns--out\" role=\"img\" aria-label=\"Brasil Afro Funk Amanda\"><\/div><div class=\"swiper-slide-inner\" ><div class=\"swiper-slide-contents\"><\/div><\/div><\/div><div class=\"elementor-repeater-item-a6c23fe swiper-slide\" role=\"group\" aria-roledescription=\"slide\"><div class=\"swiper-slide-bg elementor-ken-burns elementor-ken-burns--out\" role=\"img\" aria-label=\"Brasil Afro Funk Capoeira\"><\/div><div class=\"swiper-slide-inner\" ><div class=\"swiper-slide-contents\"><\/div><\/div><\/div><div class=\"elementor-repeater-item-1e6a45b swiper-slide\" role=\"group\" aria-roledescription=\"slide\"><div class=\"swiper-slide-bg elementor-ken-burns elementor-ken-burns--out\" role=\"img\" aria-label=\"Brasil Afro Funk Barracazem Atelier\"><\/div><div class=\"swiper-slide-inner\" ><div class=\"swiper-slide-contents\"><\/div><\/div><\/div>\t\t\t\t<\/div>\n\t\t\t\t\t\t\t\t\t\t\t\t\t\t\t<div class=\"elementor-swiper-button elementor-swiper-button-prev\" role=\"button\" tabindex=\"0\" aria-label=\"Previous slide\">\n\t\t\t\t\t\t\t<svg aria-hidden=\"true\" class=\"e-font-icon-svg e-eicon-chevron-left\" viewBox=\"0 0 1000 1000\" xmlns=\"http:\/\/www.w3.org\/2000\/svg\"><path d=\"M646 125C629 125 613 133 604 142L308 442C296 454 292 471 292 487 292 504 296 521 308 533L604 854C617 867 629 875 646 875 663 875 679 871 692 858 704 846 713 829 713 812 713 796 708 779 692 767L438 487 692 225C700 217 708 204 708 187 708 171 704 154 692 142 675 129 663 125 646 125Z\"><\/path><\/svg>\t\t\t\t\t\t<\/div>\n\t\t\t\t\t\t<div class=\"elementor-swiper-button elementor-swiper-button-next\" role=\"button\" tabindex=\"0\" aria-label=\"Next slide\">\n\t\t\t\t\t\t\t<svg aria-hidden=\"true\" class=\"e-font-icon-svg e-eicon-chevron-right\" viewBox=\"0 0 1000 1000\" xmlns=\"http:\/\/www.w3.org\/2000\/svg\"><path d=\"M696 533C708 521 713 504 713 487 713 471 708 454 696 446L400 146C388 133 375 125 354 125 338 125 325 129 313 142 300 154 292 171 292 187 292 204 296 221 308 233L563 492 304 771C292 783 288 800 288 817 288 833 296 850 308 863 321 871 338 875 354 875 371 875 388 867 400 854L696 533Z\"><\/path><\/svg>\t\t\t\t\t\t<\/div>\n\t\t\t\t\t\t\t\t\t\t\t\t\t\t\t\t<div class=\"swiper-pagination\"><\/div>\n\t\t\t\t\t\t\t\t\t\t\t\t<\/div>\n\t\t\t\t<\/div>\n\t\t\t\t\t\t\t\t<\/div>\n\t\t\t\t<\/div>\n\t\t\t\t<div class=\"elementor-element elementor-element-ee2fe32 .banner-1 elementor-hidden-desktop elementor-hidden-tablet elementor--h-position-center elementor--v-position-middle elementor-arrows-position-inside elementor-pagination-position-inside elementor-widget elementor-widget-slides\" data-id=\"ee2fe32\" data-element_type=\"widget\" data-e-type=\"widget\" data-settings=\"{&quot;transition&quot;:&quot;fade&quot;,&quot;transition_speed&quot;:602,&quot;motion_fx_motion_fx_scrolling&quot;:&quot;yes&quot;,&quot;motion_fx_scale_effect&quot;:&quot;yes&quot;,&quot;motion_fx_scale_direction&quot;:&quot;in-out&quot;,&quot;autoplay_speed&quot;:4200,&quot;navigation&quot;:&quot;both&quot;,&quot;autoplay&quot;:&quot;yes&quot;,&quot;pause_on_interaction&quot;:&quot;yes&quot;,&quot;infinite&quot;:&quot;yes&quot;,&quot;motion_fx_scale_speed&quot;:{&quot;unit&quot;:&quot;px&quot;,&quot;size&quot;:4,&quot;sizes&quot;:[]},&quot;motion_fx_scale_range&quot;:{&quot;unit&quot;:&quot;%&quot;,&quot;size&quot;:&quot;&quot;,&quot;sizes&quot;:{&quot;start&quot;:20,&quot;end&quot;:80}},&quot;motion_fx_devices&quot;:[&quot;desktop&quot;,&quot;tablet&quot;,&quot;mobile&quot;]}\" data-widget_type=\"slides.default\">\n\t\t\t\t<div class=\"elementor-widget-container\">\n\t\t\t\t\t\t\t\t\t<div class=\"elementor-swiper\">\n\t\t\t\t\t<div class=\"elementor-slides-wrapper elementor-main-swiper swiper\" role=\"region\" aria-roledescription=\"carousel\" aria-label=\"Slides\" dir=\"ltr\" data-animation=\"\">\n\t\t\t\t<div class=\"swiper-wrapper elementor-slides\">\n\t\t\t\t\t\t\t\t\t\t<div class=\"elementor-repeater-item-d422858 swiper-slide\" role=\"group\" aria-roledescription=\"slide\"><div class=\"swiper-slide-bg elementor-ken-burns elementor-ken-burns--out\" role=\"img\" aria-label=\"Brasil Afro Funk Amanda\"><\/div><div class=\"swiper-slide-inner\" ><div class=\"swiper-slide-contents\"><\/div><\/div><\/div><div class=\"elementor-repeater-item-a6c23fe swiper-slide\" role=\"group\" aria-roledescription=\"slide\"><div class=\"swiper-slide-bg elementor-ken-burns elementor-ken-burns--out\" role=\"img\" aria-label=\"Brasil Afro Funk Capoeira\"><\/div><div class=\"swiper-slide-inner\" ><div class=\"swiper-slide-contents\"><\/div><\/div><\/div><div class=\"elementor-repeater-item-1e6a45b swiper-slide\" role=\"group\" aria-roledescription=\"slide\"><div class=\"swiper-slide-bg elementor-ken-burns elementor-ken-burns--out\" role=\"img\" aria-label=\"Brasil Afro Funk Barracazem Atelier\"><\/div><div class=\"swiper-slide-inner\" ><div class=\"swiper-slide-contents\"><\/div><\/div><\/div>\t\t\t\t<\/div>\n\t\t\t\t\t\t\t\t\t\t\t\t\t\t\t<div class=\"elementor-swiper-button elementor-swiper-button-prev\" role=\"button\" tabindex=\"0\" aria-label=\"Previous slide\">\n\t\t\t\t\t\t\t<svg aria-hidden=\"true\" class=\"e-font-icon-svg e-eicon-chevron-left\" viewBox=\"0 0 1000 1000\" xmlns=\"http:\/\/www.w3.org\/2000\/svg\"><path d=\"M646 125C629 125 613 133 604 142L308 442C296 454 292 471 292 487 292 504 296 521 308 533L604 854C617 867 629 875 646 875 663 875 679 871 692 858 704 846 713 829 713 812 713 796 708 779 692 767L438 487 692 225C700 217 708 204 708 187 708 171 704 154 692 142 675 129 663 125 646 125Z\"><\/path><\/svg>\t\t\t\t\t\t<\/div>\n\t\t\t\t\t\t<div class=\"elementor-swiper-button elementor-swiper-button-next\" role=\"button\" tabindex=\"0\" aria-label=\"Next slide\">\n\t\t\t\t\t\t\t<svg aria-hidden=\"true\" class=\"e-font-icon-svg e-eicon-chevron-right\" viewBox=\"0 0 1000 1000\" xmlns=\"http:\/\/www.w3.org\/2000\/svg\"><path d=\"M696 533C708 521 713 504 713 487 713 471 708 454 696 446L400 146C388 133 375 125 354 125 338 125 325 129 313 142 300 154 292 171 292 187 292 204 296 221 308 233L563 492 304 771C292 783 288 800 288 817 288 833 296 850 308 863 321 871 338 875 354 875 371 875 388 867 400 854L696 533Z\"><\/path><\/svg>\t\t\t\t\t\t<\/div>\n\t\t\t\t\t\t\t\t\t\t\t\t\t\t\t\t<div class=\"swiper-pagination\"><\/div>\n\t\t\t\t\t\t\t\t\t\t\t\t<\/div>\n\t\t\t\t<\/div>\n\t\t\t\t\t\t\t\t<\/div>\n\t\t\t\t<\/div>\n\t\t\t\t<\/div>\n\t\t<div class=\"elementor-element elementor-element-3c7f9ef e-flex e-con-boxed wpr-particle-no wpr-jarallax-no wpr-parallax-no wpr-sticky-section-no wpr-equal-height-no e-con e-parent\" data-id=\"3c7f9ef\" data-element_type=\"container\" data-e-type=\"container\">\n\t\t\t\t\t<div class=\"e-con-inner\">\n\t\t\t\t<div class=\"elementor-element elementor-element-595ac0a elementor-widget elementor-widget-spacer\" data-id=\"595ac0a\" data-element_type=\"widget\" data-e-type=\"widget\" data-widget_type=\"spacer.default\">\n\t\t\t\t<div class=\"elementor-widget-container\">\n\t\t\t\t\t\t\t<div class=\"elementor-spacer\">\n\t\t\t<div class=\"elementor-spacer-inner\"><\/div>\n\t\t<\/div>\n\t\t\t\t\t\t<\/div>\n\t\t\t\t<\/div>\n\t\t\t\t\t<\/div>\n\t\t\t\t<\/div>\n\t\t<div class=\"elementor-element elementor-element-779ef57 e-con-full e-flex wpr-particle-no wpr-jarallax-no wpr-parallax-no wpr-sticky-section-no wpr-equal-height-no elementor-invisible e-con e-parent\" data-id=\"779ef57\" data-element_type=\"container\" data-e-type=\"container\" data-settings=\"{&quot;animation&quot;:&quot;fadeInUp&quot;}\">\n\t\t\t\t<div class=\"elementor-element elementor-element-e2f3d10 elementor-widget elementor-widget-heading\" data-id=\"e2f3d10\" data-element_type=\"widget\" data-e-type=\"widget\" data-widget_type=\"heading.default\">\n\t\t\t\t<div class=\"elementor-widget-container\">\n\t\t\t\t\t<h2 class=\"elementor-heading-title elementor-size-medium\"><a href=\"https:\/\/www.brasilafro.net\/pt-br\/nosso-coletivo\/nossa-historia\/\">Com base em sua experi\u00eancia cultural desde 1997, o Collectif Brasil Afro Funk \u00e9 o Brasil em Lille e nos Hauts de France.<\/a><\/h2>\t\t\t\t<\/div>\n\t\t\t\t<\/div>\n\t\t\t\t<\/div>\n\t\t<div class=\"elementor-element elementor-element-5c3d059 e-flex e-con-boxed wpr-particle-no wpr-jarallax-no wpr-parallax-no wpr-sticky-section-no wpr-equal-height-no elementor-invisible e-con e-parent\" data-id=\"5c3d059\" data-element_type=\"container\" data-e-type=\"container\" data-settings=\"{&quot;animation&quot;:&quot;fadeInUp&quot;}\">\n\t\t\t\t\t<div class=\"e-con-inner\">\n\t\t<div class=\"elementor-element elementor-element-a5326db e-con-full e-flex wpr-particle-no wpr-jarallax-no wpr-parallax-no wpr-sticky-section-no wpr-equal-height-no e-con e-child\" data-id=\"a5326db\" data-element_type=\"container\" data-e-type=\"container\">\n\t\t\t\t<div class=\"elementor-element elementor-element-c31e9be elementor-widget elementor-widget-image\" data-id=\"c31e9be\" data-element_type=\"widget\" data-e-type=\"widget\" data-widget_type=\"image.default\">\n\t\t\t\t<div class=\"elementor-widget-container\">\n\t\t\t\t\t\t\t\t\t\t\t\t\t\t\t\t<a href=\"https:\/\/www.brasilafro.net\/pt-br\/nossos-shows\/\">\n\t\t\t\t\t\t\t<img fetchpriority=\"high\" decoding=\"async\" width=\"1024\" height=\"682\" src=\"https:\/\/www.brasilafro.net\/wordpress\/wp-content\/uploads\/2023\/12\/1forro1-1024x682.jpg\" class=\"elementor-animation-bob attachment-large size-large wp-image-16737\" alt=\"\" srcset=\"https:\/\/www.brasilafro.net\/wordpress\/wp-content\/uploads\/2023\/12\/1forro1-1024x682.jpg 1024w, https:\/\/www.brasilafro.net\/wordpress\/wp-content\/uploads\/2023\/12\/1forro1-300x200.jpg 300w, https:\/\/www.brasilafro.net\/wordpress\/wp-content\/uploads\/2023\/12\/1forro1-768x512.jpg 768w, https:\/\/www.brasilafro.net\/wordpress\/wp-content\/uploads\/2023\/12\/1forro1-1536x1024.jpg 1536w, https:\/\/www.brasilafro.net\/wordpress\/wp-content\/uploads\/2023\/12\/1forro1.jpg 1772w\" sizes=\"(max-width: 1024px) 100vw, 1024px\" \/>\t\t\t\t\t\t\t\t<\/a>\n\t\t\t\t\t\t\t\t\t\t\t\t\t\t\t<\/div>\n\t\t\t\t<\/div>\n\t\t\t\t<div class=\"elementor-element elementor-element-b77e7e1 elementor-widget elementor-widget-heading\" data-id=\"b77e7e1\" data-element_type=\"widget\" data-e-type=\"widget\" data-widget_type=\"heading.default\">\n\t\t\t\t<div class=\"elementor-widget-container\">\n\t\t\t\t\t<h2 class=\"elementor-heading-title elementor-size-default\"><a href=\"https:\/\/www.brasilafro.net\/pt-br\/nossos-shows\/\">Entretenimento ao vivo<\/a><\/h2>\t\t\t\t<\/div>\n\t\t\t\t<\/div>\n\t\t\t\t<\/div>\n\t\t<div class=\"elementor-element elementor-element-07682fc e-con-full e-flex wpr-particle-no wpr-jarallax-no wpr-parallax-no wpr-sticky-section-no wpr-equal-height-no e-con e-child\" data-id=\"07682fc\" data-element_type=\"container\" data-e-type=\"container\">\n\t\t\t\t<div class=\"elementor-element elementor-element-43ed8fe elementor-widget elementor-widget-image\" data-id=\"43ed8fe\" data-element_type=\"widget\" data-e-type=\"widget\" data-widget_type=\"image.default\">\n\t\t\t\t<div class=\"elementor-widget-container\">\n\t\t\t\t\t\t\t\t\t\t\t\t\t\t\t\t<a href=\"https:\/\/www.brasilafro.net\/pt-br\/nossos-workshops\/\">\n\t\t\t\t\t\t\t<img decoding=\"async\" width=\"1024\" height=\"768\" src=\"https:\/\/www.brasilafro.net\/wordpress\/wp-content\/uploads\/2023\/12\/2Ateliers-Organiser-un-stage--1024x768.jpg\" class=\"elementor-animation-bob attachment-large size-large wp-image-16733\" alt=\"\" srcset=\"https:\/\/www.brasilafro.net\/wordpress\/wp-content\/uploads\/2023\/12\/2Ateliers-Organiser-un-stage--1024x768.jpg 1024w, https:\/\/www.brasilafro.net\/wordpress\/wp-content\/uploads\/2023\/12\/2Ateliers-Organiser-un-stage--300x225.jpg 300w, https:\/\/www.brasilafro.net\/wordpress\/wp-content\/uploads\/2023\/12\/2Ateliers-Organiser-un-stage--768x576.jpg 768w, https:\/\/www.brasilafro.net\/wordpress\/wp-content\/uploads\/2023\/12\/2Ateliers-Organiser-un-stage--1536x1152.jpg 1536w, https:\/\/www.brasilafro.net\/wordpress\/wp-content\/uploads\/2023\/12\/2Ateliers-Organiser-un-stage--2048x1536.jpg 2048w\" sizes=\"(max-width: 1024px) 100vw, 1024px\" \/>\t\t\t\t\t\t\t\t<\/a>\n\t\t\t\t\t\t\t\t\t\t\t\t\t\t\t<\/div>\n\t\t\t\t<\/div>\n\t\t\t\t<div class=\"elementor-element elementor-element-8f5a618 elementor-widget elementor-widget-heading\" data-id=\"8f5a618\" data-element_type=\"widget\" data-e-type=\"widget\" data-widget_type=\"heading.default\">\n\t\t\t\t<div class=\"elementor-widget-container\">\n\t\t\t\t\t<h2 class=\"elementor-heading-title elementor-size-default\"><a href=\"https:\/\/www.brasilafro.net\/pt-br\/nossos-workshops\/\">Workshops e cursos<\/a><\/h2>\t\t\t\t<\/div>\n\t\t\t\t<\/div>\n\t\t\t\t<\/div>\n\t\t<div class=\"elementor-element elementor-element-711853b e-con-full e-flex wpr-particle-no wpr-jarallax-no wpr-parallax-no wpr-sticky-section-no wpr-equal-height-no e-con e-child\" data-id=\"711853b\" data-element_type=\"container\" data-e-type=\"container\">\n\t\t\t\t<div class=\"elementor-element elementor-element-e1a1001 elementor-widget elementor-widget-image\" data-id=\"e1a1001\" data-element_type=\"widget\" data-e-type=\"widget\" data-widget_type=\"image.default\">\n\t\t\t\t<div class=\"elementor-widget-container\">\n\t\t\t\t\t\t\t\t\t\t\t\t\t\t\t\t<a href=\"https:\/\/www.brasilafro.net\/pt-br\/nosso-local\/\">\n\t\t\t\t\t\t\t<img decoding=\"async\" width=\"1024\" height=\"768\" src=\"https:\/\/www.brasilafro.net\/wordpress\/wp-content\/uploads\/2023\/12\/3IMG_6172-1024x768.jpg\" class=\"elementor-animation-bob attachment-large size-large wp-image-16731\" alt=\"\" srcset=\"https:\/\/www.brasilafro.net\/wordpress\/wp-content\/uploads\/2023\/12\/3IMG_6172-1024x768.jpg 1024w, https:\/\/www.brasilafro.net\/wordpress\/wp-content\/uploads\/2023\/12\/3IMG_6172-300x225.jpg 300w, https:\/\/www.brasilafro.net\/wordpress\/wp-content\/uploads\/2023\/12\/3IMG_6172-768x576.jpg 768w, https:\/\/www.brasilafro.net\/wordpress\/wp-content\/uploads\/2023\/12\/3IMG_6172-1536x1152.jpg 1536w, https:\/\/www.brasilafro.net\/wordpress\/wp-content\/uploads\/2023\/12\/3IMG_6172-2048x1536.jpg 2048w\" sizes=\"(max-width: 1024px) 100vw, 1024px\" \/>\t\t\t\t\t\t\t\t<\/a>\n\t\t\t\t\t\t\t\t\t\t\t\t\t\t\t<\/div>\n\t\t\t\t<\/div>\n\t\t\t\t<div class=\"elementor-element elementor-element-33b202f elementor-widget elementor-widget-heading\" data-id=\"33b202f\" data-element_type=\"widget\" data-e-type=\"widget\" data-widget_type=\"heading.default\">\n\t\t\t\t<div class=\"elementor-widget-container\">\n\t\t\t\t\t<h2 class=\"elementor-heading-title elementor-size-default\"><a href=\"https:\/\/www.brasilafro.net\/pt-br\/nosso-local\/\">Nosso site cultural  <\/a><\/h2>\t\t\t\t<\/div>\n\t\t\t\t<\/div>\n\t\t\t\t<\/div>\n\t\t<div class=\"elementor-element elementor-element-d159901 e-con-full e-flex wpr-particle-no wpr-jarallax-no wpr-parallax-no wpr-sticky-section-no wpr-equal-height-no e-con e-child\" data-id=\"d159901\" data-element_type=\"container\" data-e-type=\"container\">\n\t\t\t\t<div class=\"elementor-element elementor-element-740d61c elementor-widget elementor-widget-image\" data-id=\"740d61c\" data-element_type=\"widget\" data-e-type=\"widget\" data-widget_type=\"image.default\">\n\t\t\t\t<div class=\"elementor-widget-container\">\n\t\t\t\t\t\t\t\t\t\t\t\t\t\t\t\t<a href=\"https:\/\/www.brasilafro.net\/pt-br\/internacionalmente\/\">\n\t\t\t\t\t\t\t<img loading=\"lazy\" decoding=\"async\" width=\"1024\" height=\"768\" src=\"https:\/\/www.brasilafro.net\/wordpress\/wp-content\/uploads\/2023\/12\/4BILD0131-1024x768.jpg\" class=\"elementor-animation-bob attachment-large size-large wp-image-16735\" alt=\"\" srcset=\"https:\/\/www.brasilafro.net\/wordpress\/wp-content\/uploads\/2023\/12\/4BILD0131-1024x768.jpg 1024w, https:\/\/www.brasilafro.net\/wordpress\/wp-content\/uploads\/2023\/12\/4BILD0131-300x225.jpg 300w, https:\/\/www.brasilafro.net\/wordpress\/wp-content\/uploads\/2023\/12\/4BILD0131-768x576.jpg 768w, https:\/\/www.brasilafro.net\/wordpress\/wp-content\/uploads\/2023\/12\/4BILD0131-1536x1152.jpg 1536w, https:\/\/www.brasilafro.net\/wordpress\/wp-content\/uploads\/2023\/12\/4BILD0131-2048x1536.jpg 2048w\" sizes=\"(max-width: 1024px) 100vw, 1024px\" \/>\t\t\t\t\t\t\t\t<\/a>\n\t\t\t\t\t\t\t\t\t\t\t\t\t\t\t<\/div>\n\t\t\t\t<\/div>\n\t\t\t\t<div class=\"elementor-element elementor-element-fd81fd4 elementor-widget elementor-widget-heading\" data-id=\"fd81fd4\" data-element_type=\"widget\" data-e-type=\"widget\" data-widget_type=\"heading.default\">\n\t\t\t\t<div class=\"elementor-widget-container\">\n\t\t\t\t\t<h2 class=\"elementor-heading-title elementor-size-default\"><a href=\"https:\/\/www.brasilafro.net\/pt-br\/internacionalmente\/\">Projetos internacionais<\/a><\/h2>\t\t\t\t<\/div>\n\t\t\t\t<\/div>\n\t\t\t\t<\/div>\n\t\t\t\t\t<\/div>\n\t\t\t\t<\/div>\n\t\t<div class=\"elementor-element elementor-element-513af69 e-flex e-con-boxed wpr-particle-no wpr-jarallax-no wpr-parallax-no wpr-sticky-section-no wpr-equal-height-no e-con e-parent\" data-id=\"513af69\" data-element_type=\"container\" data-e-type=\"container\">\n\t\t\t\t\t<div class=\"e-con-inner\">\n\t\t\t\t<div class=\"elementor-element elementor-element-58af8eb elementor-widget elementor-widget-spacer\" data-id=\"58af8eb\" data-element_type=\"widget\" data-e-type=\"widget\" data-widget_type=\"spacer.default\">\n\t\t\t\t<div class=\"elementor-widget-container\">\n\t\t\t\t\t\t\t<div class=\"elementor-spacer\">\n\t\t\t<div class=\"elementor-spacer-inner\"><\/div>\n\t\t<\/div>\n\t\t\t\t\t\t<\/div>\n\t\t\t\t<\/div>\n\t\t\t\t\t<\/div>\n\t\t\t\t<\/div>\n\t\t<div class=\"elementor-element elementor-element-8164e58 e-flex e-con-boxed wpr-particle-no wpr-jarallax-no wpr-parallax-no wpr-sticky-section-no wpr-equal-height-no elementor-invisible e-con e-parent\" data-id=\"8164e58\" data-element_type=\"container\" data-e-type=\"container\" data-settings=\"{&quot;animation&quot;:&quot;fadeInLeft&quot;}\">\n\t\t\t\t\t<div class=\"e-con-inner\">\n\t\t\t\t<div class=\"elementor-element elementor-element-1e5aa3b elementor-widget elementor-widget-heading\" data-id=\"1e5aa3b\" data-element_type=\"widget\" data-e-type=\"widget\" data-widget_type=\"heading.default\">\n\t\t\t\t<div class=\"elementor-widget-container\">\n\t\t\t\t\t<h3 class=\"elementor-heading-title elementor-size-default\">Entretenimento ao vivo  <\/h3>\t\t\t\t<\/div>\n\t\t\t\t<\/div>\n\t\t\t\t<div class=\"elementor-element elementor-element-8df3df7 elementor-widget elementor-widget-text-editor\" data-id=\"8df3df7\" data-element_type=\"widget\" data-e-type=\"widget\" data-widget_type=\"text-editor.default\">\n\t\t\t\t<div class=\"elementor-widget-container\">\n\t\t\t\t\t\t\t\t\t<p><span style=\"font-weight: 400; color: #000000;\">O coletivo Brasil Afro Funk oferece shows com sabor brasileiro: concertos de m\u00fasica brasileira, samba, forr\u00f3, frevo, bossa nova, al\u00e9m de batucada, percuss\u00e3o e dan\u00e7a brasileira, capoeira&#8230; tudo o que voc\u00ea precisa para o seu evento made in Brasil.<\/span><\/p>\n<p><span style=\"color: #000000;\"><strong>+ Mais de 500 shows brasileiros para o p\u00fablico adulto e jovem &#8211; 5 lan\u00e7amentos de \u00e1lbuns &#8211; 50 bailes brasileiros, incluindo 10 Bal \u00e0 Fives  <\/strong><\/span><\/p>\n\t\t\t\t\t\t\t\t<\/div>\n\t\t\t\t<\/div>\n\t\t\t\t\t<\/div>\n\t\t\t\t<\/div>\n\t\t<div class=\"elementor-element elementor-element-f591ae5 e-flex e-con-boxed wpr-particle-no wpr-jarallax-no wpr-parallax-no wpr-sticky-section-no wpr-equal-height-no elementor-invisible e-con e-parent\" data-id=\"f591ae5\" data-element_type=\"container\" data-e-type=\"container\" data-settings=\"{&quot;animation&quot;:&quot;fadeInRight&quot;}\">\n\t\t\t\t\t<div class=\"e-con-inner\">\n\t\t\t\t<div class=\"elementor-element elementor-element-65e1abb elementor-widget elementor-widget-heading\" data-id=\"65e1abb\" data-element_type=\"widget\" data-e-type=\"widget\" data-widget_type=\"heading.default\">\n\t\t\t\t<div class=\"elementor-widget-container\">\n\t\t\t\t\t<h3 class=\"elementor-heading-title elementor-size-default\">Workshops e cursos<\/h3>\t\t\t\t<\/div>\n\t\t\t\t<\/div>\n\t\t\t\t<div class=\"elementor-element elementor-element-c5cd0aa elementor-widget elementor-widget-text-editor\" data-id=\"c5cd0aa\" data-element_type=\"widget\" data-e-type=\"widget\" data-widget_type=\"text-editor.default\">\n\t\t\t\t<div class=\"elementor-widget-container\">\n\t\t\t\t\t\t\t\t\t<p><span style=\"font-weight: 400; color: #333333;\">Descubra a cultura brasileira por meio de nossos workshops regulares na Barraca Zem, ou organize um workshop em seu local&#8230; M\u00fasica, consci\u00eancia musical, canto, dan\u00e7a, capoeira, consci\u00eancia corporal, culin\u00e1ria e at\u00e9 mesmo teatro &#8211; h\u00e1 algo para todos, jovens e idosos.<\/span><\/p>\n<p><span style=\"color: #000000;\"><strong>+ mais de 4.000 horas de oficinas semanais de m\u00fasica, dan\u00e7a, capoeira, aprendizagem precoce e teatro &#8211; mais de 1.500 horas de oficinas fora do local de trabalho<\/strong><\/span><\/p>\n\t\t\t\t\t\t\t\t<\/div>\n\t\t\t\t<\/div>\n\t\t\t\t\t<\/div>\n\t\t\t\t<\/div>\n\t\t<div class=\"elementor-element elementor-element-8422faf e-flex e-con-boxed wpr-particle-no wpr-jarallax-no wpr-parallax-no wpr-sticky-section-no wpr-equal-height-no elementor-invisible e-con e-parent\" data-id=\"8422faf\" data-element_type=\"container\" data-e-type=\"container\" data-settings=\"{&quot;animation&quot;:&quot;fadeInLeft&quot;}\">\n\t\t\t\t\t<div class=\"e-con-inner\">\n\t\t\t\t<div class=\"elementor-element elementor-element-3eb9b63 elementor-widget elementor-widget-heading\" data-id=\"3eb9b63\" data-element_type=\"widget\" data-e-type=\"widget\" data-widget_type=\"heading.default\">\n\t\t\t\t<div class=\"elementor-widget-container\">\n\t\t\t\t\t<h3 class=\"elementor-heading-title elementor-size-default\">Iniciativas culturais<\/h3>\t\t\t\t<\/div>\n\t\t\t\t<\/div>\n\t\t\t\t<div class=\"elementor-element elementor-element-cf5344e elementor-widget elementor-widget-text-editor\" data-id=\"cf5344e\" data-element_type=\"widget\" data-e-type=\"widget\" data-widget_type=\"text-editor.default\">\n\t\t\t\t<div class=\"elementor-widget-container\">\n\t\t\t\t\t\t\t\t\t<p><span style=\"font-weight: 400;\">Local e internacionalmente, o coletivo est\u00e1 se expandindo. Venha e junte-se aos nossos artistas nos bairros de Lille para carnavais, festas de bairro e festivais, bem como em n\u00edvel internacional, recebendo artistas brasileiros ou artistas em resid\u00eancia no Brasil. Cultura brasileira compartilhada em todas as suas formas<\/span><\/p>\n<p><span style=\"color: #000000;\"><strong>3 edi\u00e7\u00f5es do Festival Forro e 2 edi\u00e7\u00f5es do Brasil Fusion Fest &#8211; Desfile Renaissance lille 3000 (3 carros aleg\u00f3ricos + 500 m\u00fasicos e 200 dan\u00e7arinos) &#8211; 13 edi\u00e7\u00f5es do Carnaval d&#8217;\u00e9t\u00e9 do Ax\u00e9 &#8211; Mais de 100 carnavais participativos com os habitantes de Lille e regi\u00e3o &#8211; Festivais brasileiros anuais<\/strong><\/span><\/p>\n<p><span style=\"color: #000000;\"><strong>4 edi\u00e7\u00f5es do projeto de solidariedade juvenil Solibrasil &#8211; 2 edi\u00e7\u00f5es da resid\u00eancia criativa Vai e Vem Minas &#8211; 20 shows da Slambolada Brazil Tour<\/strong><\/span><\/p>\n\t\t\t\t\t\t\t\t<\/div>\n\t\t\t\t<\/div>\n\t\t\t\t\t<\/div>\n\t\t\t\t<\/div>\n\t\t<div class=\"elementor-element elementor-element-7f0b239 e-flex e-con-boxed wpr-particle-no wpr-jarallax-no wpr-parallax-no wpr-sticky-section-no wpr-equal-height-no elementor-invisible e-con e-parent\" data-id=\"7f0b239\" data-element_type=\"container\" data-e-type=\"container\" data-settings=\"{&quot;animation&quot;:&quot;fadeInRight&quot;}\">\n\t\t\t\t\t<div class=\"e-con-inner\">\n\t\t\t\t<div class=\"elementor-element elementor-element-f3994c8 elementor-widget elementor-widget-heading\" data-id=\"f3994c8\" data-element_type=\"widget\" data-e-type=\"widget\" data-widget_type=\"heading.default\">\n\t\t\t\t<div class=\"elementor-widget-container\">\n\t\t\t\t\t<h3 class=\"elementor-heading-title elementor-size-default\">Local cultural<\/h3>\t\t\t\t<\/div>\n\t\t\t\t<\/div>\n\t\t\t\t<div class=\"elementor-element elementor-element-c3c7269 elementor-widget elementor-widget-text-editor\" data-id=\"c3c7269\" data-element_type=\"widget\" data-e-type=\"widget\" data-widget_type=\"text-editor.default\">\n\t\t\t\t<div class=\"elementor-widget-container\">\n\t\t\t\t\t\t\t\t\t<p><span style=\"font-weight: 400; color: #333333;\">O coletivo se estabeleceu em 2009 na pequena casa azul no distrito de Wazemmes, e \u00e9 com toda a sua energia brasileira que ele d\u00e1 vida a esse local at\u00edpico.<\/span><\/p>\n<p><span style=\"color: #000000;\"><strong>Gerenciamento do teatro La Barraca Zem desde 2009 &#8211; Mais de 20 espet\u00e1culos programados por temporada &#8211; Envolvimento no bairro com mais de 100 destaques: carnavais do bairro, Saint Jean, NQE &#8211; Resid\u00eancias de artistas na regi\u00e3o e em nossas instala\u00e7\u00f5es<\/strong><\/span><\/p>\n\t\t\t\t\t\t\t\t<\/div>\n\t\t\t\t<\/div>\n\t\t\t\t\t<\/div>\n\t\t\t\t<\/div>\n\t\t<header class=\"elementor-element elementor-element-317f01b video e-flex e-con-boxed wpr-sticky-section-no wpr-equal-height-no e-con e-parent\" data-id=\"317f01b\" data-element_type=\"container\" data-e-type=\"container\" id=\"video\" data-settings=\"{&quot;background_background&quot;:&quot;video&quot;,&quot;background_video_link&quot;:&quot;https:\\\/\\\/youtu.be\\\/cJATsUQw1OE&quot;}\">\n\t\t\t\t\t<div class=\"e-con-inner\">\n\t\t<div class=\"elementor-background-video-container elementor-hidden-mobile\">\n\t\t\t\t\t\t\t<div class=\"elementor-background-video-embed\" role=\"presentation\"><\/div>\n\t\t\t\t\t\t<\/div>\t\t\t<\/div>\n\t\t\t\t<\/header>\n\t\t<div class=\"elementor-element elementor-element-cc08a70 e-flex e-con-boxed wpr-particle-no wpr-jarallax-no wpr-parallax-no wpr-sticky-section-no wpr-equal-height-no e-con e-parent\" data-id=\"cc08a70\" data-element_type=\"container\" data-e-type=\"container\">\n\t\t\t\t\t<div class=\"e-con-inner\">\n\t\t\t\t\t<\/div>\n\t\t\t\t<\/div>\n\t\t\t\t<\/div>\n\t\t","protected":false},"excerpt":{"rendered":"<p>Previous slide Next slide Previous slide Next slide Com base em sua experi\u00eancia cultural desde 1997, o Collectif Brasil Afro Funk \u00e9 o Brasil em Lille e nos Hauts de France. Entretenimento ao vivo Workshops e cursos Nosso site cultural Projetos internacionais Entretenimento ao vivo O coletivo Brasil Afro Funk oferece shows com sabor brasileiro: concertos de m\u00fasica brasileira, samba, forr\u00f3, frevo, bossa nova, al\u00e9m de batucada, percuss\u00e3o e dan\u00e7a brasileira, capoeira&#8230; tudo o que voc\u00ea precisa para o seu evento made in Brasil. + Mais de 500 shows brasileiros para o p\u00fablico adulto e jovem &#8211; 5 lan\u00e7amentos de \u00e1lbuns &#8211; 50 bailes brasileiros, incluindo 10 Bal \u00e0 Fives Workshops e cursos Descubra a cultura brasileira por meio de nossos workshops regulares na Barraca Zem, ou organize um workshop em seu local&#8230; M\u00fasica, consci\u00eancia musical, canto, dan\u00e7a, capoeira, consci\u00eancia corporal, culin\u00e1ria e at\u00e9 mesmo teatro &#8211; h\u00e1 algo para todos, jovens e idosos. + mais de 4.000 horas de oficinas semanais de m\u00fasica, dan\u00e7a, capoeira, aprendizagem precoce e teatro &#8211; mais de 1.500 horas de oficinas fora do local de trabalho Iniciativas culturais Local e internacionalmente, o coletivo est\u00e1 se expandindo. Venha e junte-se aos nossos artistas nos bairros de Lille para carnavais, festas de bairro e festivais, bem como em n\u00edvel internacional, recebendo artistas brasileiros ou artistas em resid\u00eancia no Brasil. Cultura brasileira compartilhada em todas as suas formas 3 edi\u00e7\u00f5es do Festival Forro e 2 edi\u00e7\u00f5es do Brasil Fusion Fest &#8211; Desfile Renaissance lille 3000 (3 carros aleg\u00f3ricos + 500 m\u00fasicos e 200 dan\u00e7arinos) &#8211; 13 edi\u00e7\u00f5es do Carnaval d&#8217;\u00e9t\u00e9 do Ax\u00e9 &#8211; Mais de 100 carnavais participativos com os habitantes de Lille e regi\u00e3o &#8211; Festivais brasileiros anuais 4 edi\u00e7\u00f5es do projeto de solidariedade juvenil Solibrasil &#8211; 2 edi\u00e7\u00f5es da resid\u00eancia criativa Vai e Vem Minas &#8211; 20 shows da Slambolada Brazil Tour Local cultural O coletivo se estabeleceu em 2009 na pequena casa azul no distrito de Wazemmes, e \u00e9 com toda a sua energia brasileira que ele d\u00e1 vida a esse local at\u00edpico. Gerenciamento do teatro La Barraca Zem desde 2009 &#8211; Mais de 20 espet\u00e1culos programados por temporada &#8211; Envolvimento no bairro com mais de 100 destaques: carnavais do bairro, Saint Jean, NQE &#8211; Resid\u00eancias de artistas na regi\u00e3o e em nossas instala\u00e7\u00f5es<\/p>\n","protected":false},"author":120,"featured_media":16631,"parent":0,"menu_order":1,"comment_status":"closed","ping_status":"closed","template":"","meta":{"site-sidebar-layout":"no-sidebar","site-content-layout":"plain-container","ast-site-content-layout":"normal-width-container","site-content-style":"default","site-sidebar-style":"default","ast-global-header-display":"","ast-banner-title-visibility":"","ast-main-header-display":"","ast-hfb-above-header-display":"","ast-hfb-below-header-display":"","ast-hfb-mobile-header-display":"","site-post-title":"disabled","ast-breadcrumbs-content":"","ast-featured-img":"disabled","footer-sml-layout":"","ast-disable-related-posts":"","theme-transparent-header-meta":"","adv-header-id-meta":"","stick-header-meta":"","header-above-stick-meta":"","header-main-stick-meta":"","header-below-stick-meta":"","astra-migrate-meta-layouts":"default","ast-page-background-enabled":"default","ast-page-background-meta":{"desktop":{"background-color":"","background-image":"","background-repeat":"repeat","background-position":"center center","background-size":"auto","background-attachment":"scroll","background-type":"","background-media":"","overlay-type":"","overlay-color":"","overlay-opacity":"","overlay-gradient":""},"tablet":{"background-color":"","background-image":"","background-repeat":"repeat","background-position":"center center","background-size":"auto","background-attachment":"scroll","background-type":"","background-media":"","overlay-type":"","overlay-color":"","overlay-opacity":"","overlay-gradient":""},"mobile":{"background-color":"","background-image":"","background-repeat":"repeat","background-position":"center center","background-size":"auto","background-attachment":"scroll","background-type":"","background-media":"","overlay-type":"","overlay-color":"","overlay-opacity":"","overlay-gradient":""}},"ast-content-background-meta":{"desktop":{"background-color":"var(--ast-global-color-5)","background-image":"","background-repeat":"repeat","background-position":"center center","background-size":"auto","background-attachment":"scroll","background-type":"","background-media":"","overlay-type":"","overlay-color":"","overlay-opacity":"","overlay-gradient":""},"tablet":{"background-color":"var(--ast-global-color-5)","background-image":"","background-repeat":"repeat","background-position":"center center","background-size":"auto","background-attachment":"scroll","background-type":"","background-media":"","overlay-type":"","overlay-color":"","overlay-opacity":"","overlay-gradient":""},"mobile":{"background-color":"var(--ast-global-color-5)","background-image":"","background-repeat":"repeat","background-position":"center center","background-size":"auto","background-attachment":"scroll","background-type":"","background-media":"","overlay-type":"","overlay-color":"","overlay-opacity":"","overlay-gradient":""}},"footnotes":""},"class_list":["post-17398","page","type-page","status-publish","has-post-thumbnail","hentry"],"yoast_head":"<!-- This site is optimized with the Yoast SEO Premium plugin v27.5 (Yoast SEO v27.5) - https:\/\/yoast.com\/product\/yoast-seo-premium-wordpress\/ -->\n<title>Collectif Brasil Afro Funk - Show, m\u00fasica, batucada, capoeira<\/title>\n<meta name=\"description\" content=\"Por mais de 20 anos, o Collectif Brasil Afro Funk tem trazido o Brasil para Lille e para a regi\u00e3o de Hauts de France. -\" \/>\n<meta name=\"robots\" content=\"index, follow, max-snippet:-1, max-image-preview:large, max-video-preview:-1\" \/>\n<link rel=\"canonical\" href=\"https:\/\/www.brasilafro.net\/pt-br\/\" \/>\n<meta property=\"og:locale\" content=\"pt_BR\" \/>\n<meta property=\"og:type\" content=\"article\" \/>\n<meta property=\"og:title\" content=\"In\u00edcio\" \/>\n<meta property=\"og:description\" content=\"Por mais de 20 anos, o Collectif Brasil Afro Funk tem trazido o Brasil para Lille e para a regi\u00e3o de Hauts de France. -\" \/>\n<meta property=\"og:url\" content=\"https:\/\/www.brasilafro.net\/pt-br\/\" \/>\n<meta property=\"og:site_name\" content=\"Brasil Afro Funk\" \/>\n<meta property=\"article:publisher\" content=\"https:\/\/www.facebook.com\/labarracazem\/\" \/>\n<meta property=\"article:modified_time\" content=\"2024-03-28T13:07:09+00:00\" \/>\n<meta property=\"og:image\" content=\"https:\/\/www.brasilafro.net\/wordpress\/wp-content\/uploads\/2022\/03\/cropped-test-banner-site.jpg\" \/>\n\t<meta property=\"og:image:width\" content=\"1075\" \/>\n\t<meta property=\"og:image:height\" content=\"618\" \/>\n\t<meta property=\"og:image:type\" content=\"image\/jpeg\" \/>\n<meta name=\"twitter:card\" content=\"summary_large_image\" \/>\n<meta name=\"twitter:site\" content=\"@labarracaZem\" \/>\n<meta name=\"twitter:label1\" content=\"Est. tempo de leitura\" \/>\n\t<meta name=\"twitter:data1\" content=\"2 minutos\" \/>\n<script type=\"application\/ld+json\" class=\"yoast-schema-graph\">{\"@context\":\"https:\\\/\\\/schema.org\",\"@graph\":[{\"@type\":\"WebPage\",\"@id\":\"https:\\\/\\\/www.brasilafro.net\\\/pt-br\\\/\",\"url\":\"https:\\\/\\\/www.brasilafro.net\\\/pt-br\\\/\",\"name\":\"Collectif Brasil Afro Funk - Show, m\u00fasica, batucada, capoeira\",\"isPartOf\":{\"@id\":\"https:\\\/\\\/www.brasilafro.net\\\/pt-br\\\/#website\"},\"primaryImageOfPage\":{\"@id\":\"https:\\\/\\\/www.brasilafro.net\\\/pt-br\\\/#primaryimage\"},\"image\":{\"@id\":\"https:\\\/\\\/www.brasilafro.net\\\/pt-br\\\/#primaryimage\"},\"thumbnailUrl\":\"https:\\\/\\\/www.brasilafro.net\\\/wordpress\\\/wp-content\\\/uploads\\\/2022\\\/03\\\/cropped-test-banner-site.jpg\",\"datePublished\":\"2018-02-02T13:10:31+00:00\",\"dateModified\":\"2024-03-28T13:07:09+00:00\",\"description\":\"Por mais de 20 anos, o Collectif Brasil Afro Funk tem trazido o Brasil para Lille e para a regi\u00e3o de Hauts de France. -\",\"breadcrumb\":{\"@id\":\"https:\\\/\\\/www.brasilafro.net\\\/pt-br\\\/#breadcrumb\"},\"inLanguage\":\"pt-BR\",\"potentialAction\":[{\"@type\":\"ReadAction\",\"target\":[\"https:\\\/\\\/www.brasilafro.net\\\/pt-br\\\/\"]}]},{\"@type\":\"ImageObject\",\"inLanguage\":\"pt-BR\",\"@id\":\"https:\\\/\\\/www.brasilafro.net\\\/pt-br\\\/#primaryimage\",\"url\":\"https:\\\/\\\/www.brasilafro.net\\\/wordpress\\\/wp-content\\\/uploads\\\/2022\\\/03\\\/cropped-test-banner-site.jpg\",\"contentUrl\":\"https:\\\/\\\/www.brasilafro.net\\\/wordpress\\\/wp-content\\\/uploads\\\/2022\\\/03\\\/cropped-test-banner-site.jpg\",\"width\":1075,\"height\":618},{\"@type\":\"BreadcrumbList\",\"@id\":\"https:\\\/\\\/www.brasilafro.net\\\/pt-br\\\/#breadcrumb\",\"itemListElement\":[{\"@type\":\"ListItem\",\"position\":1,\"name\":\"Accueil\",\"item\":\"https:\\\/\\\/www.brasilafro.net\\\/pt-br\\\/inicio\\\/\"},{\"@type\":\"ListItem\",\"position\":2,\"name\":\"In\u00edcio\"}]},{\"@type\":\"WebSite\",\"@id\":\"https:\\\/\\\/www.brasilafro.net\\\/pt-br\\\/#website\",\"url\":\"https:\\\/\\\/www.brasilafro.net\\\/pt-br\\\/\",\"name\":\"Brasil Afro Funk\",\"description\":\"Musique I Danse I Capoeira  I Ecole \u00e0 Lille\",\"publisher\":{\"@id\":\"https:\\\/\\\/www.brasilafro.net\\\/pt-br\\\/#organization\"},\"potentialAction\":[{\"@type\":\"SearchAction\",\"target\":{\"@type\":\"EntryPoint\",\"urlTemplate\":\"https:\\\/\\\/www.brasilafro.net\\\/pt-br\\\/?s={search_term_string}\"},\"query-input\":{\"@type\":\"PropertyValueSpecification\",\"valueRequired\":true,\"valueName\":\"search_term_string\"}}],\"inLanguage\":\"pt-BR\"},{\"@type\":\"Organization\",\"@id\":\"https:\\\/\\\/www.brasilafro.net\\\/pt-br\\\/#organization\",\"name\":\"Brasil Afro Funk\",\"url\":\"https:\\\/\\\/www.brasilafro.net\\\/pt-br\\\/\",\"logo\":{\"@type\":\"ImageObject\",\"inLanguage\":\"pt-BR\",\"@id\":\"https:\\\/\\\/www.brasilafro.net\\\/pt-br\\\/#\\\/schema\\\/logo\\\/image\\\/\",\"url\":\"https:\\\/\\\/www.brasilafro.net\\\/wordpress\\\/wp-content\\\/uploads\\\/2017\\\/10\\\/cropped-logoBAF.png\",\"contentUrl\":\"https:\\\/\\\/www.brasilafro.net\\\/wordpress\\\/wp-content\\\/uploads\\\/2017\\\/10\\\/cropped-logoBAF.png\",\"width\":1119,\"height\":879,\"caption\":\"Brasil Afro Funk\"},\"image\":{\"@id\":\"https:\\\/\\\/www.brasilafro.net\\\/pt-br\\\/#\\\/schema\\\/logo\\\/image\\\/\"},\"sameAs\":[\"https:\\\/\\\/www.facebook.com\\\/labarracazem\\\/\",\"https:\\\/\\\/x.com\\\/labarracaZem\",\"https:\\\/\\\/www.instagram.com\\\/brasilafrofunk\\\/?hl=fr&img_index=2\"]}]}<\/script>\n<!-- \/ Yoast SEO Premium plugin. -->","yoast_head_json":{"title":"Collectif Brasil Afro Funk - Show, m\u00fasica, batucada, capoeira","description":"Por mais de 20 anos, o Collectif Brasil Afro Funk tem trazido o Brasil para Lille e para a regi\u00e3o de Hauts de France. -","robots":{"index":"index","follow":"follow","max-snippet":"max-snippet:-1","max-image-preview":"max-image-preview:large","max-video-preview":"max-video-preview:-1"},"canonical":"https:\/\/www.brasilafro.net\/pt-br\/","og_locale":"pt_BR","og_type":"article","og_title":"In\u00edcio","og_description":"Por mais de 20 anos, o Collectif Brasil Afro Funk tem trazido o Brasil para Lille e para a regi\u00e3o de Hauts de France. -","og_url":"https:\/\/www.brasilafro.net\/pt-br\/","og_site_name":"Brasil Afro Funk","article_publisher":"https:\/\/www.facebook.com\/labarracazem\/","article_modified_time":"2024-03-28T13:07:09+00:00","og_image":[{"width":1075,"height":618,"url":"https:\/\/www.brasilafro.net\/wordpress\/wp-content\/uploads\/2022\/03\/cropped-test-banner-site.jpg","type":"image\/jpeg"}],"twitter_card":"summary_large_image","twitter_site":"@labarracaZem","twitter_misc":{"Est. tempo de leitura":"2 minutos"},"schema":{"@context":"https:\/\/schema.org","@graph":[{"@type":"WebPage","@id":"https:\/\/www.brasilafro.net\/pt-br\/","url":"https:\/\/www.brasilafro.net\/pt-br\/","name":"Collectif Brasil Afro Funk - Show, m\u00fasica, batucada, capoeira","isPartOf":{"@id":"https:\/\/www.brasilafro.net\/pt-br\/#website"},"primaryImageOfPage":{"@id":"https:\/\/www.brasilafro.net\/pt-br\/#primaryimage"},"image":{"@id":"https:\/\/www.brasilafro.net\/pt-br\/#primaryimage"},"thumbnailUrl":"https:\/\/www.brasilafro.net\/wordpress\/wp-content\/uploads\/2022\/03\/cropped-test-banner-site.jpg","datePublished":"2018-02-02T13:10:31+00:00","dateModified":"2024-03-28T13:07:09+00:00","description":"Por mais de 20 anos, o Collectif Brasil Afro Funk tem trazido o Brasil para Lille e para a regi\u00e3o de Hauts de France. -","breadcrumb":{"@id":"https:\/\/www.brasilafro.net\/pt-br\/#breadcrumb"},"inLanguage":"pt-BR","potentialAction":[{"@type":"ReadAction","target":["https:\/\/www.brasilafro.net\/pt-br\/"]}]},{"@type":"ImageObject","inLanguage":"pt-BR","@id":"https:\/\/www.brasilafro.net\/pt-br\/#primaryimage","url":"https:\/\/www.brasilafro.net\/wordpress\/wp-content\/uploads\/2022\/03\/cropped-test-banner-site.jpg","contentUrl":"https:\/\/www.brasilafro.net\/wordpress\/wp-content\/uploads\/2022\/03\/cropped-test-banner-site.jpg","width":1075,"height":618},{"@type":"BreadcrumbList","@id":"https:\/\/www.brasilafro.net\/pt-br\/#breadcrumb","itemListElement":[{"@type":"ListItem","position":1,"name":"Accueil","item":"https:\/\/www.brasilafro.net\/pt-br\/inicio\/"},{"@type":"ListItem","position":2,"name":"In\u00edcio"}]},{"@type":"WebSite","@id":"https:\/\/www.brasilafro.net\/pt-br\/#website","url":"https:\/\/www.brasilafro.net\/pt-br\/","name":"Brasil Afro Funk","description":"Musique I Danse I Capoeira  I Ecole \u00e0 Lille","publisher":{"@id":"https:\/\/www.brasilafro.net\/pt-br\/#organization"},"potentialAction":[{"@type":"SearchAction","target":{"@type":"EntryPoint","urlTemplate":"https:\/\/www.brasilafro.net\/pt-br\/?s={search_term_string}"},"query-input":{"@type":"PropertyValueSpecification","valueRequired":true,"valueName":"search_term_string"}}],"inLanguage":"pt-BR"},{"@type":"Organization","@id":"https:\/\/www.brasilafro.net\/pt-br\/#organization","name":"Brasil Afro Funk","url":"https:\/\/www.brasilafro.net\/pt-br\/","logo":{"@type":"ImageObject","inLanguage":"pt-BR","@id":"https:\/\/www.brasilafro.net\/pt-br\/#\/schema\/logo\/image\/","url":"https:\/\/www.brasilafro.net\/wordpress\/wp-content\/uploads\/2017\/10\/cropped-logoBAF.png","contentUrl":"https:\/\/www.brasilafro.net\/wordpress\/wp-content\/uploads\/2017\/10\/cropped-logoBAF.png","width":1119,"height":879,"caption":"Brasil Afro Funk"},"image":{"@id":"https:\/\/www.brasilafro.net\/pt-br\/#\/schema\/logo\/image\/"},"sameAs":["https:\/\/www.facebook.com\/labarracazem\/","https:\/\/x.com\/labarracaZem","https:\/\/www.instagram.com\/brasilafrofunk\/?hl=fr&img_index=2"]}]}},"_links":{"self":[{"href":"https:\/\/www.brasilafro.net\/pt-br\/wp-json\/wp\/v2\/pages\/17398","targetHints":{"allow":["GET"]}}],"collection":[{"href":"https:\/\/www.brasilafro.net\/pt-br\/wp-json\/wp\/v2\/pages"}],"about":[{"href":"https:\/\/www.brasilafro.net\/pt-br\/wp-json\/wp\/v2\/types\/page"}],"author":[{"embeddable":true,"href":"https:\/\/www.brasilafro.net\/pt-br\/wp-json\/wp\/v2\/users\/120"}],"replies":[{"embeddable":true,"href":"https:\/\/www.brasilafro.net\/pt-br\/wp-json\/wp\/v2\/comments?post=17398"}],"version-history":[{"count":1,"href":"https:\/\/www.brasilafro.net\/pt-br\/wp-json\/wp\/v2\/pages\/17398\/revisions"}],"predecessor-version":[{"id":17399,"href":"https:\/\/www.brasilafro.net\/pt-br\/wp-json\/wp\/v2\/pages\/17398\/revisions\/17399"}],"wp:featuredmedia":[{"embeddable":true,"href":"https:\/\/www.brasilafro.net\/pt-br\/wp-json\/wp\/v2\/media\/16631"}],"wp:attachment":[{"href":"https:\/\/www.brasilafro.net\/pt-br\/wp-json\/wp\/v2\/media?parent=17398"}],"curies":[{"name":"wp","href":"https:\/\/api.w.org\/{rel}","templated":true}]}}