{"id":17384,"date":"2018-04-20T14:28:22","date_gmt":"2018-04-20T13:28:22","guid":{"rendered":"https:\/\/www.brasilafro.net\/nosso-local\/"},"modified":"2024-03-29T16:49:38","modified_gmt":"2024-03-29T15:49:38","slug":"nosso-local","status":"publish","type":"page","link":"https:\/\/www.brasilafro.net\/pt-br\/nosso-local\/","title":{"rendered":"Nosso Local"},"content":{"rendered":"\t\t<div data-elementor-type=\"wp-page\" data-elementor-id=\"17384\" class=\"elementor elementor-17384 elementor-11664\" data-elementor-post-type=\"page\">\n\t\t\t\t<div class=\"elementor-element elementor-element-06f4863 e-con-full e-flex wpr-particle-no wpr-jarallax-no wpr-parallax-no wpr-sticky-section-no wpr-equal-height-no e-con e-parent\" data-id=\"06f4863\" data-element_type=\"container\" data-e-type=\"container\">\n\t\t<div class=\"elementor-element elementor-element-62856c9 e-con-full e-flex wpr-particle-no wpr-jarallax-no wpr-parallax-no wpr-sticky-section-no wpr-equal-height-no e-con e-child\" data-id=\"62856c9\" data-element_type=\"container\" data-e-type=\"container\" data-settings=\"{&quot;background_background&quot;:&quot;classic&quot;}\">\n\t\t\t\t<\/div>\n\t\t\t\t<\/div>\n\t\t<div class=\"elementor-element elementor-element-4b782bc e-flex e-con-boxed wpr-particle-no wpr-jarallax-no wpr-parallax-no wpr-sticky-section-no wpr-equal-height-no e-con e-parent\" data-id=\"4b782bc\" data-element_type=\"container\" data-e-type=\"container\">\n\t\t\t\t\t<div class=\"e-con-inner\">\n\t\t\t\t<div class=\"elementor-element elementor-element-6f74465 elementor-widget elementor-widget-spacer\" data-id=\"6f74465\" data-element_type=\"widget\" data-e-type=\"widget\" data-widget_type=\"spacer.default\">\n\t\t\t\t<div class=\"elementor-widget-container\">\n\t\t\t\t\t\t\t<div class=\"elementor-spacer\">\n\t\t\t<div class=\"elementor-spacer-inner\"><\/div>\n\t\t<\/div>\n\t\t\t\t\t\t<\/div>\n\t\t\t\t<\/div>\n\t\t\t\t\t<\/div>\n\t\t\t\t<\/div>\n\t\t<div class=\"elementor-element elementor-element-4d44bf6 e-flex e-con-boxed wpr-particle-no wpr-jarallax-no wpr-parallax-no wpr-sticky-section-no wpr-equal-height-no e-con e-parent\" data-id=\"4d44bf6\" data-element_type=\"container\" data-e-type=\"container\">\n\t\t\t\t\t<div class=\"e-con-inner\">\n\t\t\t\t<div class=\"elementor-element elementor-element-9f2ef56 elementor-widget elementor-widget-text-editor\" data-id=\"9f2ef56\" data-element_type=\"widget\" data-e-type=\"widget\" data-widget_type=\"text-editor.default\">\n\t\t\t\t<div class=\"elementor-widget-container\">\n\t\t\t\t\t\t\t\t\t<h3 style=\"text-align: center;\"><span data-sheets-value=\"{\"1\":2,\"2\":\"Un th\u00e9\u00e2tre de quartier \u00e0 Lille\\nLa Barraca Zem c\u2019est\u2026\\nUn nouveau lieu culturel lillois qui a ouvert ses portes en janvier 2009 (dans les locaux de l\u2019ancien Zem Th\u00e9\u00e2tre).\\nUn concept o\u00f9 l\u2019ambition est de r\u00e9unir les arts du monde dans une \u00ab barraca \u00bb : ateliers th\u00e9\u00e2tre, cours de musique, cours de danse, contes et arts visuels se croisent, fusionnent et cohabitent au nom de la diversit\u00e9 culturelle.\\nUn lieu ouvert \u00e0 tous, chaleureux et vivant.\\n Tol\u00e9rance, partage, d\u00e9couverte, \u00e9change, interaction\u2026 des valeurs fortes auxquelles nous croyons et qui font de cet espace cosmopolite, culturel et festif, un lieu unique en m\u00e9tropole lilloise.\\n \\nUn carrefour des cultures du monde\\n \\nLa mission de la Barraca Zem est de promouvoir la diversit\u00e9 culturelle \u00e0 travers les arts.\\nPlus qu\u2019un simple patchwork multiculturel, c\u2019est susciter une v\u00e9ritable interactivit\u00e9 entre la multiplicit\u00e9 des publics et des compagnies.\\nLa richesse se trouve dans l\u2019\u00e9change et la mixit\u00e9, aussi nous souhaitons encourager et rendre possible l\u2019ouverture de la culture de chacun vers la rencontre de l\u2019autre.\\n \\nUn lieu aux diff\u00e9rents espaces\\n \\nAfin d\u2019exploiter au maximum les possibilit\u00e9s du lieu, nous vous offrons diff\u00e9rents espaces :\\nEspace diffusion : vous y d\u00e9couvrirez des spectacles et concerts, repr\u00e9sentations th\u00e9\u00e2trales, contes, rendez-vous r\u00e9guliers (danse, jam session, slam), soir\u00e9es th\u00e9matiques, restitutions d\u2019ateliers, festivals.\\nEspace cr\u00e9ation : Artistes, nous vous proposons un espace dot\u00e9 d\u2019un \u00e9quipement technique adapt\u00e9 pour des r\u00e9p\u00e9titions et r\u00e9sidences.\\nEspace formation : Parce qu\u2019il en faut pour tous les go\u00fbts et tous les emplois du temps, la Barraca Zem vous propose un large panel de temps de sensibilisation, de stages ponctuels et d\u2019ateliers hebdomadaires.\\nEspace arts visuels : Exprimez-vous ! Nous accueillons, tout au long de l\u2019ann\u00e9e, des expositions d\u2019artistes temporaires dans le hall.\\nEn images\\n\\n\"}\" data-sheets-userformat=\"{\"2\":12648,\"6\":{\"1\":[{\"1\":2,\"2\":0,\"5\":[null,2,0]},{\"1\":0,\"2\":0,\"3\":3},{\"1\":1,\"2\":0,\"4\":1}]},\"8\":{\"1\":[{\"1\":2,\"2\":0,\"5\":[null,2,0]},{\"1\":0,\"2\":0,\"3\":3},{\"1\":1,\"2\":0,\"4\":1}]},\"9\":1,\"11\":4,\"15\":\"arial,sans,sans-serif\",\"16\":6}\"><span style=\"color: #333333;\"><strong><a style=\"color: #333333;\" href=\"http:\/\/barracazem.fr\/\" target=\"_blank\" rel=\"noopener\">La Barraca Zem<\/a> <\/strong><\/span><br \/><\/span><\/h3>\n<p style=\"text-align: center;\">Em 2009, nosso coletivo se mudou para a Barraca Zem, um pequeno teatro de bairro localizado entre o Centro e o Wazemmes. Desde o in\u00edcio, nosso objetivo era desempenhar um papel ativo no bairro e fortalecer os v\u00ednculos entre os vizinhos. Foi assim que nasceu o programa Young Audiences, com reuni\u00f5es com os vizinhos e atividades para pais e filhos.<\/p>\n\t\t\t\t\t\t\t\t<\/div>\n\t\t\t\t<\/div>\n\t\t\t\t\t<\/div>\n\t\t\t\t<\/div>\n\t\t<div class=\"elementor-element elementor-element-c81fbcf e-flex e-con-boxed wpr-particle-no wpr-jarallax-no wpr-parallax-no wpr-sticky-section-no wpr-equal-height-no e-con e-parent\" data-id=\"c81fbcf\" data-element_type=\"container\" data-e-type=\"container\">\n\t\t\t\t\t<div class=\"e-con-inner\">\n\t\t\t\t<div class=\"elementor-element elementor-element-0589d13 elementor-widget elementor-widget-text-editor\" data-id=\"0589d13\" data-element_type=\"widget\" data-e-type=\"widget\" data-widget_type=\"text-editor.default\">\n\t\t\t\t<div class=\"elementor-widget-container\">\n\t\t\t\t\t\t\t\t\t<p style=\"text-align: center;\"><span style=\"color: #ff6600;\"><a style=\"color: #ff6600;\" href=\"https:\/\/www.barracazem.fr\/\">Clique aqui para saber o que est\u00e1 acontecendo dentro de nossas paredes<\/a><\/span><\/p>\n\t\t\t\t\t\t\t\t<\/div>\n\t\t\t\t<\/div>\n\t\t\t\t\t<\/div>\n\t\t\t\t<\/div>\n\t\t<div class=\"elementor-element elementor-element-ff7f368 e-flex e-con-boxed wpr-particle-no wpr-jarallax-no wpr-parallax-no wpr-sticky-section-no wpr-equal-height-no e-con e-parent\" data-id=\"ff7f368\" data-element_type=\"container\" data-e-type=\"container\">\n\t\t\t\t\t<div class=\"e-con-inner\">\n\t\t\t\t<div class=\"elementor-element elementor-element-b3c83c3 elementor-widget elementor-widget-text-editor\" data-id=\"b3c83c3\" data-element_type=\"widget\" data-e-type=\"widget\" data-widget_type=\"text-editor.default\">\n\t\t\t\t<div class=\"elementor-widget-container\">\n\t\t\t\t\t\t\t\t\t<p style=\"text-align: center;\"><span data-sheets-value=\"{\"1\":2,\"2\":\"Un th\u00e9\u00e2tre de quartier \u00e0 Lille\\nLa Barraca Zem c\u2019est\u2026\\nUn nouveau lieu culturel lillois qui a ouvert ses portes en janvier 2009 (dans les locaux de l\u2019ancien Zem Th\u00e9\u00e2tre).\\nUn concept o\u00f9 l\u2019ambition est de r\u00e9unir les arts du monde dans une \u00ab barraca \u00bb : ateliers th\u00e9\u00e2tre, cours de musique, cours de danse, contes et arts visuels se croisent, fusionnent et cohabitent au nom de la diversit\u00e9 culturelle.\\nUn lieu ouvert \u00e0 tous, chaleureux et vivant.\\n Tol\u00e9rance, partage, d\u00e9couverte, \u00e9change, interaction\u2026 des valeurs fortes auxquelles nous croyons et qui font de cet espace cosmopolite, culturel et festif, un lieu unique en m\u00e9tropole lilloise.\\n \\nUn carrefour des cultures du monde\\n \\nLa mission de la Barraca Zem est de promouvoir la diversit\u00e9 culturelle \u00e0 travers les arts.\\nPlus qu\u2019un simple patchwork multiculturel, c\u2019est susciter une v\u00e9ritable interactivit\u00e9 entre la multiplicit\u00e9 des publics et des compagnies.\\nLa richesse se trouve dans l\u2019\u00e9change et la mixit\u00e9, aussi nous souhaitons encourager et rendre possible l\u2019ouverture de la culture de chacun vers la rencontre de l\u2019autre.\\n \\nUn lieu aux diff\u00e9rents espaces\\n \\nAfin d\u2019exploiter au maximum les possibilit\u00e9s du lieu, nous vous offrons diff\u00e9rents espaces :\\nEspace diffusion : vous y d\u00e9couvrirez des spectacles et concerts, repr\u00e9sentations th\u00e9\u00e2trales, contes, rendez-vous r\u00e9guliers (danse, jam session, slam), soir\u00e9es th\u00e9matiques, restitutions d\u2019ateliers, festivals.\\nEspace cr\u00e9ation : Artistes, nous vous proposons un espace dot\u00e9 d\u2019un \u00e9quipement technique adapt\u00e9 pour des r\u00e9p\u00e9titions et r\u00e9sidences.\\nEspace formation : Parce qu\u2019il en faut pour tous les go\u00fbts et tous les emplois du temps, la Barraca Zem vous propose un large panel de temps de sensibilisation, de stages ponctuels et d\u2019ateliers hebdomadaires.\\nEspace arts visuels : Exprimez-vous ! Nous accueillons, tout au long de l\u2019ann\u00e9e, des expositions d\u2019artistes temporaires dans le hall.\\nEn images\\n\\n\"}\" data-sheets-userformat=\"{\"2\":12648,\"6\":{\"1\":[{\"1\":2,\"2\":0,\"5\":[null,2,0]},{\"1\":0,\"2\":0,\"3\":3},{\"1\":1,\"2\":0,\"4\":1}]},\"8\":{\"1\":[{\"1\":2,\"2\":0,\"5\":[null,2,0]},{\"1\":0,\"2\":0,\"3\":3},{\"1\":1,\"2\":0,\"4\":1}]},\"9\":1,\"11\":4,\"15\":\"arial,sans,sans-serif\",\"16\":6}\"><span style=\"text-decoration: underline; color: #333333;\"><strong>Um cruzamento de culturas mundiais<\/strong><\/span><br \/><\/span><\/p>\n<p style=\"text-align: center;\"><span style=\"color: #333333;\">A miss\u00e3o da Barraca Zem \u00e9 promover a diversidade cultural por meio das artes. Mais do que apenas uma colcha de retalhos multicultural, trata-se de criar uma interatividade genu\u00edna entre uma ampla gama de p\u00fablicos e empresas. A riqueza est\u00e1 na troca e na diversidade, portanto, queremos incentivar e possibilitar que a cultura de todos se abra para outras. Um local com diferentes espa\u00e7os Para aproveitar ao m\u00e1ximo o potencial do local, oferecemos diferentes espa\u00e7os para apresenta\u00e7\u00e3o de espet\u00e1culos, treinamento com nossa escola e recep\u00e7\u00e3o do p\u00fablico local para momentos de compartilhamento.<\/span><\/p>\n\t\t\t\t\t\t\t\t<\/div>\n\t\t\t\t<\/div>\n\t\t\t\t\t<\/div>\n\t\t\t\t<\/div>\n\t\t<div class=\"elementor-element elementor-element-303c7d6 e-flex e-con-boxed wpr-particle-no wpr-jarallax-no wpr-parallax-no wpr-sticky-section-no wpr-equal-height-no e-con e-parent\" data-id=\"303c7d6\" data-element_type=\"container\" data-e-type=\"container\">\n\t\t\t\t\t<div class=\"e-con-inner\">\n\t\t<div class=\"elementor-element elementor-element-8cef2c9 e-con-full e-flex wpr-particle-no wpr-jarallax-no wpr-parallax-no wpr-sticky-section-no wpr-equal-height-no e-con e-child\" data-id=\"8cef2c9\" data-element_type=\"container\" data-e-type=\"container\">\n\t\t\t\t<div class=\"elementor-element elementor-element-7d0b588 elementor-widget elementor-widget-qi_addons_for_elementor_image_slider\" data-id=\"7d0b588\" data-element_type=\"widget\" data-e-type=\"widget\" data-widget_type=\"qi_addons_for_elementor_image_slider.default\">\n\t\t\t\t<div class=\"elementor-widget-container\">\n\t\t\t\t\t<div class=\"qodef-shortcode qodef-m qodef-qi-image-slider qodef-qi-fslightbox-popup qodef-popup-gallery qodef-col-num--1 qodef-qi-grid qodef-qi-swiper-container qodef-navigation--inside qodef-pagination--inside qodef-navigation--hover-move\" data-options=\"{&quot;direction&quot;:&quot;horizontal&quot;,&quot;slidesPerView&quot;:&quot;1&quot;,&quot;spaceBetween&quot;:30,&quot;spaceBetweenTablet&quot;:&quot;&quot;,&quot;spaceBetweenMobile&quot;:&quot;&quot;,&quot;effect&quot;:&quot;slide&quot;,&quot;loop&quot;:true,&quot;autoplay&quot;:true,&quot;centeredSlides&quot;:false,&quot;speed&quot;:&quot;&quot;,&quot;speedAnimation&quot;:&quot;&quot;,&quot;outsideNavigation&quot;:&quot;no&quot;,&quot;outsidePagination&quot;:&quot;no&quot;,&quot;unique&quot;:389,&quot;partialValue&quot;:0,&quot;disablePartialValue&quot;:&quot;&quot;,&quot;parallax&quot;:&quot;no&quot;}\">\n\t<div class=\"swiper-wrapper\">\n\t\t<div class=\"qodef-e swiper-slide\">\n\t<div class=\"qodef-e-inner\">\n\t\t<div class=\"qodef-e-inner-holder\">\n\t\t\t\t\t\t\t<a class=\"qodef-popup-item\" itemprop=\"image\" href=\"https:\/\/www.brasilafro.net\/wordpress\/wp-content\/uploads\/2024\/01\/DSC_0069-scaled.jpg\" data-type=\"image\" data-fslightbox=\"gallery-389\" data-e-disable-page-transition=\u201dtrue\u201d>\n\t\t\t\t\t\t\t<img fetchpriority=\"high\" decoding=\"async\" src=\"https:\/\/www.brasilafro.net\/wordpress\/wp-content\/uploads\/2024\/01\/DSC_0069-scaled-500x300.jpg\" alt=\"\" width=\"500\" height=\"300\" \/>\t\t\t\t\t\t\t<\/a>\n\t\t\t\t\t<\/div>\n\t<\/div>\n\t<\/div>\n<div class=\"qodef-e swiper-slide\">\n\t<div class=\"qodef-e-inner\">\n\t\t<div class=\"qodef-e-inner-holder\">\n\t\t\t\t\t\t\t<a class=\"qodef-popup-item\" itemprop=\"image\" href=\"https:\/\/www.brasilafro.net\/wordpress\/wp-content\/uploads\/2024\/01\/15.Comptines-pour-leveil-musical-scaled.jpg\" data-type=\"image\" data-fslightbox=\"gallery-389\" data-e-disable-page-transition=\u201dtrue\u201d>\n\t\t\t\t\t\t\t<img decoding=\"async\" src=\"https:\/\/www.brasilafro.net\/wordpress\/wp-content\/uploads\/2024\/01\/15.Comptines-pour-leveil-musical-scaled-500x300.jpg\" alt=\"\" width=\"500\" height=\"300\" \/>\t\t\t\t\t\t\t<\/a>\n\t\t\t\t\t<\/div>\n\t<\/div>\n\t<\/div>\n<div class=\"qodef-e swiper-slide\">\n\t<div class=\"qodef-e-inner\">\n\t\t<div class=\"qodef-e-inner-holder\">\n\t\t\t\t\t\t\t<a class=\"qodef-popup-item\" itemprop=\"image\" href=\"https:\/\/www.brasilafro.net\/wordpress\/wp-content\/uploads\/2024\/01\/IMG_0249-scaled.jpg\" data-type=\"image\" data-fslightbox=\"gallery-389\" data-e-disable-page-transition=\u201dtrue\u201d>\n\t\t\t\t\t\t\t<img decoding=\"async\" src=\"https:\/\/www.brasilafro.net\/wordpress\/wp-content\/uploads\/2024\/01\/IMG_0249-scaled-500x300.jpg\" alt=\"\" width=\"500\" height=\"300\" \/>\t\t\t\t\t\t\t<\/a>\n\t\t\t\t\t<\/div>\n\t<\/div>\n\t<\/div>\n<div class=\"qodef-e swiper-slide\">\n\t<div class=\"qodef-e-inner\">\n\t\t<div class=\"qodef-e-inner-holder\">\n\t\t\t\t\t\t\t<a class=\"qodef-popup-item\" itemprop=\"image\" href=\"https:\/\/www.brasilafro.net\/wordpress\/wp-content\/uploads\/2024\/01\/IMG_9139-scaled.jpg\" data-type=\"image\" data-fslightbox=\"gallery-389\" data-e-disable-page-transition=\u201dtrue\u201d>\n\t\t\t\t\t\t\t<img loading=\"lazy\" decoding=\"async\" src=\"https:\/\/www.brasilafro.net\/wordpress\/wp-content\/uploads\/2024\/01\/IMG_9139-scaled-500x300.jpg\" alt=\"\" width=\"500\" height=\"300\" \/>\t\t\t\t\t\t\t<\/a>\n\t\t\t\t\t<\/div>\n\t<\/div>\n\t<\/div>\n<div class=\"qodef-e swiper-slide\">\n\t<div class=\"qodef-e-inner\">\n\t\t<div class=\"qodef-e-inner-holder\">\n\t\t\t\t\t\t\t<a class=\"qodef-popup-item\" itemprop=\"image\" href=\"https:\/\/www.brasilafro.net\/wordpress\/wp-content\/uploads\/2024\/01\/13.Hamlet-raconte-aux-petits.jpg\" data-type=\"image\" data-fslightbox=\"gallery-389\" data-e-disable-page-transition=\u201dtrue\u201d>\n\t\t\t\t\t\t\t<img loading=\"lazy\" decoding=\"async\" src=\"https:\/\/www.brasilafro.net\/wordpress\/wp-content\/uploads\/2024\/01\/13.Hamlet-raconte-aux-petits-500x300.jpg\" alt=\"\" width=\"500\" height=\"300\" \/>\t\t\t\t\t\t\t<\/a>\n\t\t\t\t\t<\/div>\n\t<\/div>\n\t<\/div>\n\t<\/div>\n\t\t<div class=\"swiper-button-prev\"><svg class=\"qodef-swiper-arrow-left\" xmlns=\"http:\/\/www.w3.org\/2000\/svg\" x=\"0px\" y=\"0px\" viewBox=\"0 0 34.2 32.3\" xml:space=\"preserve\" style=\"stroke-width: 2;\"><line x1=\"0.5\" y1=\"16\" x2=\"33.5\" y2=\"16\"\/><line x1=\"0.3\" y1=\"16.5\" x2=\"16.2\" y2=\"0.7\"\/><line x1=\"0\" y1=\"15.4\" x2=\"16.2\" y2=\"31.6\"\/><\/svg><\/div>\n\t<div class=\"swiper-button-next\"><svg class=\"qodef-swiper-arrow-right\" xmlns=\"http:\/\/www.w3.org\/2000\/svg\" x=\"0px\" y=\"0px\" viewBox=\"0 0 34.2 32.3\" xml:space=\"preserve\" style=\"stroke-width: 2;\"><line x1=\"0\" y1=\"16\" x2=\"33\" y2=\"16\"\/><line x1=\"17.3\" y1=\"0.7\" x2=\"33.2\" y2=\"16.5\"\/><line x1=\"17.3\" y1=\"31.6\" x2=\"33.5\" y2=\"15.4\"\/><\/svg><\/div>\n\t<div class=\"swiper-pagination\"><\/div>\n<\/div>\n\t\t\t\t<\/div>\n\t\t\t\t<\/div>\n\t\t\t\t<\/div>\n\t\t<div class=\"elementor-element elementor-element-ad2f57b e-con-full e-flex wpr-particle-no wpr-jarallax-no wpr-parallax-no wpr-sticky-section-no wpr-equal-height-no e-con e-child\" data-id=\"ad2f57b\" data-element_type=\"container\" data-e-type=\"container\">\n\t\t\t\t<div class=\"elementor-element elementor-element-e902b79 elementor-layout-start e-tabs-view-vertical elementor-widget elementor-widget-video-playlist\" data-id=\"e902b79\" data-element_type=\"widget\" data-e-type=\"widget\" data-settings=\"{&quot;tabs&quot;:[{&quot;title&quot;:&quot;Apresenta\\u00e7\\u00e3o&quot;,&quot;youtube_url&quot;:&quot;https:\\\/\\\/www.youtube.com\\\/watch?v=I6TbM3YQ2kc&quot;,&quot;duration&quot;:&quot;1:15&quot;,&quot;thumbnail&quot;:{&quot;url&quot;:&quot;https:\\\/\\\/www.brasilafro.net\\\/wordpress\\\/wp-content\\\/uploads\\\/2024\\\/01\\\/3Stjean36596421_1217786185029595_8254362157144080384_o-1.jpg&quot;,&quot;id&quot;:13701,&quot;size&quot;:&quot;&quot;,&quot;alt&quot;:&quot;&quot;,&quot;source&quot;:&quot;library&quot;},&quot;_id&quot;:&quot;c5421a5&quot;,&quot;vimeo_url&quot;:null,&quot;index&quot;:0,&quot;type&quot;:&quot;youtube&quot;,&quot;is_external_url&quot;:null,&quot;hosted_url&quot;:null,&quot;external_url&quot;:null,&quot;section_html_tag&quot;:null,&quot;video_html_tag&quot;:&quot;h4&quot;,&quot;inner_tab_is_content_visible&quot;:&quot;&quot;,&quot;inner_tab_content_1&quot;:null,&quot;inner_tab_content_2&quot;:null},{&quot;title&quot;:&quot;Campanha de doa\\u00e7\\u00e3o&quot;,&quot;youtube_url&quot;:&quot;https:\\\/\\\/www.youtube.com\\\/watch?v=q69InGRe_yQ&quot;,&quot;duration&quot;:&quot;3:12&quot;,&quot;thumbnail&quot;:{&quot;url&quot;:&quot;https:\\\/\\\/www.brasilafro.net\\\/wordpress\\\/wp-content\\\/uploads\\\/2024\\\/01\\\/1LarueNosSpectacles-Animation-de-rue2.jpg&quot;,&quot;id&quot;:12977,&quot;size&quot;:&quot;&quot;,&quot;alt&quot;:&quot;&quot;,&quot;source&quot;:&quot;library&quot;},&quot;_id&quot;:&quot;9f01e0c&quot;,&quot;vimeo_url&quot;:null,&quot;index&quot;:1,&quot;type&quot;:&quot;youtube&quot;,&quot;is_external_url&quot;:null,&quot;hosted_url&quot;:null,&quot;external_url&quot;:null,&quot;section_html_tag&quot;:null,&quot;video_html_tag&quot;:&quot;h4&quot;,&quot;inner_tab_is_content_visible&quot;:&quot;&quot;,&quot;inner_tab_content_1&quot;:null,&quot;inner_tab_content_2&quot;:null}],&quot;inner_tab_title_1&quot;:&quot;Guia n\\u00ba 1&quot;,&quot;inner_tab_title_2&quot;:&quot;Guia n\\u00ba 2&quot;}\" data-widget_type=\"video-playlist.default\">\n\t\t\t\t<div class=\"elementor-widget-container\">\n\t\t\t\t\t\n\t\t<div class=\"e-tabs\" role=\"region\" aria-labelledby=\"e-playlist-e902b79\">\n\t\t\t<div class=\"e-tabs-main-area\">\n\t\t\t\t<div class=\"e-tabs-wrapper\">\n\t\t\t\t\t<div class=\"e-tabs-header\">\n\t\t\t\t\t\t<div class=\"e-tabs-title\" id=\"e-playlist-e902b79\"><\/div>\n\t\t\t\t\t\t<div class=\"e-tabs-header-right-side\">\n\t\t\t\t\t\t\t\t\t\t\t\t\t\t\t<span class=\"e-tabs-videos-count\">2 Videos<\/span>\n\t\t\t\t\t\t\t\t\t\t\t\t\t\t<svg aria-hidden=\"true\" class=\"e-tabs-toggle-videos-display-button rotate-down e-font-icon-svg e-eicon-caret-down\" viewBox=\"0 0 571.4 571.4\" xmlns=\"http:\/\/www.w3.org\/2000\/svg\"><path d=\"M571 393Q571 407 561 418L311 668Q300 679 286 679T261 668L11 418Q0 407 0 393T11 368 36 357H536Q550 357 561 368T571 393Z\"><\/path><\/svg>\t\t\t\t\t\t<\/div>\n\t\t\t\t\t<\/div>\n\t\t\t\t\t<div class=\"e-tabs-items-wrapper\">\n\t\t\t\t\t\t<div class=\"e-tabs-items\" role=\"tablist\">\n\t\t\t\t\t\t\t\t\t\t\t\t\t\t\t\t\t\t\t\t\t\t\t\t<div id=\"e-tab-title-2441\" class=\"e-tab-title e-tab-desktop-title\" aria-selected=\"true\" data-tab=\"1\" role=\"tab\" tabindex=\"0\" aria-controls=\"e-tab-content-2441\">\n\t\t\t\t\t\t\t\t\t\t\t\t\t\t\t\t\t\t\t\t\t<div class=\"e-tab-thumbnail\">\n\t\t\t\t\t\t\t\t\t\t\t\t\t\t\t\t\t\t\t\t\t\t\t\t\t<img decoding=\"async\" src=\"https:\/\/www.brasilafro.net\/wordpress\/wp-content\/uploads\/2024\/01\/3Stjean36596421_1217786185029595_8254362157144080384_o-1.jpg\" alt=\"Apresenta\u00e7\u00e3o\" loading=\"lazy\" \/>\n\t\t\t\t\t\t\t\t\t\t\t\t\t\t\t\t\t\t\t\t\t\t\t\t<span class=\"icon-play\"><svg aria-hidden=\"true\" class=\"e-font-icon-svg e-fas-play-circle\" viewBox=\"0 0 512 512\" xmlns=\"http:\/\/www.w3.org\/2000\/svg\"><path d=\"M256 8C119 8 8 119 8 256s111 248 248 248 248-111 248-248S393 8 256 8zm115.7 272l-176 101c-15.8 8.8-35.7-2.5-35.7-21V152c0-18.4 19.8-29.8 35.7-21l176 107c16.4 9.2 16.4 32.9 0 42z\"><\/path><\/svg><\/span>\n\t\t\t\t\t\t\t\t\t\t\t\t<span class=\"icon-watched\"><svg aria-hidden=\"true\" class=\"e-font-icon-svg e-fas-check-circle\" viewBox=\"0 0 512 512\" xmlns=\"http:\/\/www.w3.org\/2000\/svg\"><path d=\"M504 256c0 136.967-111.033 248-248 248S8 392.967 8 256 119.033 8 256 8s248 111.033 248 248zM227.314 387.314l184-184c6.248-6.248 6.248-16.379 0-22.627l-22.627-22.627c-6.248-6.249-16.379-6.249-22.628 0L216 308.118l-70.059-70.059c-6.248-6.248-16.379-6.248-22.628 0l-22.627 22.627c-6.248 6.248-6.248 16.379 0 22.627l104 104c6.249 6.249 16.379 6.249 22.628.001z\"><\/path><\/svg><\/span>\n\t\t\t\t\t\t\t\t\t\t\t<\/div>\n\t\t\t\t\t\t\t\t\t\t\t\t\t\t\t\t\t\t\t\t<h4 class=\"e-tab-title-text\">\n\t\t\t\t\t\t\t\t\t\t\t<button type=\"button\">Apresenta\u00e7\u00e3o<\/button>\n\t\t\t\t\t\t\t\t\t\t<\/h4>\n\t\t\t\t\t\t\t\t\t\t\t\t\t\t\t\t\t\t\t\t\t<span class=\"e-tab-duration\">1:15<\/span>\n\t\t\t\t\t\t\t\t\t\t\t\t\t\t\t\t\t\t\t<\/div>\n\t\t\t\t\t\t\t\t\t\t\t\t\t\t\t\t\t\t\t\t\t\t\t\t\t\t\t\t\t\t\t\t<div id=\"e-tab-title-2442\" class=\"e-tab-title e-tab-desktop-title\" aria-selected=\"false\" data-tab=\"2\" role=\"tab\" tabindex=\"-1\" aria-controls=\"e-tab-content-2442\">\n\t\t\t\t\t\t\t\t\t\t\t\t\t\t\t\t\t\t\t\t\t<div class=\"e-tab-thumbnail\">\n\t\t\t\t\t\t\t\t\t\t\t\t\t\t\t\t\t\t\t\t\t\t\t\t\t<img decoding=\"async\" src=\"https:\/\/www.brasilafro.net\/wordpress\/wp-content\/uploads\/2024\/01\/1LarueNosSpectacles-Animation-de-rue2.jpg\" alt=\"Campanha de doa\u00e7\u00e3o\" loading=\"lazy\" \/>\n\t\t\t\t\t\t\t\t\t\t\t\t\t\t\t\t\t\t\t\t\t\t\t\t<span class=\"icon-play\"><svg aria-hidden=\"true\" class=\"e-font-icon-svg e-fas-play-circle\" viewBox=\"0 0 512 512\" xmlns=\"http:\/\/www.w3.org\/2000\/svg\"><path d=\"M256 8C119 8 8 119 8 256s111 248 248 248 248-111 248-248S393 8 256 8zm115.7 272l-176 101c-15.8 8.8-35.7-2.5-35.7-21V152c0-18.4 19.8-29.8 35.7-21l176 107c16.4 9.2 16.4 32.9 0 42z\"><\/path><\/svg><\/span>\n\t\t\t\t\t\t\t\t\t\t\t\t<span class=\"icon-watched\"><svg aria-hidden=\"true\" class=\"e-font-icon-svg e-fas-check-circle\" viewBox=\"0 0 512 512\" xmlns=\"http:\/\/www.w3.org\/2000\/svg\"><path d=\"M504 256c0 136.967-111.033 248-248 248S8 392.967 8 256 119.033 8 256 8s248 111.033 248 248zM227.314 387.314l184-184c6.248-6.248 6.248-16.379 0-22.627l-22.627-22.627c-6.248-6.249-16.379-6.249-22.628 0L216 308.118l-70.059-70.059c-6.248-6.248-16.379-6.248-22.628 0l-22.627 22.627c-6.248 6.248-6.248 16.379 0 22.627l104 104c6.249 6.249 16.379 6.249 22.628.001z\"><\/path><\/svg><\/span>\n\t\t\t\t\t\t\t\t\t\t\t<\/div>\n\t\t\t\t\t\t\t\t\t\t\t\t\t\t\t\t\t\t\t\t<h4 class=\"e-tab-title-text\">\n\t\t\t\t\t\t\t\t\t\t\t<button type=\"button\">Campanha de doa\u00e7\u00e3o<\/button>\n\t\t\t\t\t\t\t\t\t\t<\/h4>\n\t\t\t\t\t\t\t\t\t\t\t\t\t\t\t\t\t\t\t\t\t<span class=\"e-tab-duration\">3:12<\/span>\n\t\t\t\t\t\t\t\t\t\t\t\t\t\t\t\t\t\t\t<\/div>\n\t\t\t\t\t\t\t\t\t\t\t\t\t\t\t\t\t\t\t\t\t<\/div>\n\t\t\t\t\t\t<div class=\"shadow shadow-top\" aria-hidden=\"true\"><\/div>\n\t\t\t\t\t\t<div class=\"shadow shadow-bottom\" aria-hidden=\"true\"><\/div>\n\t\t\t\t\t<\/div>\n\t\t\t\t<\/div>\n\n\t\t\t\t<div class=\"e-tabs-content-wrapper\" role=\"tablist\" aria-orientation=\"vertical\">\n\t\t\t\t\t\t\t\t\t\t\t<div id=\"e-tab-content-2441\" class=\"e-tab-content elementor-clearfix\" data-tab=\"1\" role=\"tabpanel\" aria-labelledby=\"e-tab-title-2441\" tabindex=\"0\" data-video-url=\"https:\/\/www.youtube.com\/watch?v=I6TbM3YQ2kc\" data-video-type=\"youtube\" data-video-title=\"Apresenta\u00e7\u00e3o\" data-video-duration=\"1:15\">\n\t\t\t\t\t\t\t<div><\/div>\n\t\t\t\t\t\t\t\t\t\t\t\t\t<\/div>\n\t\t\t\t\t\t\t\t\t\t\t<div id=\"e-tab-content-2442\" class=\"e-tab-content elementor-clearfix\" data-tab=\"2\" role=\"tabpanel\" aria-labelledby=\"e-tab-title-2442\" tabindex=\"0\" data-video-url=\"https:\/\/www.youtube.com\/watch?v=q69InGRe_yQ\" data-video-type=\"youtube\" data-video-title=\"Campanha de doa\u00e7\u00e3o\" data-video-duration=\"3:12\" hidden=\"hidden\">\n\t\t\t\t\t\t\t<div><\/div>\n\t\t\t\t\t\t\t\t\t\t\t\t\t<\/div>\n\t\t\t\t\t\t\t\t\t<\/div>\n\t\t\t<\/div>\n\n\t\t\t<div class=\"e-tabs-inner-tabs\" >\n\t\t\t\t\t\t\t\t\t\t\t\t\t\t\t\t\t\t\t\t\t\t\t\t\t<\/div>\n\t\t<\/div>\n\t\t\t\t\t\t<\/div>\n\t\t\t\t<\/div>\n\t\t\t\t<\/div>\n\t\t\t\t\t<\/div>\n\t\t\t\t<\/div>\n\t\t<div class=\"elementor-element elementor-element-0e6e362 e-flex e-con-boxed wpr-particle-no wpr-jarallax-no wpr-parallax-no wpr-sticky-section-no wpr-equal-height-no e-con e-parent\" data-id=\"0e6e362\" data-element_type=\"container\" data-e-type=\"container\">\n\t\t\t\t\t<div class=\"e-con-inner\">\n\t\t\t\t<div class=\"elementor-element elementor-element-08c9caf elementor-widget elementor-widget-spacer\" data-id=\"08c9caf\" data-element_type=\"widget\" data-e-type=\"widget\" data-widget_type=\"spacer.default\">\n\t\t\t\t<div class=\"elementor-widget-container\">\n\t\t\t\t\t\t\t<div class=\"elementor-spacer\">\n\t\t\t<div class=\"elementor-spacer-inner\"><\/div>\n\t\t<\/div>\n\t\t\t\t\t\t<\/div>\n\t\t\t\t<\/div>\n\t\t\t\t\t<\/div>\n\t\t\t\t<\/div>\n\t\t<div class=\"elementor-element elementor-element-6f6ad5a e-flex e-con-boxed wpr-particle-no wpr-jarallax-no wpr-parallax-no wpr-sticky-section-no wpr-equal-height-no e-con e-parent\" data-id=\"6f6ad5a\" data-element_type=\"container\" data-e-type=\"container\">\n\t\t\t\t\t<div class=\"e-con-inner\">\n\t\t\t\t<div class=\"elementor-element elementor-element-7225e88 elementor-widget elementor-widget-text-editor\" data-id=\"7225e88\" data-element_type=\"widget\" data-e-type=\"widget\" data-widget_type=\"text-editor.default\">\n\t\t\t\t<div class=\"elementor-widget-container\">\n\t\t\t\t\t\t\t\t\t<p style=\"text-align: center;\"><span style=\"color: #ff9900;\"><a style=\"color: #ff9900;\" href=\"https:\/\/www.brasilafro.net\/pt-br\/nosso-coletivo\/nossa-historia\/\"><strong>\u00a0A hist\u00f3ria do Collectif Brasil Afro Funk<\/strong><\/a><\/span><\/p>\t\t\t\t\t\t\t\t<\/div>\n\t\t\t\t<\/div>\n\t\t\t\t\t<\/div>\n\t\t\t\t<\/div>\n\t\t\t\t<\/div>\n\t\t","protected":false},"excerpt":{"rendered":"<p>La Barraca Zem Em 2009, nosso coletivo se mudou para a Barraca Zem, um pequeno teatro de bairro localizado entre o Centro e o Wazemmes. Desde o in\u00edcio, nosso objetivo era desempenhar um papel ativo no bairro e fortalecer os v\u00ednculos entre os vizinhos. Foi assim que nasceu o programa Young Audiences, com reuni\u00f5es com os vizinhos e atividades para pais e filhos. Clique aqui para saber o que est\u00e1 acontecendo dentro de nossas paredes Um cruzamento de culturas mundiais A miss\u00e3o da Barraca Zem \u00e9 promover a diversidade cultural por meio das artes. Mais do que apenas uma colcha de retalhos multicultural, trata-se de criar uma interatividade genu\u00edna entre uma ampla gama de p\u00fablicos e empresas. A riqueza est\u00e1 na troca e na diversidade, portanto, queremos incentivar e possibilitar que a cultura de todos se abra para outras. Um local com diferentes espa\u00e7os Para aproveitar ao m\u00e1ximo o potencial do local, oferecemos diferentes espa\u00e7os para apresenta\u00e7\u00e3o de espet\u00e1culos, treinamento com nossa escola e recep\u00e7\u00e3o do p\u00fablico local para momentos de compartilhamento. 2 Videos Apresenta\u00e7\u00e3o 1:15 Campanha de doa\u00e7\u00e3o 3:12 \u00a0A hist\u00f3ria do Collectif Brasil Afro Funk<\/p>\n","protected":false},"author":120,"featured_media":0,"parent":0,"menu_order":5,"comment_status":"closed","ping_status":"closed","template":"","meta":{"site-sidebar-layout":"default","site-content-layout":"","ast-site-content-layout":"default","site-content-style":"default","site-sidebar-style":"default","ast-global-header-display":"","ast-banner-title-visibility":"","ast-main-header-display":"","ast-hfb-above-header-display":"","ast-hfb-below-header-display":"","ast-hfb-mobile-header-display":"","site-post-title":"","ast-breadcrumbs-content":"","ast-featured-img":"","footer-sml-layout":"","ast-disable-related-posts":"","theme-transparent-header-meta":"","adv-header-id-meta":"","stick-header-meta":"","header-above-stick-meta":"","header-main-stick-meta":"","header-below-stick-meta":"","astra-migrate-meta-layouts":"set","ast-page-background-enabled":"default","ast-page-background-meta":{"desktop":{"background-color":"","background-image":"","background-repeat":"repeat","background-position":"center center","background-size":"auto","background-attachment":"scroll","background-type":"","background-media":"","overlay-type":"","overlay-color":"","overlay-opacity":"","overlay-gradient":""},"tablet":{"background-color":"","background-image":"","background-repeat":"repeat","background-position":"center center","background-size":"auto","background-attachment":"scroll","background-type":"","background-media":"","overlay-type":"","overlay-color":"","overlay-opacity":"","overlay-gradient":""},"mobile":{"background-color":"","background-image":"","background-repeat":"repeat","background-position":"center center","background-size":"auto","background-attachment":"scroll","background-type":"","background-media":"","overlay-type":"","overlay-color":"","overlay-opacity":"","overlay-gradient":""}},"ast-content-background-meta":{"desktop":{"background-color":"var(--ast-global-color-5)","background-image":"","background-repeat":"repeat","background-position":"center center","background-size":"auto","background-attachment":"scroll","background-type":"","background-media":"","overlay-type":"","overlay-color":"","overlay-opacity":"","overlay-gradient":""},"tablet":{"background-color":"var(--ast-global-color-5)","background-image":"","background-repeat":"repeat","background-position":"center center","background-size":"auto","background-attachment":"scroll","background-type":"","background-media":"","overlay-type":"","overlay-color":"","overlay-opacity":"","overlay-gradient":""},"mobile":{"background-color":"var(--ast-global-color-5)","background-image":"","background-repeat":"repeat","background-position":"center center","background-size":"auto","background-attachment":"scroll","background-type":"","background-media":"","overlay-type":"","overlay-color":"","overlay-opacity":"","overlay-gradient":""}},"footnotes":""},"class_list":["post-17384","page","type-page","status-publish","hentry"],"yoast_head":"<!-- This site is optimized with the Yoast SEO Premium plugin v27.5 (Yoast SEO v27.5) - https:\/\/yoast.com\/product\/yoast-seo-premium-wordpress\/ -->\n<title>Nosso Local - Brasil Afro Funk Barraca Zem Lille<\/title>\n<meta name=\"description\" content=\"Um conceito em que a ambi\u00e7\u00e3o \u00e9 reunir as artes do mundo em uma &quot;Barraca&quot;: oficinas de teatro, aulas de m\u00fasica, aulas de dan\u00e7a, conta\u00e7\u00e3o de hist\u00f3rias...\" \/>\n<meta name=\"robots\" content=\"index, follow, max-snippet:-1, max-image-preview:large, max-video-preview:-1\" \/>\n<link rel=\"canonical\" href=\"https:\/\/www.brasilafro.net\/pt-br\/nosso-local\/\" \/>\n<meta property=\"og:locale\" content=\"pt_BR\" \/>\n<meta property=\"og:type\" content=\"article\" \/>\n<meta property=\"og:title\" content=\"Nosso Local\" \/>\n<meta property=\"og:description\" content=\"Um conceito em que a ambi\u00e7\u00e3o \u00e9 reunir as artes do mundo em uma &quot;Barraca&quot;: oficinas de teatro, aulas de m\u00fasica, aulas de dan\u00e7a, conta\u00e7\u00e3o de hist\u00f3rias...\" \/>\n<meta property=\"og:url\" content=\"https:\/\/www.brasilafro.net\/pt-br\/nosso-local\/\" \/>\n<meta property=\"og:site_name\" content=\"Brasil Afro Funk\" \/>\n<meta property=\"article:publisher\" content=\"https:\/\/www.facebook.com\/labarracazem\/\" \/>\n<meta property=\"article:modified_time\" content=\"2024-03-29T15:49:38+00:00\" \/>\n<meta property=\"og:image\" content=\"https:\/\/www.brasilafro.net\/wordpress\/wp-content\/uploads\/2024\/01\/DSC_0069-scaled-500x300.jpg\" \/>\n<meta name=\"twitter:card\" content=\"summary_large_image\" \/>\n<meta name=\"twitter:site\" content=\"@labarracaZem\" \/>\n<meta name=\"twitter:label1\" content=\"Est. tempo de leitura\" \/>\n\t<meta name=\"twitter:data1\" content=\"3 minutos\" \/>\n<script type=\"application\/ld+json\" class=\"yoast-schema-graph\">{\"@context\":\"https:\\\/\\\/schema.org\",\"@graph\":[{\"@type\":\"WebPage\",\"@id\":\"https:\\\/\\\/www.brasilafro.net\\\/pt-br\\\/nosso-local\\\/\",\"url\":\"https:\\\/\\\/www.brasilafro.net\\\/pt-br\\\/nosso-local\\\/\",\"name\":\"Nosso Local - Brasil Afro Funk Barraca Zem Lille\",\"isPartOf\":{\"@id\":\"https:\\\/\\\/www.brasilafro.net\\\/pt-br\\\/#website\"},\"primaryImageOfPage\":{\"@id\":\"https:\\\/\\\/www.brasilafro.net\\\/pt-br\\\/nosso-local\\\/#primaryimage\"},\"image\":{\"@id\":\"https:\\\/\\\/www.brasilafro.net\\\/pt-br\\\/nosso-local\\\/#primaryimage\"},\"thumbnailUrl\":\"https:\\\/\\\/www.brasilafro.net\\\/wordpress\\\/wp-content\\\/uploads\\\/2024\\\/01\\\/DSC_0069-scaled-500x300.jpg\",\"datePublished\":\"2018-04-20T13:28:22+00:00\",\"dateModified\":\"2024-03-29T15:49:38+00:00\",\"description\":\"Um conceito em que a ambi\u00e7\u00e3o \u00e9 reunir as artes do mundo em uma \\\"Barraca\\\": oficinas de teatro, aulas de m\u00fasica, aulas de dan\u00e7a, conta\u00e7\u00e3o de hist\u00f3rias...\",\"breadcrumb\":{\"@id\":\"https:\\\/\\\/www.brasilafro.net\\\/pt-br\\\/nosso-local\\\/#breadcrumb\"},\"inLanguage\":\"pt-BR\",\"potentialAction\":[{\"@type\":\"ReadAction\",\"target\":[\"https:\\\/\\\/www.brasilafro.net\\\/pt-br\\\/nosso-local\\\/\"]}]},{\"@type\":\"ImageObject\",\"inLanguage\":\"pt-BR\",\"@id\":\"https:\\\/\\\/www.brasilafro.net\\\/pt-br\\\/nosso-local\\\/#primaryimage\",\"url\":\"https:\\\/\\\/www.brasilafro.net\\\/wordpress\\\/wp-content\\\/uploads\\\/2024\\\/01\\\/DSC_0069-scaled-500x300.jpg\",\"contentUrl\":\"https:\\\/\\\/www.brasilafro.net\\\/wordpress\\\/wp-content\\\/uploads\\\/2024\\\/01\\\/DSC_0069-scaled-500x300.jpg\"},{\"@type\":\"BreadcrumbList\",\"@id\":\"https:\\\/\\\/www.brasilafro.net\\\/pt-br\\\/nosso-local\\\/#breadcrumb\",\"itemListElement\":[{\"@type\":\"ListItem\",\"position\":1,\"name\":\"Accueil\",\"item\":\"https:\\\/\\\/www.brasilafro.net\\\/pt-br\\\/inicio\\\/\"},{\"@type\":\"ListItem\",\"position\":2,\"name\":\"Nosso Local\"}]},{\"@type\":\"WebSite\",\"@id\":\"https:\\\/\\\/www.brasilafro.net\\\/pt-br\\\/#website\",\"url\":\"https:\\\/\\\/www.brasilafro.net\\\/pt-br\\\/\",\"name\":\"Brasil Afro Funk\",\"description\":\"Musique I Danse I Capoeira  I Ecole \u00e0 Lille\",\"publisher\":{\"@id\":\"https:\\\/\\\/www.brasilafro.net\\\/pt-br\\\/#organization\"},\"potentialAction\":[{\"@type\":\"SearchAction\",\"target\":{\"@type\":\"EntryPoint\",\"urlTemplate\":\"https:\\\/\\\/www.brasilafro.net\\\/pt-br\\\/?s={search_term_string}\"},\"query-input\":{\"@type\":\"PropertyValueSpecification\",\"valueRequired\":true,\"valueName\":\"search_term_string\"}}],\"inLanguage\":\"pt-BR\"},{\"@type\":\"Organization\",\"@id\":\"https:\\\/\\\/www.brasilafro.net\\\/pt-br\\\/#organization\",\"name\":\"Brasil Afro Funk\",\"url\":\"https:\\\/\\\/www.brasilafro.net\\\/pt-br\\\/\",\"logo\":{\"@type\":\"ImageObject\",\"inLanguage\":\"pt-BR\",\"@id\":\"https:\\\/\\\/www.brasilafro.net\\\/pt-br\\\/#\\\/schema\\\/logo\\\/image\\\/\",\"url\":\"https:\\\/\\\/www.brasilafro.net\\\/wordpress\\\/wp-content\\\/uploads\\\/2017\\\/10\\\/cropped-logoBAF.png\",\"contentUrl\":\"https:\\\/\\\/www.brasilafro.net\\\/wordpress\\\/wp-content\\\/uploads\\\/2017\\\/10\\\/cropped-logoBAF.png\",\"width\":1119,\"height\":879,\"caption\":\"Brasil Afro Funk\"},\"image\":{\"@id\":\"https:\\\/\\\/www.brasilafro.net\\\/pt-br\\\/#\\\/schema\\\/logo\\\/image\\\/\"},\"sameAs\":[\"https:\\\/\\\/www.facebook.com\\\/labarracazem\\\/\",\"https:\\\/\\\/x.com\\\/labarracaZem\",\"https:\\\/\\\/www.instagram.com\\\/brasilafrofunk\\\/?hl=fr&img_index=2\"]}]}<\/script>\n<!-- \/ Yoast SEO Premium plugin. -->","yoast_head_json":{"title":"Nosso Local - Brasil Afro Funk Barraca Zem Lille","description":"Um conceito em que a ambi\u00e7\u00e3o \u00e9 reunir as artes do mundo em uma \"Barraca\": oficinas de teatro, aulas de m\u00fasica, aulas de dan\u00e7a, conta\u00e7\u00e3o de hist\u00f3rias...","robots":{"index":"index","follow":"follow","max-snippet":"max-snippet:-1","max-image-preview":"max-image-preview:large","max-video-preview":"max-video-preview:-1"},"canonical":"https:\/\/www.brasilafro.net\/pt-br\/nosso-local\/","og_locale":"pt_BR","og_type":"article","og_title":"Nosso Local","og_description":"Um conceito em que a ambi\u00e7\u00e3o \u00e9 reunir as artes do mundo em uma \"Barraca\": oficinas de teatro, aulas de m\u00fasica, aulas de dan\u00e7a, conta\u00e7\u00e3o de hist\u00f3rias...","og_url":"https:\/\/www.brasilafro.net\/pt-br\/nosso-local\/","og_site_name":"Brasil Afro Funk","article_publisher":"https:\/\/www.facebook.com\/labarracazem\/","article_modified_time":"2024-03-29T15:49:38+00:00","og_image":[{"url":"https:\/\/www.brasilafro.net\/wordpress\/wp-content\/uploads\/2024\/01\/DSC_0069-scaled-500x300.jpg","type":"","width":"","height":""}],"twitter_card":"summary_large_image","twitter_site":"@labarracaZem","twitter_misc":{"Est. tempo de leitura":"3 minutos"},"schema":{"@context":"https:\/\/schema.org","@graph":[{"@type":"WebPage","@id":"https:\/\/www.brasilafro.net\/pt-br\/nosso-local\/","url":"https:\/\/www.brasilafro.net\/pt-br\/nosso-local\/","name":"Nosso Local - Brasil Afro Funk Barraca Zem Lille","isPartOf":{"@id":"https:\/\/www.brasilafro.net\/pt-br\/#website"},"primaryImageOfPage":{"@id":"https:\/\/www.brasilafro.net\/pt-br\/nosso-local\/#primaryimage"},"image":{"@id":"https:\/\/www.brasilafro.net\/pt-br\/nosso-local\/#primaryimage"},"thumbnailUrl":"https:\/\/www.brasilafro.net\/wordpress\/wp-content\/uploads\/2024\/01\/DSC_0069-scaled-500x300.jpg","datePublished":"2018-04-20T13:28:22+00:00","dateModified":"2024-03-29T15:49:38+00:00","description":"Um conceito em que a ambi\u00e7\u00e3o \u00e9 reunir as artes do mundo em uma \"Barraca\": oficinas de teatro, aulas de m\u00fasica, aulas de dan\u00e7a, conta\u00e7\u00e3o de hist\u00f3rias...","breadcrumb":{"@id":"https:\/\/www.brasilafro.net\/pt-br\/nosso-local\/#breadcrumb"},"inLanguage":"pt-BR","potentialAction":[{"@type":"ReadAction","target":["https:\/\/www.brasilafro.net\/pt-br\/nosso-local\/"]}]},{"@type":"ImageObject","inLanguage":"pt-BR","@id":"https:\/\/www.brasilafro.net\/pt-br\/nosso-local\/#primaryimage","url":"https:\/\/www.brasilafro.net\/wordpress\/wp-content\/uploads\/2024\/01\/DSC_0069-scaled-500x300.jpg","contentUrl":"https:\/\/www.brasilafro.net\/wordpress\/wp-content\/uploads\/2024\/01\/DSC_0069-scaled-500x300.jpg"},{"@type":"BreadcrumbList","@id":"https:\/\/www.brasilafro.net\/pt-br\/nosso-local\/#breadcrumb","itemListElement":[{"@type":"ListItem","position":1,"name":"Accueil","item":"https:\/\/www.brasilafro.net\/pt-br\/inicio\/"},{"@type":"ListItem","position":2,"name":"Nosso Local"}]},{"@type":"WebSite","@id":"https:\/\/www.brasilafro.net\/pt-br\/#website","url":"https:\/\/www.brasilafro.net\/pt-br\/","name":"Brasil Afro Funk","description":"Musique I Danse I Capoeira  I Ecole \u00e0 Lille","publisher":{"@id":"https:\/\/www.brasilafro.net\/pt-br\/#organization"},"potentialAction":[{"@type":"SearchAction","target":{"@type":"EntryPoint","urlTemplate":"https:\/\/www.brasilafro.net\/pt-br\/?s={search_term_string}"},"query-input":{"@type":"PropertyValueSpecification","valueRequired":true,"valueName":"search_term_string"}}],"inLanguage":"pt-BR"},{"@type":"Organization","@id":"https:\/\/www.brasilafro.net\/pt-br\/#organization","name":"Brasil Afro Funk","url":"https:\/\/www.brasilafro.net\/pt-br\/","logo":{"@type":"ImageObject","inLanguage":"pt-BR","@id":"https:\/\/www.brasilafro.net\/pt-br\/#\/schema\/logo\/image\/","url":"https:\/\/www.brasilafro.net\/wordpress\/wp-content\/uploads\/2017\/10\/cropped-logoBAF.png","contentUrl":"https:\/\/www.brasilafro.net\/wordpress\/wp-content\/uploads\/2017\/10\/cropped-logoBAF.png","width":1119,"height":879,"caption":"Brasil Afro Funk"},"image":{"@id":"https:\/\/www.brasilafro.net\/pt-br\/#\/schema\/logo\/image\/"},"sameAs":["https:\/\/www.facebook.com\/labarracazem\/","https:\/\/x.com\/labarracaZem","https:\/\/www.instagram.com\/brasilafrofunk\/?hl=fr&img_index=2"]}]}},"_links":{"self":[{"href":"https:\/\/www.brasilafro.net\/pt-br\/wp-json\/wp\/v2\/pages\/17384","targetHints":{"allow":["GET"]}}],"collection":[{"href":"https:\/\/www.brasilafro.net\/pt-br\/wp-json\/wp\/v2\/pages"}],"about":[{"href":"https:\/\/www.brasilafro.net\/pt-br\/wp-json\/wp\/v2\/types\/page"}],"author":[{"embeddable":true,"href":"https:\/\/www.brasilafro.net\/pt-br\/wp-json\/wp\/v2\/users\/120"}],"replies":[{"embeddable":true,"href":"https:\/\/www.brasilafro.net\/pt-br\/wp-json\/wp\/v2\/comments?post=17384"}],"version-history":[{"count":5,"href":"https:\/\/www.brasilafro.net\/pt-br\/wp-json\/wp\/v2\/pages\/17384\/revisions"}],"predecessor-version":[{"id":17493,"href":"https:\/\/www.brasilafro.net\/pt-br\/wp-json\/wp\/v2\/pages\/17384\/revisions\/17493"}],"wp:attachment":[{"href":"https:\/\/www.brasilafro.net\/pt-br\/wp-json\/wp\/v2\/media?parent=17384"}],"curies":[{"name":"wp","href":"https:\/\/api.w.org\/{rel}","templated":true}]}}