{"id":17345,"date":"2018-04-20T14:26:25","date_gmt":"2018-04-20T13:26:25","guid":{"rendered":"https:\/\/www.brasilafro.net\/nossas-iniciativas-culturais\/nossos-eventos-no-brasil\/"},"modified":"2024-03-28T14:00:19","modified_gmt":"2024-03-28T13:00:19","slug":"nossos-eventos-no-brasil","status":"publish","type":"page","link":"https:\/\/www.brasilafro.net\/pt-br\/nossas-iniciativas-culturais\/nossos-eventos-no-brasil\/","title":{"rendered":"Nossos eventos no Brasil"},"content":{"rendered":"\t\t<div data-elementor-type=\"wp-page\" data-elementor-id=\"17345\" class=\"elementor elementor-17345 elementor-11660\" data-elementor-post-type=\"page\">\n\t\t\t\t<div class=\"elementor-element elementor-element-85e26e0 e-con-full e-flex wpr-particle-no wpr-jarallax-no wpr-parallax-no wpr-sticky-section-no wpr-equal-height-no e-con e-parent\" data-id=\"85e26e0\" data-element_type=\"container\" data-e-type=\"container\">\n\t\t<div class=\"elementor-element elementor-element-09c47c9 e-con-full e-flex wpr-particle-no wpr-jarallax-no wpr-parallax-no wpr-sticky-section-no wpr-equal-height-no e-con e-child\" data-id=\"09c47c9\" data-element_type=\"container\" data-e-type=\"container\" data-settings=\"{&quot;background_background&quot;:&quot;classic&quot;}\">\n\t\t\t\t<\/div>\n\t\t\t\t<\/div>\n\t\t<div class=\"elementor-element elementor-element-0488455 e-flex e-con-boxed wpr-particle-no wpr-jarallax-no wpr-parallax-no wpr-sticky-section-no wpr-equal-height-no e-con e-parent\" data-id=\"0488455\" data-element_type=\"container\" data-e-type=\"container\">\n\t\t\t\t\t<div class=\"e-con-inner\">\n\t\t\t\t<div class=\"elementor-element elementor-element-0a564ab elementor-widget elementor-widget-heading\" data-id=\"0a564ab\" data-element_type=\"widget\" data-e-type=\"widget\" data-widget_type=\"heading.default\">\n\t\t\t\t<div class=\"elementor-widget-container\">\n\t\t\t\t\t<h2 class=\"elementor-heading-title elementor-size-default\">Carnavais<\/h2>\t\t\t\t<\/div>\n\t\t\t\t<\/div>\n\t\t\t\t\t<\/div>\n\t\t\t\t<\/div>\n\t\t<div class=\"elementor-element elementor-element-0f2e525 e-flex e-con-boxed wpr-particle-no wpr-jarallax-no wpr-parallax-no wpr-sticky-section-no wpr-equal-height-no e-con e-parent\" data-id=\"0f2e525\" data-element_type=\"container\" data-e-type=\"container\">\n\t\t\t\t\t<div class=\"e-con-inner\">\n\t\t\t\t<div class=\"elementor-element elementor-element-d3bb69f elementor-widget elementor-widget-text-editor\" data-id=\"d3bb69f\" data-element_type=\"widget\" data-e-type=\"widget\" data-widget_type=\"text-editor.default\">\n\t\t\t\t<div class=\"elementor-widget-container\">\n\t\t\t\t\t\t\t\t\t<p><span style=\"font-weight: 400;\">Fevereiro\/mar\u00e7o marca o in\u00edcio da temporada de carnaval no Brasil. Estamos muito envolvidos na prepara\u00e7\u00e3o dos carnavais da vizinhan\u00e7a, na forma de oficinas de upstream, para que os residentes e, em especial, as crian\u00e7as, sejam os m\u00fasicos e dan\u00e7arinos de seu pr\u00f3prio evento, sob a orienta\u00e7\u00e3o de nossa equipe. \u00c9 toda a energia de uma verdadeira escola de samba brasileira com um toque Ch&#8217;ti.<\/span><\/p>\n<p><span style=\"font-weight: 400;\">Voc\u00ea pode nos encontrar todos os anos no carnaval em Wazemmes, nosso bairro, mas tamb\u00e9m em muitos outros bairros de Lille e da regi\u00e3o. Siga-nos em nossas redes.<\/span><\/p>\n\t\t\t\t\t\t\t\t<\/div>\n\t\t\t\t<\/div>\n\t\t\t\t\t<\/div>\n\t\t\t\t<\/div>\n\t\t<div class=\"elementor-element elementor-element-85a9e8c e-flex e-con-boxed wpr-particle-no wpr-jarallax-no wpr-parallax-no wpr-sticky-section-no wpr-equal-height-no e-con e-parent\" data-id=\"85a9e8c\" data-element_type=\"container\" data-e-type=\"container\">\n\t\t\t\t\t<div class=\"e-con-inner\">\n\t\t<div class=\"elementor-element elementor-element-ae7ce3d e-con-full e-flex wpr-particle-no wpr-jarallax-no wpr-parallax-no wpr-sticky-section-no wpr-equal-height-no e-con e-child\" data-id=\"ae7ce3d\" data-element_type=\"container\" data-e-type=\"container\">\n\t\t\t\t<div class=\"elementor-element elementor-element-a4d1572 elementor-widget elementor-widget-qi_addons_for_elementor_image_slider\" data-id=\"a4d1572\" data-element_type=\"widget\" data-e-type=\"widget\" data-widget_type=\"qi_addons_for_elementor_image_slider.default\">\n\t\t\t\t<div class=\"elementor-widget-container\">\n\t\t\t\t\t<div class=\"qodef-shortcode qodef-m qodef-qi-image-slider qodef-qi-fslightbox-popup qodef-popup-gallery qodef-col-num--1 qodef-qi-grid qodef-qi-swiper-container qodef-navigation--inside qodef-pagination--inside qodef-navigation--hover-move\" data-options=\"{&quot;direction&quot;:&quot;horizontal&quot;,&quot;slidesPerView&quot;:&quot;1&quot;,&quot;spaceBetween&quot;:30,&quot;spaceBetweenTablet&quot;:30,&quot;spaceBetweenMobile&quot;:30,&quot;effect&quot;:&quot;slide&quot;,&quot;loop&quot;:true,&quot;autoplay&quot;:true,&quot;centeredSlides&quot;:false,&quot;speed&quot;:&quot;&quot;,&quot;speedAnimation&quot;:&quot;&quot;,&quot;outsideNavigation&quot;:&quot;no&quot;,&quot;outsidePagination&quot;:&quot;no&quot;,&quot;unique&quot;:121,&quot;partialValue&quot;:0,&quot;disablePartialValue&quot;:&quot;&quot;,&quot;parallax&quot;:&quot;no&quot;}\">\n\t<div class=\"swiper-wrapper\">\n\t\t<div class=\"qodef-e swiper-slide\">\n\t<div class=\"qodef-e-inner\">\n\t\t<div class=\"qodef-e-inner-holder\">\n\t\t\t\t\t\t\t<a class=\"qodef-popup-item\" itemprop=\"image\" href=\"https:\/\/www.brasilafro.net\/wordpress\/wp-content\/uploads\/2024\/01\/1Accueil-Actions-culturelles1.jpg\" data-type=\"image\" data-fslightbox=\"gallery-121\" data-e-disable-page-transition=\u201dtrue\u201d>\n\t\t\t\t\t\t\t<img fetchpriority=\"high\" decoding=\"async\" src=\"https:\/\/www.brasilafro.net\/wordpress\/wp-content\/uploads\/2024\/01\/1Accueil-Actions-culturelles1-500x300.jpg\" alt=\"\" width=\"500\" height=\"300\" \/>\t\t\t\t\t\t\t<\/a>\n\t\t\t\t\t<\/div>\n\t<\/div>\n\t<\/div>\n<div class=\"qodef-e swiper-slide\">\n\t<div class=\"qodef-e-inner\">\n\t\t<div class=\"qodef-e-inner-holder\">\n\t\t\t\t\t\t\t<a class=\"qodef-popup-item\" itemprop=\"image\" href=\"https:\/\/www.brasilafro.net\/wordpress\/wp-content\/uploads\/2024\/01\/1Accueil-Actions-culturelles2-scaled.jpg\" data-type=\"image\" data-fslightbox=\"gallery-121\" data-e-disable-page-transition=\u201dtrue\u201d>\n\t\t\t\t\t\t\t<img decoding=\"async\" src=\"https:\/\/www.brasilafro.net\/wordpress\/wp-content\/uploads\/2024\/01\/1Accueil-Actions-culturelles2-scaled-500x300.jpg\" alt=\"\" width=\"500\" height=\"300\" \/>\t\t\t\t\t\t\t<\/a>\n\t\t\t\t\t<\/div>\n\t<\/div>\n\t<\/div>\n<div class=\"qodef-e swiper-slide\">\n\t<div class=\"qodef-e-inner\">\n\t\t<div class=\"qodef-e-inner-holder\">\n\t\t\t\t\t\t\t<a class=\"qodef-popup-item\" itemprop=\"image\" href=\"https:\/\/www.brasilafro.net\/wordpress\/wp-content\/uploads\/2024\/01\/1Actions-Culturelles-Hors-les-murs3-scaled.jpg\" data-type=\"image\" data-fslightbox=\"gallery-121\" data-e-disable-page-transition=\u201dtrue\u201d>\n\t\t\t\t\t\t\t<img decoding=\"async\" src=\"https:\/\/www.brasilafro.net\/wordpress\/wp-content\/uploads\/2024\/01\/1Actions-Culturelles-Hors-les-murs3-scaled-500x300.jpg\" alt=\"\" width=\"500\" height=\"300\" \/>\t\t\t\t\t\t\t<\/a>\n\t\t\t\t\t<\/div>\n\t<\/div>\n\t<\/div>\n\t<\/div>\n\t\t<div class=\"swiper-button-prev\"><svg class=\"qodef-swiper-arrow-left\" xmlns=\"http:\/\/www.w3.org\/2000\/svg\" x=\"0px\" y=\"0px\" viewBox=\"0 0 34.2 32.3\" xml:space=\"preserve\" style=\"stroke-width: 2;\"><line x1=\"0.5\" y1=\"16\" x2=\"33.5\" y2=\"16\"\/><line x1=\"0.3\" y1=\"16.5\" x2=\"16.2\" y2=\"0.7\"\/><line x1=\"0\" y1=\"15.4\" x2=\"16.2\" y2=\"31.6\"\/><\/svg><\/div>\n\t<div class=\"swiper-button-next\"><svg class=\"qodef-swiper-arrow-right\" xmlns=\"http:\/\/www.w3.org\/2000\/svg\" x=\"0px\" y=\"0px\" viewBox=\"0 0 34.2 32.3\" xml:space=\"preserve\" style=\"stroke-width: 2;\"><line x1=\"0\" y1=\"16\" x2=\"33\" y2=\"16\"\/><line x1=\"17.3\" y1=\"0.7\" x2=\"33.2\" y2=\"16.5\"\/><line x1=\"17.3\" y1=\"31.6\" x2=\"33.5\" y2=\"15.4\"\/><\/svg><\/div>\n\t<div class=\"swiper-pagination\"><\/div>\n<\/div>\n\t\t\t\t<\/div>\n\t\t\t\t<\/div>\n\t\t\t\t<\/div>\n\t\t<div class=\"elementor-element elementor-element-d3b7683 e-con-full e-flex wpr-particle-no wpr-jarallax-no wpr-parallax-no wpr-sticky-section-no wpr-equal-height-no e-con e-child\" data-id=\"d3b7683\" data-element_type=\"container\" data-e-type=\"container\">\n\t\t\t\t<div class=\"elementor-element elementor-element-bc24b7c elementor-layout-start e-tabs-view-vertical elementor-widget elementor-widget-video-playlist\" data-id=\"bc24b7c\" data-element_type=\"widget\" data-e-type=\"widget\" data-settings=\"{&quot;tabs&quot;:[{&quot;title&quot;:&quot;Brasil Afro Funk na Parada Renascentista&quot;,&quot;youtube_url&quot;:&quot;https:\\\/\\\/youtu.be\\\/djbvq2oI3hQ?si=uEATJ1xBwYApkLTS&quot;,&quot;duration&quot;:&quot;1:15&quot;,&quot;thumbnail&quot;:{&quot;url&quot;:&quot;https:\\\/\\\/www.brasilafro.net\\\/wordpress\\\/wp-content\\\/uploads\\\/2024\\\/01\\\/unnamed-4.jpg&quot;,&quot;id&quot;:14260,&quot;size&quot;:&quot;&quot;,&quot;alt&quot;:&quot;&quot;,&quot;source&quot;:&quot;library&quot;},&quot;_id&quot;:&quot;c5421a5&quot;,&quot;vimeo_url&quot;:null,&quot;index&quot;:0,&quot;type&quot;:&quot;youtube&quot;,&quot;is_external_url&quot;:null,&quot;hosted_url&quot;:null,&quot;external_url&quot;:null,&quot;section_html_tag&quot;:null,&quot;video_html_tag&quot;:&quot;h4&quot;,&quot;inner_tab_is_content_visible&quot;:&quot;&quot;,&quot;inner_tab_content_1&quot;:null,&quot;inner_tab_content_2&quot;:null},{&quot;_id&quot;:&quot;51b192a&quot;,&quot;youtube_url&quot;:&quot;https:\\\/\\\/youtu.be\\\/0a2stGWi_io?si=mmw9f_jRfSWW4Psq&quot;,&quot;vimeo_url&quot;:null,&quot;title&quot;:&quot;Band&#039;a BAF - M\\u00fasicas de capoeira - Carnaval no centro&quot;,&quot;thumbnail&quot;:{&quot;url&quot;:&quot;https:\\\/\\\/www.brasilafro.net\\\/wordpress\\\/wp-content\\\/uploads\\\/2017\\\/03\\\/Copyright-Festival-Capoeira-Cherbourg.jpg&quot;,&quot;id&quot;:10904,&quot;size&quot;:&quot;&quot;,&quot;alt&quot;:&quot;&quot;,&quot;source&quot;:&quot;library&quot;},&quot;index&quot;:1,&quot;type&quot;:&quot;youtube&quot;,&quot;is_external_url&quot;:null,&quot;hosted_url&quot;:null,&quot;external_url&quot;:null,&quot;section_html_tag&quot;:null,&quot;video_html_tag&quot;:&quot;h4&quot;,&quot;duration&quot;:&quot;&quot;,&quot;inner_tab_is_content_visible&quot;:&quot;&quot;,&quot;inner_tab_content_1&quot;:null,&quot;inner_tab_content_2&quot;:null},{&quot;title&quot;:&quot;Carnaval Lille Fives 2012&quot;,&quot;youtube_url&quot;:&quot;https:\\\/\\\/youtu.be\\\/f0rUZedAudc?si=DEkud1XH3XYxOIyw&quot;,&quot;duration&quot;:&quot;3:12&quot;,&quot;thumbnail&quot;:{&quot;url&quot;:&quot;https:\\\/\\\/www.brasilafro.net\\\/wordpress\\\/wp-content\\\/uploads\\\/2024\\\/01\\\/eveilmusical\\u00a9__-1080495-1.jpg&quot;,&quot;id&quot;:14258,&quot;size&quot;:&quot;&quot;,&quot;alt&quot;:&quot;&quot;,&quot;source&quot;:&quot;library&quot;},&quot;_id&quot;:&quot;9f01e0c&quot;,&quot;vimeo_url&quot;:null,&quot;index&quot;:2,&quot;type&quot;:&quot;youtube&quot;,&quot;is_external_url&quot;:null,&quot;hosted_url&quot;:null,&quot;external_url&quot;:null,&quot;section_html_tag&quot;:null,&quot;video_html_tag&quot;:&quot;h4&quot;,&quot;inner_tab_is_content_visible&quot;:&quot;&quot;,&quot;inner_tab_content_1&quot;:null,&quot;inner_tab_content_2&quot;:null},{&quot;_id&quot;:&quot;6152b08&quot;,&quot;youtube_url&quot;:&quot;https:\\\/\\\/youtu.be\\\/_HbZQ-ToR4M?si=BnloocJw_EvzkvND&quot;,&quot;vimeo_url&quot;:null,&quot;title&quot;:&quot;As crian\\u00e7as do Lille Fives est\\u00e3o fazendo seu carnaval!&quot;,&quot;thumbnail&quot;:{&quot;url&quot;:&quot;https:\\\/\\\/www.brasilafro.net\\\/wordpress\\\/wp-content\\\/uploads\\\/2017\\\/03\\\/Carnaval-Do-Axe-Copytight-Brasil-Afro-Funk.jpg&quot;,&quot;id&quot;:10903,&quot;size&quot;:&quot;&quot;,&quot;alt&quot;:&quot;&quot;,&quot;source&quot;:&quot;library&quot;},&quot;index&quot;:3,&quot;type&quot;:&quot;youtube&quot;,&quot;is_external_url&quot;:null,&quot;hosted_url&quot;:null,&quot;external_url&quot;:null,&quot;section_html_tag&quot;:null,&quot;video_html_tag&quot;:&quot;h4&quot;,&quot;duration&quot;:&quot;&quot;,&quot;inner_tab_is_content_visible&quot;:&quot;&quot;,&quot;inner_tab_content_1&quot;:null,&quot;inner_tab_content_2&quot;:null},{&quot;_id&quot;:&quot;0a0aba0&quot;,&quot;youtube_url&quot;:&quot;https:\\\/\\\/youtu.be\\\/jXGK8e3UwRM?si=HL4ovz2Of3dAph8M&quot;,&quot;vimeo_url&quot;:null,&quot;title&quot;:&quot;Lavagem Do Bonfim - Brasil Afro Funk&quot;,&quot;thumbnail&quot;:{&quot;url&quot;:&quot;https:\\\/\\\/www.brasilafro.net\\\/wordpress\\\/wp-content\\\/uploads\\\/2024\\\/01\\\/3-HIstcarnavalAxe2NosSpectacles-Animation-de-rue5.jpg&quot;,&quot;id&quot;:13850,&quot;size&quot;:&quot;&quot;,&quot;alt&quot;:&quot;&quot;,&quot;source&quot;:&quot;library&quot;},&quot;index&quot;:4,&quot;type&quot;:&quot;youtube&quot;,&quot;is_external_url&quot;:null,&quot;hosted_url&quot;:null,&quot;external_url&quot;:null,&quot;section_html_tag&quot;:null,&quot;video_html_tag&quot;:&quot;h4&quot;,&quot;duration&quot;:&quot;&quot;,&quot;inner_tab_is_content_visible&quot;:&quot;&quot;,&quot;inner_tab_content_1&quot;:null,&quot;inner_tab_content_2&quot;:null},{&quot;_id&quot;:&quot;a288650&quot;,&quot;youtube_url&quot;:&quot;https:\\\/\\\/youtu.be\\\/YMnCSRMcp8k?si=lUycsMpHZlJfOw5X&quot;,&quot;vimeo_url&quot;:null,&quot;title&quot;:&quot;Conceic\\u00e3o - Bloco Samba Bahia - Desfile de Abertura Renaissance Lille3000&quot;,&quot;thumbnail&quot;:{&quot;url&quot;:&quot;https:\\\/\\\/www.brasilafro.net\\\/wordpress\\\/wp-content\\\/uploads\\\/2024\\\/01\\\/1carnaval-danse-2-copie-scaled.jpg&quot;,&quot;id&quot;:13695,&quot;size&quot;:&quot;&quot;,&quot;alt&quot;:&quot;&quot;,&quot;source&quot;:&quot;library&quot;},&quot;index&quot;:5,&quot;type&quot;:&quot;youtube&quot;,&quot;is_external_url&quot;:null,&quot;hosted_url&quot;:null,&quot;external_url&quot;:null,&quot;section_html_tag&quot;:null,&quot;video_html_tag&quot;:&quot;h4&quot;,&quot;duration&quot;:&quot;&quot;,&quot;inner_tab_is_content_visible&quot;:&quot;&quot;,&quot;inner_tab_content_1&quot;:null,&quot;inner_tab_content_2&quot;:null}],&quot;inner_tab_title_1&quot;:&quot;Guia n\\u00ba 1&quot;,&quot;inner_tab_title_2&quot;:&quot;Guia n\\u00ba 2&quot;}\" data-widget_type=\"video-playlist.default\">\n\t\t\t\t<div class=\"elementor-widget-container\">\n\t\t\t\t\t\n\t\t<div class=\"e-tabs\" role=\"region\" aria-labelledby=\"e-playlist-bc24b7c\">\n\t\t\t<div class=\"e-tabs-main-area\">\n\t\t\t\t<div class=\"e-tabs-wrapper\">\n\t\t\t\t\t<div class=\"e-tabs-header\">\n\t\t\t\t\t\t<div class=\"e-tabs-title\" id=\"e-playlist-bc24b7c\"><\/div>\n\t\t\t\t\t\t<div class=\"e-tabs-header-right-side\">\n\t\t\t\t\t\t\t\t\t\t\t\t\t\t\t<span class=\"e-tabs-videos-count\">6 Videos<\/span>\n\t\t\t\t\t\t\t\t\t\t\t\t\t\t<svg aria-hidden=\"true\" class=\"e-tabs-toggle-videos-display-button rotate-down e-font-icon-svg e-eicon-caret-down\" viewBox=\"0 0 571.4 571.4\" xmlns=\"http:\/\/www.w3.org\/2000\/svg\"><path d=\"M571 393Q571 407 561 418L311 668Q300 679 286 679T261 668L11 418Q0 407 0 393T11 368 36 357H536Q550 357 561 368T571 393Z\"><\/path><\/svg>\t\t\t\t\t\t<\/div>\n\t\t\t\t\t<\/div>\n\t\t\t\t\t<div class=\"e-tabs-items-wrapper\">\n\t\t\t\t\t\t<div class=\"e-tabs-items\" role=\"tablist\">\n\t\t\t\t\t\t\t\t\t\t\t\t\t\t\t\t\t\t\t\t\t\t\t\t<div id=\"e-tab-title-1971\" class=\"e-tab-title e-tab-desktop-title\" aria-selected=\"true\" data-tab=\"1\" role=\"tab\" tabindex=\"0\" aria-controls=\"e-tab-content-1971\">\n\t\t\t\t\t\t\t\t\t\t\t\t\t\t\t\t\t\t\t\t\t<div class=\"e-tab-thumbnail\">\n\t\t\t\t\t\t\t\t\t\t\t\t\t\t\t\t\t\t\t\t\t\t\t\t\t<img decoding=\"async\" src=\"https:\/\/www.brasilafro.net\/wordpress\/wp-content\/uploads\/2024\/01\/unnamed-4.jpg\" alt=\"Brasil Afro Funk na Parada Renascentista\" loading=\"lazy\" \/>\n\t\t\t\t\t\t\t\t\t\t\t\t\t\t\t\t\t\t\t\t\t\t\t\t<span class=\"icon-play\"><svg aria-hidden=\"true\" class=\"e-font-icon-svg e-fas-play-circle\" viewBox=\"0 0 512 512\" xmlns=\"http:\/\/www.w3.org\/2000\/svg\"><path d=\"M256 8C119 8 8 119 8 256s111 248 248 248 248-111 248-248S393 8 256 8zm115.7 272l-176 101c-15.8 8.8-35.7-2.5-35.7-21V152c0-18.4 19.8-29.8 35.7-21l176 107c16.4 9.2 16.4 32.9 0 42z\"><\/path><\/svg><\/span>\n\t\t\t\t\t\t\t\t\t\t\t\t<span class=\"icon-watched\"><svg aria-hidden=\"true\" class=\"e-font-icon-svg e-fas-check-circle\" viewBox=\"0 0 512 512\" xmlns=\"http:\/\/www.w3.org\/2000\/svg\"><path d=\"M504 256c0 136.967-111.033 248-248 248S8 392.967 8 256 119.033 8 256 8s248 111.033 248 248zM227.314 387.314l184-184c6.248-6.248 6.248-16.379 0-22.627l-22.627-22.627c-6.248-6.249-16.379-6.249-22.628 0L216 308.118l-70.059-70.059c-6.248-6.248-16.379-6.248-22.628 0l-22.627 22.627c-6.248 6.248-6.248 16.379 0 22.627l104 104c6.249 6.249 16.379 6.249 22.628.001z\"><\/path><\/svg><\/span>\n\t\t\t\t\t\t\t\t\t\t\t<\/div>\n\t\t\t\t\t\t\t\t\t\t\t\t\t\t\t\t\t\t\t\t<h4 class=\"e-tab-title-text\">\n\t\t\t\t\t\t\t\t\t\t\t<button type=\"button\">Brasil Afro Funk na Parada Renascentista<\/button>\n\t\t\t\t\t\t\t\t\t\t<\/h4>\n\t\t\t\t\t\t\t\t\t\t\t\t\t\t\t\t\t\t\t\t\t<span class=\"e-tab-duration\">1:15<\/span>\n\t\t\t\t\t\t\t\t\t\t\t\t\t\t\t\t\t\t\t<\/div>\n\t\t\t\t\t\t\t\t\t\t\t\t\t\t\t\t\t\t\t\t\t\t\t\t\t\t\t\t\t\t\t\t<div id=\"e-tab-title-1972\" class=\"e-tab-title e-tab-desktop-title\" aria-selected=\"false\" data-tab=\"2\" role=\"tab\" tabindex=\"-1\" aria-controls=\"e-tab-content-1972\">\n\t\t\t\t\t\t\t\t\t\t\t\t\t\t\t\t\t\t\t\t\t<div class=\"e-tab-thumbnail\">\n\t\t\t\t\t\t\t\t\t\t\t\t\t\t\t\t\t\t\t\t\t\t\t\t\t<img decoding=\"async\" src=\"https:\/\/www.brasilafro.net\/wordpress\/wp-content\/uploads\/2017\/03\/Copyright-Festival-Capoeira-Cherbourg.jpg\" alt=\"Band&#039;a BAF - M\u00fasicas de capoeira - Carnaval no centro\" loading=\"lazy\" \/>\n\t\t\t\t\t\t\t\t\t\t\t\t\t\t\t\t\t\t\t\t\t\t\t\t<span class=\"icon-play\"><svg aria-hidden=\"true\" class=\"e-font-icon-svg e-fas-play-circle\" viewBox=\"0 0 512 512\" xmlns=\"http:\/\/www.w3.org\/2000\/svg\"><path d=\"M256 8C119 8 8 119 8 256s111 248 248 248 248-111 248-248S393 8 256 8zm115.7 272l-176 101c-15.8 8.8-35.7-2.5-35.7-21V152c0-18.4 19.8-29.8 35.7-21l176 107c16.4 9.2 16.4 32.9 0 42z\"><\/path><\/svg><\/span>\n\t\t\t\t\t\t\t\t\t\t\t\t<span class=\"icon-watched\"><svg aria-hidden=\"true\" class=\"e-font-icon-svg e-fas-check-circle\" viewBox=\"0 0 512 512\" xmlns=\"http:\/\/www.w3.org\/2000\/svg\"><path d=\"M504 256c0 136.967-111.033 248-248 248S8 392.967 8 256 119.033 8 256 8s248 111.033 248 248zM227.314 387.314l184-184c6.248-6.248 6.248-16.379 0-22.627l-22.627-22.627c-6.248-6.249-16.379-6.249-22.628 0L216 308.118l-70.059-70.059c-6.248-6.248-16.379-6.248-22.628 0l-22.627 22.627c-6.248 6.248-6.248 16.379 0 22.627l104 104c6.249 6.249 16.379 6.249 22.628.001z\"><\/path><\/svg><\/span>\n\t\t\t\t\t\t\t\t\t\t\t<\/div>\n\t\t\t\t\t\t\t\t\t\t\t\t\t\t\t\t\t\t\t\t<h4 class=\"e-tab-title-text\">\n\t\t\t\t\t\t\t\t\t\t\t<button type=\"button\">Band'a BAF - M\u00fasicas de capoeira - Carnaval no centro<\/button>\n\t\t\t\t\t\t\t\t\t\t<\/h4>\n\t\t\t\t\t\t\t\t\t\t\t\t\t\t\t\t\t\t\t<\/div>\n\t\t\t\t\t\t\t\t\t\t\t\t\t\t\t\t\t\t\t\t\t\t\t\t\t\t\t\t\t\t\t\t<div id=\"e-tab-title-1973\" class=\"e-tab-title e-tab-desktop-title\" aria-selected=\"false\" data-tab=\"3\" role=\"tab\" tabindex=\"-1\" aria-controls=\"e-tab-content-1973\">\n\t\t\t\t\t\t\t\t\t\t\t\t\t\t\t\t\t\t\t\t\t<div class=\"e-tab-thumbnail\">\n\t\t\t\t\t\t\t\t\t\t\t\t\t\t\t\t\t\t\t\t\t\t\t\t\t<img decoding=\"async\" src=\"https:\/\/www.brasilafro.net\/wordpress\/wp-content\/uploads\/2024\/01\/eveilmusical\u00a9__-1080495-1.jpg\" alt=\"Carnaval Lille Fives 2012\" loading=\"lazy\" \/>\n\t\t\t\t\t\t\t\t\t\t\t\t\t\t\t\t\t\t\t\t\t\t\t\t<span class=\"icon-play\"><svg aria-hidden=\"true\" class=\"e-font-icon-svg e-fas-play-circle\" viewBox=\"0 0 512 512\" xmlns=\"http:\/\/www.w3.org\/2000\/svg\"><path d=\"M256 8C119 8 8 119 8 256s111 248 248 248 248-111 248-248S393 8 256 8zm115.7 272l-176 101c-15.8 8.8-35.7-2.5-35.7-21V152c0-18.4 19.8-29.8 35.7-21l176 107c16.4 9.2 16.4 32.9 0 42z\"><\/path><\/svg><\/span>\n\t\t\t\t\t\t\t\t\t\t\t\t<span class=\"icon-watched\"><svg aria-hidden=\"true\" class=\"e-font-icon-svg e-fas-check-circle\" viewBox=\"0 0 512 512\" xmlns=\"http:\/\/www.w3.org\/2000\/svg\"><path d=\"M504 256c0 136.967-111.033 248-248 248S8 392.967 8 256 119.033 8 256 8s248 111.033 248 248zM227.314 387.314l184-184c6.248-6.248 6.248-16.379 0-22.627l-22.627-22.627c-6.248-6.249-16.379-6.249-22.628 0L216 308.118l-70.059-70.059c-6.248-6.248-16.379-6.248-22.628 0l-22.627 22.627c-6.248 6.248-6.248 16.379 0 22.627l104 104c6.249 6.249 16.379 6.249 22.628.001z\"><\/path><\/svg><\/span>\n\t\t\t\t\t\t\t\t\t\t\t<\/div>\n\t\t\t\t\t\t\t\t\t\t\t\t\t\t\t\t\t\t\t\t<h4 class=\"e-tab-title-text\">\n\t\t\t\t\t\t\t\t\t\t\t<button type=\"button\">Carnaval Lille Fives 2012<\/button>\n\t\t\t\t\t\t\t\t\t\t<\/h4>\n\t\t\t\t\t\t\t\t\t\t\t\t\t\t\t\t\t\t\t\t\t<span class=\"e-tab-duration\">3:12<\/span>\n\t\t\t\t\t\t\t\t\t\t\t\t\t\t\t\t\t\t\t<\/div>\n\t\t\t\t\t\t\t\t\t\t\t\t\t\t\t\t\t\t\t\t\t\t\t\t\t\t\t\t\t\t\t\t<div id=\"e-tab-title-1974\" class=\"e-tab-title e-tab-desktop-title\" aria-selected=\"false\" data-tab=\"4\" role=\"tab\" tabindex=\"-1\" aria-controls=\"e-tab-content-1974\">\n\t\t\t\t\t\t\t\t\t\t\t\t\t\t\t\t\t\t\t\t\t<div class=\"e-tab-thumbnail\">\n\t\t\t\t\t\t\t\t\t\t\t\t\t\t\t\t\t\t\t\t\t\t\t\t\t<img decoding=\"async\" src=\"https:\/\/www.brasilafro.net\/wordpress\/wp-content\/uploads\/2017\/03\/Carnaval-Do-Axe-Copytight-Brasil-Afro-Funk.jpg\" alt=\"As crian\u00e7as do Lille Fives est\u00e3o fazendo seu carnaval!\" loading=\"lazy\" \/>\n\t\t\t\t\t\t\t\t\t\t\t\t\t\t\t\t\t\t\t\t\t\t\t\t<span class=\"icon-play\"><svg aria-hidden=\"true\" class=\"e-font-icon-svg e-fas-play-circle\" viewBox=\"0 0 512 512\" xmlns=\"http:\/\/www.w3.org\/2000\/svg\"><path d=\"M256 8C119 8 8 119 8 256s111 248 248 248 248-111 248-248S393 8 256 8zm115.7 272l-176 101c-15.8 8.8-35.7-2.5-35.7-21V152c0-18.4 19.8-29.8 35.7-21l176 107c16.4 9.2 16.4 32.9 0 42z\"><\/path><\/svg><\/span>\n\t\t\t\t\t\t\t\t\t\t\t\t<span class=\"icon-watched\"><svg aria-hidden=\"true\" class=\"e-font-icon-svg e-fas-check-circle\" viewBox=\"0 0 512 512\" xmlns=\"http:\/\/www.w3.org\/2000\/svg\"><path d=\"M504 256c0 136.967-111.033 248-248 248S8 392.967 8 256 119.033 8 256 8s248 111.033 248 248zM227.314 387.314l184-184c6.248-6.248 6.248-16.379 0-22.627l-22.627-22.627c-6.248-6.249-16.379-6.249-22.628 0L216 308.118l-70.059-70.059c-6.248-6.248-16.379-6.248-22.628 0l-22.627 22.627c-6.248 6.248-6.248 16.379 0 22.627l104 104c6.249 6.249 16.379 6.249 22.628.001z\"><\/path><\/svg><\/span>\n\t\t\t\t\t\t\t\t\t\t\t<\/div>\n\t\t\t\t\t\t\t\t\t\t\t\t\t\t\t\t\t\t\t\t<h4 class=\"e-tab-title-text\">\n\t\t\t\t\t\t\t\t\t\t\t<button type=\"button\">As crian\u00e7as do Lille Fives est\u00e3o fazendo seu carnaval!<\/button>\n\t\t\t\t\t\t\t\t\t\t<\/h4>\n\t\t\t\t\t\t\t\t\t\t\t\t\t\t\t\t\t\t\t<\/div>\n\t\t\t\t\t\t\t\t\t\t\t\t\t\t\t\t\t\t\t\t\t\t\t\t\t\t\t\t\t\t\t\t<div id=\"e-tab-title-1975\" class=\"e-tab-title e-tab-desktop-title\" aria-selected=\"false\" data-tab=\"5\" role=\"tab\" tabindex=\"-1\" aria-controls=\"e-tab-content-1975\">\n\t\t\t\t\t\t\t\t\t\t\t\t\t\t\t\t\t\t\t\t\t<div class=\"e-tab-thumbnail\">\n\t\t\t\t\t\t\t\t\t\t\t\t\t\t\t\t\t\t\t\t\t\t\t\t\t<img decoding=\"async\" src=\"https:\/\/www.brasilafro.net\/wordpress\/wp-content\/uploads\/2024\/01\/3-HIstcarnavalAxe2NosSpectacles-Animation-de-rue5.jpg\" alt=\"Lavagem Do Bonfim - Brasil Afro Funk\" loading=\"lazy\" \/>\n\t\t\t\t\t\t\t\t\t\t\t\t\t\t\t\t\t\t\t\t\t\t\t\t<span class=\"icon-play\"><svg aria-hidden=\"true\" class=\"e-font-icon-svg e-fas-play-circle\" viewBox=\"0 0 512 512\" xmlns=\"http:\/\/www.w3.org\/2000\/svg\"><path d=\"M256 8C119 8 8 119 8 256s111 248 248 248 248-111 248-248S393 8 256 8zm115.7 272l-176 101c-15.8 8.8-35.7-2.5-35.7-21V152c0-18.4 19.8-29.8 35.7-21l176 107c16.4 9.2 16.4 32.9 0 42z\"><\/path><\/svg><\/span>\n\t\t\t\t\t\t\t\t\t\t\t\t<span class=\"icon-watched\"><svg aria-hidden=\"true\" class=\"e-font-icon-svg e-fas-check-circle\" viewBox=\"0 0 512 512\" xmlns=\"http:\/\/www.w3.org\/2000\/svg\"><path d=\"M504 256c0 136.967-111.033 248-248 248S8 392.967 8 256 119.033 8 256 8s248 111.033 248 248zM227.314 387.314l184-184c6.248-6.248 6.248-16.379 0-22.627l-22.627-22.627c-6.248-6.249-16.379-6.249-22.628 0L216 308.118l-70.059-70.059c-6.248-6.248-16.379-6.248-22.628 0l-22.627 22.627c-6.248 6.248-6.248 16.379 0 22.627l104 104c6.249 6.249 16.379 6.249 22.628.001z\"><\/path><\/svg><\/span>\n\t\t\t\t\t\t\t\t\t\t\t<\/div>\n\t\t\t\t\t\t\t\t\t\t\t\t\t\t\t\t\t\t\t\t<h4 class=\"e-tab-title-text\">\n\t\t\t\t\t\t\t\t\t\t\t<button type=\"button\">Lavagem Do Bonfim - Brasil Afro Funk<\/button>\n\t\t\t\t\t\t\t\t\t\t<\/h4>\n\t\t\t\t\t\t\t\t\t\t\t\t\t\t\t\t\t\t\t<\/div>\n\t\t\t\t\t\t\t\t\t\t\t\t\t\t\t\t\t\t\t\t\t\t\t\t\t\t\t\t\t\t\t\t<div id=\"e-tab-title-1976\" class=\"e-tab-title e-tab-desktop-title\" aria-selected=\"false\" data-tab=\"6\" role=\"tab\" tabindex=\"-1\" aria-controls=\"e-tab-content-1976\">\n\t\t\t\t\t\t\t\t\t\t\t\t\t\t\t\t\t\t\t\t\t<div class=\"e-tab-thumbnail\">\n\t\t\t\t\t\t\t\t\t\t\t\t\t\t\t\t\t\t\t\t\t\t\t\t\t<img decoding=\"async\" src=\"https:\/\/www.brasilafro.net\/wordpress\/wp-content\/uploads\/2024\/01\/1carnaval-danse-2-copie-scaled.jpg\" alt=\"Conceic\u00e3o - Bloco Samba Bahia - Desfile de Abertura Renaissance Lille3000\" loading=\"lazy\" \/>\n\t\t\t\t\t\t\t\t\t\t\t\t\t\t\t\t\t\t\t\t\t\t\t\t<span class=\"icon-play\"><svg aria-hidden=\"true\" class=\"e-font-icon-svg e-fas-play-circle\" viewBox=\"0 0 512 512\" xmlns=\"http:\/\/www.w3.org\/2000\/svg\"><path d=\"M256 8C119 8 8 119 8 256s111 248 248 248 248-111 248-248S393 8 256 8zm115.7 272l-176 101c-15.8 8.8-35.7-2.5-35.7-21V152c0-18.4 19.8-29.8 35.7-21l176 107c16.4 9.2 16.4 32.9 0 42z\"><\/path><\/svg><\/span>\n\t\t\t\t\t\t\t\t\t\t\t\t<span class=\"icon-watched\"><svg aria-hidden=\"true\" class=\"e-font-icon-svg e-fas-check-circle\" viewBox=\"0 0 512 512\" xmlns=\"http:\/\/www.w3.org\/2000\/svg\"><path d=\"M504 256c0 136.967-111.033 248-248 248S8 392.967 8 256 119.033 8 256 8s248 111.033 248 248zM227.314 387.314l184-184c6.248-6.248 6.248-16.379 0-22.627l-22.627-22.627c-6.248-6.249-16.379-6.249-22.628 0L216 308.118l-70.059-70.059c-6.248-6.248-16.379-6.248-22.628 0l-22.627 22.627c-6.248 6.248-6.248 16.379 0 22.627l104 104c6.249 6.249 16.379 6.249 22.628.001z\"><\/path><\/svg><\/span>\n\t\t\t\t\t\t\t\t\t\t\t<\/div>\n\t\t\t\t\t\t\t\t\t\t\t\t\t\t\t\t\t\t\t\t<h4 class=\"e-tab-title-text\">\n\t\t\t\t\t\t\t\t\t\t\t<button type=\"button\">Conceic\u00e3o - Bloco Samba Bahia - Desfile de Abertura Renaissance Lille3000<\/button>\n\t\t\t\t\t\t\t\t\t\t<\/h4>\n\t\t\t\t\t\t\t\t\t\t\t\t\t\t\t\t\t\t\t<\/div>\n\t\t\t\t\t\t\t\t\t\t\t\t\t\t\t\t\t\t\t\t\t<\/div>\n\t\t\t\t\t\t<div class=\"shadow shadow-top\" aria-hidden=\"true\"><\/div>\n\t\t\t\t\t\t<div class=\"shadow shadow-bottom\" aria-hidden=\"true\"><\/div>\n\t\t\t\t\t<\/div>\n\t\t\t\t<\/div>\n\n\t\t\t\t<div class=\"e-tabs-content-wrapper\" role=\"tablist\" aria-orientation=\"vertical\">\n\t\t\t\t\t\t\t\t\t\t\t<div id=\"e-tab-content-1971\" class=\"e-tab-content elementor-clearfix\" data-tab=\"1\" role=\"tabpanel\" aria-labelledby=\"e-tab-title-1971\" tabindex=\"0\" data-video-url=\"https:\/\/youtu.be\/djbvq2oI3hQ?si=uEATJ1xBwYApkLTS\" data-video-type=\"youtube\" data-video-title=\"Brasil Afro Funk na Parada Renascentista\" data-video-duration=\"1:15\">\n\t\t\t\t\t\t\t<div><\/div>\n\t\t\t\t\t\t\t\t\t\t\t\t\t<\/div>\n\t\t\t\t\t\t\t\t\t\t\t<div id=\"e-tab-content-1972\" class=\"e-tab-content elementor-clearfix\" data-tab=\"2\" role=\"tabpanel\" aria-labelledby=\"e-tab-title-1972\" tabindex=\"0\" data-video-url=\"https:\/\/youtu.be\/0a2stGWi_io?si=mmw9f_jRfSWW4Psq\" data-video-type=\"youtube\" data-video-title=\"Band&#039;a BAF - M\u00fasicas de capoeira - Carnaval no centro\" data-video-duration=\"\" hidden=\"hidden\">\n\t\t\t\t\t\t\t<div><\/div>\n\t\t\t\t\t\t\t\t\t\t\t\t\t<\/div>\n\t\t\t\t\t\t\t\t\t\t\t<div id=\"e-tab-content-1973\" class=\"e-tab-content elementor-clearfix\" data-tab=\"3\" role=\"tabpanel\" aria-labelledby=\"e-tab-title-1973\" tabindex=\"0\" data-video-url=\"https:\/\/youtu.be\/f0rUZedAudc?si=DEkud1XH3XYxOIyw\" data-video-type=\"youtube\" data-video-title=\"Carnaval Lille Fives 2012\" data-video-duration=\"3:12\" hidden=\"hidden\">\n\t\t\t\t\t\t\t<div><\/div>\n\t\t\t\t\t\t\t\t\t\t\t\t\t<\/div>\n\t\t\t\t\t\t\t\t\t\t\t<div id=\"e-tab-content-1974\" class=\"e-tab-content elementor-clearfix\" data-tab=\"4\" role=\"tabpanel\" aria-labelledby=\"e-tab-title-1974\" tabindex=\"0\" data-video-url=\"https:\/\/youtu.be\/_HbZQ-ToR4M?si=BnloocJw_EvzkvND\" data-video-type=\"youtube\" data-video-title=\"As crian\u00e7as do Lille Fives est\u00e3o fazendo seu carnaval!\" data-video-duration=\"\" hidden=\"hidden\">\n\t\t\t\t\t\t\t<div><\/div>\n\t\t\t\t\t\t\t\t\t\t\t\t\t<\/div>\n\t\t\t\t\t\t\t\t\t\t\t<div id=\"e-tab-content-1975\" class=\"e-tab-content elementor-clearfix\" data-tab=\"5\" role=\"tabpanel\" aria-labelledby=\"e-tab-title-1975\" tabindex=\"0\" data-video-url=\"https:\/\/youtu.be\/jXGK8e3UwRM?si=HL4ovz2Of3dAph8M\" data-video-type=\"youtube\" data-video-title=\"Lavagem Do Bonfim - Brasil Afro Funk\" data-video-duration=\"\" hidden=\"hidden\">\n\t\t\t\t\t\t\t<div><\/div>\n\t\t\t\t\t\t\t\t\t\t\t\t\t<\/div>\n\t\t\t\t\t\t\t\t\t\t\t<div id=\"e-tab-content-1976\" class=\"e-tab-content elementor-clearfix\" data-tab=\"6\" role=\"tabpanel\" aria-labelledby=\"e-tab-title-1976\" tabindex=\"0\" data-video-url=\"https:\/\/youtu.be\/YMnCSRMcp8k?si=lUycsMpHZlJfOw5X\" data-video-type=\"youtube\" data-video-title=\"Conceic\u00e3o - Bloco Samba Bahia - Desfile de Abertura Renaissance Lille3000\" data-video-duration=\"\" hidden=\"hidden\">\n\t\t\t\t\t\t\t<div><\/div>\n\t\t\t\t\t\t\t\t\t\t\t\t\t<\/div>\n\t\t\t\t\t\t\t\t\t<\/div>\n\t\t\t<\/div>\n\n\t\t\t<div class=\"e-tabs-inner-tabs\" >\n\t\t\t\t\t\t\t\t\t\t\t\t\t\t\t\t\t\t\t\t\t\t\t\t\t\t\t\t\t\t\t\t\t\t\t\t\t\t\t\t\t\t\t\t\t\t\t\t\t\t\t\t\t\t\t\t\t\t\t\t\t<\/div>\n\t\t<\/div>\n\t\t\t\t\t\t<\/div>\n\t\t\t\t<\/div>\n\t\t\t\t<\/div>\n\t\t\t\t\t<\/div>\n\t\t\t\t<\/div>\n\t\t<div class=\"elementor-element elementor-element-f8d679f e-flex e-con-boxed wpr-particle-no wpr-jarallax-no wpr-parallax-no wpr-sticky-section-no wpr-equal-height-no e-con e-parent\" data-id=\"f8d679f\" data-element_type=\"container\" data-e-type=\"container\">\n\t\t\t\t\t<div class=\"e-con-inner\">\n\t\t\t\t<div class=\"elementor-element elementor-element-f876b0f elementor-widget elementor-widget-heading\" data-id=\"f876b0f\" data-element_type=\"widget\" data-e-type=\"widget\" data-widget_type=\"heading.default\">\n\t\t\t\t<div class=\"elementor-widget-container\">\n\t\t\t\t\t<h2 class=\"elementor-heading-title elementor-size-default\">Baile de carnaval\/ensaio\n<\/h2>\t\t\t\t<\/div>\n\t\t\t\t<\/div>\n\t\t\t\t\t<\/div>\n\t\t\t\t<\/div>\n\t\t<div class=\"elementor-element elementor-element-59a9136 e-flex e-con-boxed wpr-particle-no wpr-jarallax-no wpr-parallax-no wpr-sticky-section-no wpr-equal-height-no e-con e-parent\" data-id=\"59a9136\" data-element_type=\"container\" data-e-type=\"container\">\n\t\t\t\t\t<div class=\"e-con-inner\">\n\t\t\t\t<div class=\"elementor-element elementor-element-bb9aafd elementor-widget elementor-widget-text-editor\" data-id=\"bb9aafd\" data-element_type=\"widget\" data-e-type=\"widget\" data-widget_type=\"text-editor.default\">\n\t\t\t\t<div class=\"elementor-widget-container\">\n\t\t\t\t\t\t\t\t\t<p><span style=\"font-weight: 400;\">Os tambores est\u00e3o prontos, os dan\u00e7arinos est\u00e3o se aquecendo e o p\u00fablico est\u00e1 se reunindo. \u00c9 hora do baile de carnaval, o grande ensaio geral antes de sair \u00e0s ruas para o desfile. As escolas de samba no Brasil transformam o evento em uma verdadeira festa de bairro, reunindo todos os m\u00fasicos e dan\u00e7arinos para ensaiar juntos ao som de percuss\u00e3o, canto, balan\u00e7o, fantasias multicoloridas, sem esquecer a comida, a bebida e a atmosfera el\u00e9trica da festa. Venha e junte-se a n\u00f3s e voc\u00ea logo se ver\u00e1 molhando os p\u00e9s na pista de dan\u00e7a&#8230; energia contagiante garantida!<\/span><\/p>\n<p><span style=\"font-weight: 400;\">Voc\u00ea pode nos encontrar todos os anos no carnaval em Wazemmes, nosso bairro, mas tamb\u00e9m em muitos outros bairros de Lille e da regi\u00e3o. Siga-nos em nossas redes.<\/span><\/p>\n\t\t\t\t\t\t\t\t<\/div>\n\t\t\t\t<\/div>\n\t\t\t\t\t<\/div>\n\t\t\t\t<\/div>\n\t\t<div class=\"elementor-element elementor-element-fd31f79 e-flex e-con-boxed wpr-particle-no wpr-jarallax-no wpr-parallax-no wpr-sticky-section-no wpr-equal-height-no e-con e-parent\" data-id=\"fd31f79\" data-element_type=\"container\" data-e-type=\"container\">\n\t\t\t\t\t<div class=\"e-con-inner\">\n\t\t<div class=\"elementor-element elementor-element-369eb78 e-con-full e-flex wpr-particle-no wpr-jarallax-no wpr-parallax-no wpr-sticky-section-no wpr-equal-height-no e-con e-child\" data-id=\"369eb78\" data-element_type=\"container\" data-e-type=\"container\">\n\t\t\t\t<div class=\"elementor-element elementor-element-72cb5c2 elementor-widget elementor-widget-qi_addons_for_elementor_image_slider\" data-id=\"72cb5c2\" data-element_type=\"widget\" data-e-type=\"widget\" data-widget_type=\"qi_addons_for_elementor_image_slider.default\">\n\t\t\t\t<div class=\"elementor-widget-container\">\n\t\t\t\t\t<div class=\"qodef-shortcode qodef-m qodef-qi-image-slider qodef-qi-fslightbox-popup qodef-popup-gallery qodef-col-num--1 qodef-qi-grid qodef-qi-swiper-container qodef-navigation--inside qodef-pagination--inside qodef-navigation--hover-move\" data-options=\"{&quot;direction&quot;:&quot;horizontal&quot;,&quot;slidesPerView&quot;:&quot;1&quot;,&quot;spaceBetween&quot;:30,&quot;spaceBetweenTablet&quot;:30,&quot;spaceBetweenMobile&quot;:30,&quot;effect&quot;:&quot;slide&quot;,&quot;loop&quot;:true,&quot;autoplay&quot;:true,&quot;centeredSlides&quot;:false,&quot;speed&quot;:&quot;&quot;,&quot;speedAnimation&quot;:&quot;&quot;,&quot;outsideNavigation&quot;:&quot;no&quot;,&quot;outsidePagination&quot;:&quot;no&quot;,&quot;unique&quot;:573,&quot;partialValue&quot;:0,&quot;disablePartialValue&quot;:&quot;&quot;,&quot;parallax&quot;:&quot;no&quot;}\">\n\t<div class=\"swiper-wrapper\">\n\t\t<div class=\"qodef-e swiper-slide\">\n\t<div class=\"qodef-e-inner\">\n\t\t<div class=\"qodef-e-inner-holder\">\n\t\t\t\t\t\t\t<a class=\"qodef-popup-item\" itemprop=\"image\" href=\"https:\/\/www.brasilafro.net\/wordpress\/wp-content\/uploads\/2024\/01\/2balIMG_6152-scaled.jpg\" data-type=\"image\" data-fslightbox=\"gallery-573\" data-e-disable-page-transition=\u201dtrue\u201d>\n\t\t\t\t\t\t\t<img loading=\"lazy\" decoding=\"async\" src=\"https:\/\/www.brasilafro.net\/wordpress\/wp-content\/uploads\/2024\/01\/2balIMG_6152-scaled-500x300.jpg\" alt=\"\" width=\"500\" height=\"300\" \/>\t\t\t\t\t\t\t<\/a>\n\t\t\t\t\t<\/div>\n\t<\/div>\n\t<\/div>\n<div class=\"qodef-e swiper-slide\">\n\t<div class=\"qodef-e-inner\">\n\t\t<div class=\"qodef-e-inner-holder\">\n\t\t\t\t\t\t\t<a class=\"qodef-popup-item\" itemprop=\"image\" href=\"https:\/\/www.brasilafro.net\/wordpress\/wp-content\/uploads\/2024\/01\/2bal\u00a9__-1110908.jpg\" data-type=\"image\" data-fslightbox=\"gallery-573\" data-e-disable-page-transition=\u201dtrue\u201d>\n\t\t\t\t\t\t\t<img loading=\"lazy\" decoding=\"async\" src=\"https:\/\/www.brasilafro.net\/wordpress\/wp-content\/uploads\/2024\/01\/2bal\u00a9__-1110908-500x300.jpg\" alt=\"\" width=\"500\" height=\"300\" \/>\t\t\t\t\t\t\t<\/a>\n\t\t\t\t\t<\/div>\n\t<\/div>\n\t<\/div>\n<div class=\"qodef-e swiper-slide\">\n\t<div class=\"qodef-e-inner\">\n\t\t<div class=\"qodef-e-inner-holder\">\n\t\t\t\t\t\t\t<a class=\"qodef-popup-item\" itemprop=\"image\" href=\"https:\/\/www.brasilafro.net\/wordpress\/wp-content\/uploads\/2024\/01\/2bal\u00a9__-1110716.jpg\" data-type=\"image\" data-fslightbox=\"gallery-573\" data-e-disable-page-transition=\u201dtrue\u201d>\n\t\t\t\t\t\t\t<img loading=\"lazy\" decoding=\"async\" src=\"https:\/\/www.brasilafro.net\/wordpress\/wp-content\/uploads\/2024\/01\/2bal\u00a9__-1110716-500x300.jpg\" alt=\"\" width=\"500\" height=\"300\" \/>\t\t\t\t\t\t\t<\/a>\n\t\t\t\t\t<\/div>\n\t<\/div>\n\t<\/div>\n\t<\/div>\n\t\t<div class=\"swiper-button-prev\"><svg class=\"qodef-swiper-arrow-left\" xmlns=\"http:\/\/www.w3.org\/2000\/svg\" x=\"0px\" y=\"0px\" viewBox=\"0 0 34.2 32.3\" xml:space=\"preserve\" style=\"stroke-width: 2;\"><line x1=\"0.5\" y1=\"16\" x2=\"33.5\" y2=\"16\"\/><line x1=\"0.3\" y1=\"16.5\" x2=\"16.2\" y2=\"0.7\"\/><line x1=\"0\" y1=\"15.4\" x2=\"16.2\" y2=\"31.6\"\/><\/svg><\/div>\n\t<div class=\"swiper-button-next\"><svg class=\"qodef-swiper-arrow-right\" xmlns=\"http:\/\/www.w3.org\/2000\/svg\" x=\"0px\" y=\"0px\" viewBox=\"0 0 34.2 32.3\" xml:space=\"preserve\" style=\"stroke-width: 2;\"><line x1=\"0\" y1=\"16\" x2=\"33\" y2=\"16\"\/><line x1=\"17.3\" y1=\"0.7\" x2=\"33.2\" y2=\"16.5\"\/><line x1=\"17.3\" y1=\"31.6\" x2=\"33.5\" y2=\"15.4\"\/><\/svg><\/div>\n\t<div class=\"swiper-pagination\"><\/div>\n<\/div>\n\t\t\t\t<\/div>\n\t\t\t\t<\/div>\n\t\t\t\t<\/div>\n\t\t<div class=\"elementor-element elementor-element-effb17a e-con-full e-flex wpr-particle-no wpr-jarallax-no wpr-parallax-no wpr-sticky-section-no wpr-equal-height-no e-con e-child\" data-id=\"effb17a\" data-element_type=\"container\" data-e-type=\"container\">\n\t\t\t\t<div class=\"elementor-element elementor-element-2eadbca elementor-layout-start e-tabs-view-vertical elementor-widget elementor-widget-video-playlist\" data-id=\"2eadbca\" data-element_type=\"widget\" data-e-type=\"widget\" data-settings=\"{&quot;tabs&quot;:[{&quot;title&quot;:&quot;Bola\\\/ensaio&quot;,&quot;youtube_url&quot;:&quot;https:\\\/\\\/youtu.be\\\/MdBKla14gNE?si=SFmuThdCVnfoGj5q&quot;,&quot;duration&quot;:&quot;1:15&quot;,&quot;thumbnail&quot;:{&quot;url&quot;:&quot;https:\\\/\\\/www.brasilafro.net\\\/wordpress\\\/wp-content\\\/uploads\\\/2024\\\/01\\\/unnamed-4.jpg&quot;,&quot;id&quot;:14260,&quot;size&quot;:&quot;&quot;,&quot;alt&quot;:&quot;&quot;,&quot;source&quot;:&quot;library&quot;},&quot;_id&quot;:&quot;c5421a5&quot;,&quot;vimeo_url&quot;:null,&quot;index&quot;:0,&quot;type&quot;:&quot;youtube&quot;,&quot;is_external_url&quot;:null,&quot;hosted_url&quot;:null,&quot;external_url&quot;:null,&quot;section_html_tag&quot;:null,&quot;video_html_tag&quot;:&quot;h4&quot;,&quot;inner_tab_is_content_visible&quot;:&quot;&quot;,&quot;inner_tab_content_1&quot;:null,&quot;inner_tab_content_2&quot;:null},{&quot;title&quot;:&quot;Baile de Carnaval Brasileiro 2023&quot;,&quot;youtube_url&quot;:&quot;https:\\\/\\\/youtu.be\\\/4m1XFu2l7kw?si=_1OxGCU5xeEids3t&quot;,&quot;duration&quot;:&quot;3:12&quot;,&quot;thumbnail&quot;:{&quot;url&quot;:&quot;https:\\\/\\\/www.brasilafro.net\\\/wordpress\\\/wp-content\\\/uploads\\\/2024\\\/01\\\/eveilmusical\\u00a9__-1080495-1.jpg&quot;,&quot;id&quot;:14258,&quot;size&quot;:&quot;&quot;,&quot;alt&quot;:&quot;&quot;,&quot;source&quot;:&quot;library&quot;},&quot;_id&quot;:&quot;9f01e0c&quot;,&quot;vimeo_url&quot;:null,&quot;index&quot;:1,&quot;type&quot;:&quot;youtube&quot;,&quot;is_external_url&quot;:null,&quot;hosted_url&quot;:null,&quot;external_url&quot;:null,&quot;section_html_tag&quot;:null,&quot;video_html_tag&quot;:&quot;h4&quot;,&quot;inner_tab_is_content_visible&quot;:&quot;&quot;,&quot;inner_tab_content_1&quot;:null,&quot;inner_tab_content_2&quot;:null},{&quot;_id&quot;:&quot;6152b08&quot;,&quot;youtube_url&quot;:&quot;https:\\\/\\\/youtu.be\\\/MdBKla14gNE?si=JQUTa_qb8v6-Umti&quot;,&quot;vimeo_url&quot;:null,&quot;title&quot;:&quot;Carnaval na Barraca Zem&quot;,&quot;thumbnail&quot;:{&quot;url&quot;:&quot;https:\\\/\\\/www.brasilafro.net\\\/wordpress\\\/wp-content\\\/uploads\\\/2017\\\/03\\\/Carnaval-Do-Axe-Copytight-Brasil-Afro-Funk.jpg&quot;,&quot;id&quot;:10903,&quot;size&quot;:&quot;&quot;,&quot;alt&quot;:&quot;&quot;,&quot;source&quot;:&quot;library&quot;},&quot;index&quot;:2,&quot;type&quot;:&quot;youtube&quot;,&quot;is_external_url&quot;:null,&quot;hosted_url&quot;:null,&quot;external_url&quot;:null,&quot;section_html_tag&quot;:null,&quot;video_html_tag&quot;:&quot;h4&quot;,&quot;duration&quot;:&quot;&quot;,&quot;inner_tab_is_content_visible&quot;:&quot;&quot;,&quot;inner_tab_content_1&quot;:null,&quot;inner_tab_content_2&quot;:null},{&quot;_id&quot;:&quot;0a0aba0&quot;,&quot;youtube_url&quot;:&quot;https:\\\/\\\/youtu.be\\\/h56PPPkNK10?si=_uQ-cig1VE1ilmjj&quot;,&quot;vimeo_url&quot;:null,&quot;title&quot;:&quot;Dan\\u00e7a - Samba Jazz - Carnaval de Wazemmes&quot;,&quot;thumbnail&quot;:{&quot;url&quot;:&quot;https:\\\/\\\/www.brasilafro.net\\\/wordpress\\\/wp-content\\\/uploads\\\/2024\\\/01\\\/3-HIstcarnavalAxe2NosSpectacles-Animation-de-rue5.jpg&quot;,&quot;id&quot;:13850,&quot;size&quot;:&quot;&quot;,&quot;alt&quot;:&quot;&quot;,&quot;source&quot;:&quot;library&quot;},&quot;index&quot;:3,&quot;type&quot;:&quot;youtube&quot;,&quot;is_external_url&quot;:null,&quot;hosted_url&quot;:null,&quot;external_url&quot;:null,&quot;section_html_tag&quot;:null,&quot;video_html_tag&quot;:&quot;h4&quot;,&quot;duration&quot;:&quot;&quot;,&quot;inner_tab_is_content_visible&quot;:&quot;&quot;,&quot;inner_tab_content_1&quot;:null,&quot;inner_tab_content_2&quot;:null},{&quot;_id&quot;:&quot;51b192a&quot;,&quot;youtube_url&quot;:&quot;https:\\\/\\\/youtu.be\\\/mrWLnnWTH30?si=Be4kyMQhECmDJZqI&quot;,&quot;vimeo_url&quot;:null,&quot;title&quot;:&quot;Dan\\u00e7a - Toda Menina Baiana - Carnaval Wazemmes&quot;,&quot;thumbnail&quot;:{&quot;url&quot;:&quot;https:\\\/\\\/www.brasilafro.net\\\/wordpress\\\/wp-content\\\/uploads\\\/2024\\\/01\\\/1carnaval-danse-2-copie-scaled.jpg&quot;,&quot;id&quot;:13695,&quot;size&quot;:&quot;&quot;,&quot;alt&quot;:&quot;&quot;,&quot;source&quot;:&quot;library&quot;},&quot;index&quot;:4,&quot;type&quot;:&quot;youtube&quot;,&quot;is_external_url&quot;:null,&quot;hosted_url&quot;:null,&quot;external_url&quot;:null,&quot;section_html_tag&quot;:null,&quot;video_html_tag&quot;:&quot;h4&quot;,&quot;duration&quot;:&quot;&quot;,&quot;inner_tab_is_content_visible&quot;:&quot;&quot;,&quot;inner_tab_content_1&quot;:null,&quot;inner_tab_content_2&quot;:null}],&quot;inner_tab_title_1&quot;:&quot;Guia n\\u00ba 1&quot;,&quot;inner_tab_title_2&quot;:&quot;Guia n\\u00ba 2&quot;}\" data-widget_type=\"video-playlist.default\">\n\t\t\t\t<div class=\"elementor-widget-container\">\n\t\t\t\t\t\n\t\t<div class=\"e-tabs\" role=\"region\" aria-labelledby=\"e-playlist-2eadbca\">\n\t\t\t<div class=\"e-tabs-main-area\">\n\t\t\t\t<div class=\"e-tabs-wrapper\">\n\t\t\t\t\t<div class=\"e-tabs-header\">\n\t\t\t\t\t\t<div class=\"e-tabs-title\" id=\"e-playlist-2eadbca\"><\/div>\n\t\t\t\t\t\t<div class=\"e-tabs-header-right-side\">\n\t\t\t\t\t\t\t\t\t\t\t\t\t\t\t<span class=\"e-tabs-videos-count\">5 Videos<\/span>\n\t\t\t\t\t\t\t\t\t\t\t\t\t\t<svg aria-hidden=\"true\" class=\"e-tabs-toggle-videos-display-button rotate-down e-font-icon-svg e-eicon-caret-down\" viewBox=\"0 0 571.4 571.4\" xmlns=\"http:\/\/www.w3.org\/2000\/svg\"><path d=\"M571 393Q571 407 561 418L311 668Q300 679 286 679T261 668L11 418Q0 407 0 393T11 368 36 357H536Q550 357 561 368T571 393Z\"><\/path><\/svg>\t\t\t\t\t\t<\/div>\n\t\t\t\t\t<\/div>\n\t\t\t\t\t<div class=\"e-tabs-items-wrapper\">\n\t\t\t\t\t\t<div class=\"e-tabs-items\" role=\"tablist\">\n\t\t\t\t\t\t\t\t\t\t\t\t\t\t\t\t\t\t\t\t\t\t\t\t<div id=\"e-tab-title-4891\" class=\"e-tab-title e-tab-desktop-title\" aria-selected=\"true\" data-tab=\"1\" role=\"tab\" tabindex=\"0\" aria-controls=\"e-tab-content-4891\">\n\t\t\t\t\t\t\t\t\t\t\t\t\t\t\t\t\t\t\t\t\t<div class=\"e-tab-thumbnail\">\n\t\t\t\t\t\t\t\t\t\t\t\t\t\t\t\t\t\t\t\t\t\t\t\t\t<img decoding=\"async\" src=\"https:\/\/www.brasilafro.net\/wordpress\/wp-content\/uploads\/2024\/01\/unnamed-4.jpg\" alt=\"Bola\/ensaio\" loading=\"lazy\" \/>\n\t\t\t\t\t\t\t\t\t\t\t\t\t\t\t\t\t\t\t\t\t\t\t\t<span class=\"icon-play\"><svg aria-hidden=\"true\" class=\"e-font-icon-svg e-fas-play-circle\" viewBox=\"0 0 512 512\" xmlns=\"http:\/\/www.w3.org\/2000\/svg\"><path d=\"M256 8C119 8 8 119 8 256s111 248 248 248 248-111 248-248S393 8 256 8zm115.7 272l-176 101c-15.8 8.8-35.7-2.5-35.7-21V152c0-18.4 19.8-29.8 35.7-21l176 107c16.4 9.2 16.4 32.9 0 42z\"><\/path><\/svg><\/span>\n\t\t\t\t\t\t\t\t\t\t\t\t<span class=\"icon-watched\"><svg aria-hidden=\"true\" class=\"e-font-icon-svg e-fas-check-circle\" viewBox=\"0 0 512 512\" xmlns=\"http:\/\/www.w3.org\/2000\/svg\"><path d=\"M504 256c0 136.967-111.033 248-248 248S8 392.967 8 256 119.033 8 256 8s248 111.033 248 248zM227.314 387.314l184-184c6.248-6.248 6.248-16.379 0-22.627l-22.627-22.627c-6.248-6.249-16.379-6.249-22.628 0L216 308.118l-70.059-70.059c-6.248-6.248-16.379-6.248-22.628 0l-22.627 22.627c-6.248 6.248-6.248 16.379 0 22.627l104 104c6.249 6.249 16.379 6.249 22.628.001z\"><\/path><\/svg><\/span>\n\t\t\t\t\t\t\t\t\t\t\t<\/div>\n\t\t\t\t\t\t\t\t\t\t\t\t\t\t\t\t\t\t\t\t<h4 class=\"e-tab-title-text\">\n\t\t\t\t\t\t\t\t\t\t\t<button type=\"button\">Bola\/ensaio<\/button>\n\t\t\t\t\t\t\t\t\t\t<\/h4>\n\t\t\t\t\t\t\t\t\t\t\t\t\t\t\t\t\t\t\t\t\t<span class=\"e-tab-duration\">1:15<\/span>\n\t\t\t\t\t\t\t\t\t\t\t\t\t\t\t\t\t\t\t<\/div>\n\t\t\t\t\t\t\t\t\t\t\t\t\t\t\t\t\t\t\t\t\t\t\t\t\t\t\t\t\t\t\t\t<div id=\"e-tab-title-4892\" class=\"e-tab-title e-tab-desktop-title\" aria-selected=\"false\" data-tab=\"2\" role=\"tab\" tabindex=\"-1\" aria-controls=\"e-tab-content-4892\">\n\t\t\t\t\t\t\t\t\t\t\t\t\t\t\t\t\t\t\t\t\t<div class=\"e-tab-thumbnail\">\n\t\t\t\t\t\t\t\t\t\t\t\t\t\t\t\t\t\t\t\t\t\t\t\t\t<img decoding=\"async\" src=\"https:\/\/www.brasilafro.net\/wordpress\/wp-content\/uploads\/2024\/01\/eveilmusical\u00a9__-1080495-1.jpg\" alt=\"Baile de Carnaval Brasileiro 2023\" loading=\"lazy\" \/>\n\t\t\t\t\t\t\t\t\t\t\t\t\t\t\t\t\t\t\t\t\t\t\t\t<span class=\"icon-play\"><svg aria-hidden=\"true\" class=\"e-font-icon-svg e-fas-play-circle\" viewBox=\"0 0 512 512\" xmlns=\"http:\/\/www.w3.org\/2000\/svg\"><path d=\"M256 8C119 8 8 119 8 256s111 248 248 248 248-111 248-248S393 8 256 8zm115.7 272l-176 101c-15.8 8.8-35.7-2.5-35.7-21V152c0-18.4 19.8-29.8 35.7-21l176 107c16.4 9.2 16.4 32.9 0 42z\"><\/path><\/svg><\/span>\n\t\t\t\t\t\t\t\t\t\t\t\t<span class=\"icon-watched\"><svg aria-hidden=\"true\" class=\"e-font-icon-svg e-fas-check-circle\" viewBox=\"0 0 512 512\" xmlns=\"http:\/\/www.w3.org\/2000\/svg\"><path d=\"M504 256c0 136.967-111.033 248-248 248S8 392.967 8 256 119.033 8 256 8s248 111.033 248 248zM227.314 387.314l184-184c6.248-6.248 6.248-16.379 0-22.627l-22.627-22.627c-6.248-6.249-16.379-6.249-22.628 0L216 308.118l-70.059-70.059c-6.248-6.248-16.379-6.248-22.628 0l-22.627 22.627c-6.248 6.248-6.248 16.379 0 22.627l104 104c6.249 6.249 16.379 6.249 22.628.001z\"><\/path><\/svg><\/span>\n\t\t\t\t\t\t\t\t\t\t\t<\/div>\n\t\t\t\t\t\t\t\t\t\t\t\t\t\t\t\t\t\t\t\t<h4 class=\"e-tab-title-text\">\n\t\t\t\t\t\t\t\t\t\t\t<button type=\"button\">Baile de Carnaval Brasileiro 2023<\/button>\n\t\t\t\t\t\t\t\t\t\t<\/h4>\n\t\t\t\t\t\t\t\t\t\t\t\t\t\t\t\t\t\t\t\t\t<span class=\"e-tab-duration\">3:12<\/span>\n\t\t\t\t\t\t\t\t\t\t\t\t\t\t\t\t\t\t\t<\/div>\n\t\t\t\t\t\t\t\t\t\t\t\t\t\t\t\t\t\t\t\t\t\t\t\t\t\t\t\t\t\t\t\t<div id=\"e-tab-title-4893\" class=\"e-tab-title e-tab-desktop-title\" aria-selected=\"false\" data-tab=\"3\" role=\"tab\" tabindex=\"-1\" aria-controls=\"e-tab-content-4893\">\n\t\t\t\t\t\t\t\t\t\t\t\t\t\t\t\t\t\t\t\t\t<div class=\"e-tab-thumbnail\">\n\t\t\t\t\t\t\t\t\t\t\t\t\t\t\t\t\t\t\t\t\t\t\t\t\t<img decoding=\"async\" src=\"https:\/\/www.brasilafro.net\/wordpress\/wp-content\/uploads\/2017\/03\/Carnaval-Do-Axe-Copytight-Brasil-Afro-Funk.jpg\" alt=\"Carnaval na Barraca Zem\" loading=\"lazy\" \/>\n\t\t\t\t\t\t\t\t\t\t\t\t\t\t\t\t\t\t\t\t\t\t\t\t<span class=\"icon-play\"><svg aria-hidden=\"true\" class=\"e-font-icon-svg e-fas-play-circle\" viewBox=\"0 0 512 512\" xmlns=\"http:\/\/www.w3.org\/2000\/svg\"><path d=\"M256 8C119 8 8 119 8 256s111 248 248 248 248-111 248-248S393 8 256 8zm115.7 272l-176 101c-15.8 8.8-35.7-2.5-35.7-21V152c0-18.4 19.8-29.8 35.7-21l176 107c16.4 9.2 16.4 32.9 0 42z\"><\/path><\/svg><\/span>\n\t\t\t\t\t\t\t\t\t\t\t\t<span class=\"icon-watched\"><svg aria-hidden=\"true\" class=\"e-font-icon-svg e-fas-check-circle\" viewBox=\"0 0 512 512\" xmlns=\"http:\/\/www.w3.org\/2000\/svg\"><path d=\"M504 256c0 136.967-111.033 248-248 248S8 392.967 8 256 119.033 8 256 8s248 111.033 248 248zM227.314 387.314l184-184c6.248-6.248 6.248-16.379 0-22.627l-22.627-22.627c-6.248-6.249-16.379-6.249-22.628 0L216 308.118l-70.059-70.059c-6.248-6.248-16.379-6.248-22.628 0l-22.627 22.627c-6.248 6.248-6.248 16.379 0 22.627l104 104c6.249 6.249 16.379 6.249 22.628.001z\"><\/path><\/svg><\/span>\n\t\t\t\t\t\t\t\t\t\t\t<\/div>\n\t\t\t\t\t\t\t\t\t\t\t\t\t\t\t\t\t\t\t\t<h4 class=\"e-tab-title-text\">\n\t\t\t\t\t\t\t\t\t\t\t<button type=\"button\">Carnaval na Barraca Zem<\/button>\n\t\t\t\t\t\t\t\t\t\t<\/h4>\n\t\t\t\t\t\t\t\t\t\t\t\t\t\t\t\t\t\t\t<\/div>\n\t\t\t\t\t\t\t\t\t\t\t\t\t\t\t\t\t\t\t\t\t\t\t\t\t\t\t\t\t\t\t\t<div id=\"e-tab-title-4894\" class=\"e-tab-title e-tab-desktop-title\" aria-selected=\"false\" data-tab=\"4\" role=\"tab\" tabindex=\"-1\" aria-controls=\"e-tab-content-4894\">\n\t\t\t\t\t\t\t\t\t\t\t\t\t\t\t\t\t\t\t\t\t<div class=\"e-tab-thumbnail\">\n\t\t\t\t\t\t\t\t\t\t\t\t\t\t\t\t\t\t\t\t\t\t\t\t\t<img decoding=\"async\" src=\"https:\/\/www.brasilafro.net\/wordpress\/wp-content\/uploads\/2024\/01\/3-HIstcarnavalAxe2NosSpectacles-Animation-de-rue5.jpg\" alt=\"Dan\u00e7a - Samba Jazz - Carnaval de Wazemmes\" loading=\"lazy\" \/>\n\t\t\t\t\t\t\t\t\t\t\t\t\t\t\t\t\t\t\t\t\t\t\t\t<span class=\"icon-play\"><svg aria-hidden=\"true\" class=\"e-font-icon-svg e-fas-play-circle\" viewBox=\"0 0 512 512\" xmlns=\"http:\/\/www.w3.org\/2000\/svg\"><path d=\"M256 8C119 8 8 119 8 256s111 248 248 248 248-111 248-248S393 8 256 8zm115.7 272l-176 101c-15.8 8.8-35.7-2.5-35.7-21V152c0-18.4 19.8-29.8 35.7-21l176 107c16.4 9.2 16.4 32.9 0 42z\"><\/path><\/svg><\/span>\n\t\t\t\t\t\t\t\t\t\t\t\t<span class=\"icon-watched\"><svg aria-hidden=\"true\" class=\"e-font-icon-svg e-fas-check-circle\" viewBox=\"0 0 512 512\" xmlns=\"http:\/\/www.w3.org\/2000\/svg\"><path d=\"M504 256c0 136.967-111.033 248-248 248S8 392.967 8 256 119.033 8 256 8s248 111.033 248 248zM227.314 387.314l184-184c6.248-6.248 6.248-16.379 0-22.627l-22.627-22.627c-6.248-6.249-16.379-6.249-22.628 0L216 308.118l-70.059-70.059c-6.248-6.248-16.379-6.248-22.628 0l-22.627 22.627c-6.248 6.248-6.248 16.379 0 22.627l104 104c6.249 6.249 16.379 6.249 22.628.001z\"><\/path><\/svg><\/span>\n\t\t\t\t\t\t\t\t\t\t\t<\/div>\n\t\t\t\t\t\t\t\t\t\t\t\t\t\t\t\t\t\t\t\t<h4 class=\"e-tab-title-text\">\n\t\t\t\t\t\t\t\t\t\t\t<button type=\"button\">Dan\u00e7a - Samba Jazz - Carnaval de Wazemmes<\/button>\n\t\t\t\t\t\t\t\t\t\t<\/h4>\n\t\t\t\t\t\t\t\t\t\t\t\t\t\t\t\t\t\t\t<\/div>\n\t\t\t\t\t\t\t\t\t\t\t\t\t\t\t\t\t\t\t\t\t\t\t\t\t\t\t\t\t\t\t\t<div id=\"e-tab-title-4895\" class=\"e-tab-title e-tab-desktop-title\" aria-selected=\"false\" data-tab=\"5\" role=\"tab\" tabindex=\"-1\" aria-controls=\"e-tab-content-4895\">\n\t\t\t\t\t\t\t\t\t\t\t\t\t\t\t\t\t\t\t\t\t<div class=\"e-tab-thumbnail\">\n\t\t\t\t\t\t\t\t\t\t\t\t\t\t\t\t\t\t\t\t\t\t\t\t\t<img decoding=\"async\" src=\"https:\/\/www.brasilafro.net\/wordpress\/wp-content\/uploads\/2024\/01\/1carnaval-danse-2-copie-scaled.jpg\" alt=\"Dan\u00e7a - Toda Menina Baiana - Carnaval Wazemmes\" loading=\"lazy\" \/>\n\t\t\t\t\t\t\t\t\t\t\t\t\t\t\t\t\t\t\t\t\t\t\t\t<span class=\"icon-play\"><svg aria-hidden=\"true\" class=\"e-font-icon-svg e-fas-play-circle\" viewBox=\"0 0 512 512\" xmlns=\"http:\/\/www.w3.org\/2000\/svg\"><path d=\"M256 8C119 8 8 119 8 256s111 248 248 248 248-111 248-248S393 8 256 8zm115.7 272l-176 101c-15.8 8.8-35.7-2.5-35.7-21V152c0-18.4 19.8-29.8 35.7-21l176 107c16.4 9.2 16.4 32.9 0 42z\"><\/path><\/svg><\/span>\n\t\t\t\t\t\t\t\t\t\t\t\t<span class=\"icon-watched\"><svg aria-hidden=\"true\" class=\"e-font-icon-svg e-fas-check-circle\" viewBox=\"0 0 512 512\" xmlns=\"http:\/\/www.w3.org\/2000\/svg\"><path d=\"M504 256c0 136.967-111.033 248-248 248S8 392.967 8 256 119.033 8 256 8s248 111.033 248 248zM227.314 387.314l184-184c6.248-6.248 6.248-16.379 0-22.627l-22.627-22.627c-6.248-6.249-16.379-6.249-22.628 0L216 308.118l-70.059-70.059c-6.248-6.248-16.379-6.248-22.628 0l-22.627 22.627c-6.248 6.248-6.248 16.379 0 22.627l104 104c6.249 6.249 16.379 6.249 22.628.001z\"><\/path><\/svg><\/span>\n\t\t\t\t\t\t\t\t\t\t\t<\/div>\n\t\t\t\t\t\t\t\t\t\t\t\t\t\t\t\t\t\t\t\t<h4 class=\"e-tab-title-text\">\n\t\t\t\t\t\t\t\t\t\t\t<button type=\"button\">Dan\u00e7a - Toda Menina Baiana - Carnaval Wazemmes<\/button>\n\t\t\t\t\t\t\t\t\t\t<\/h4>\n\t\t\t\t\t\t\t\t\t\t\t\t\t\t\t\t\t\t\t<\/div>\n\t\t\t\t\t\t\t\t\t\t\t\t\t\t\t\t\t\t\t\t\t<\/div>\n\t\t\t\t\t\t<div class=\"shadow shadow-top\" aria-hidden=\"true\"><\/div>\n\t\t\t\t\t\t<div class=\"shadow shadow-bottom\" aria-hidden=\"true\"><\/div>\n\t\t\t\t\t<\/div>\n\t\t\t\t<\/div>\n\n\t\t\t\t<div class=\"e-tabs-content-wrapper\" role=\"tablist\" aria-orientation=\"vertical\">\n\t\t\t\t\t\t\t\t\t\t\t<div id=\"e-tab-content-4891\" class=\"e-tab-content elementor-clearfix\" data-tab=\"1\" role=\"tabpanel\" aria-labelledby=\"e-tab-title-4891\" tabindex=\"0\" data-video-url=\"https:\/\/youtu.be\/MdBKla14gNE?si=SFmuThdCVnfoGj5q\" data-video-type=\"youtube\" data-video-title=\"Bola\/ensaio\" data-video-duration=\"1:15\">\n\t\t\t\t\t\t\t<div><\/div>\n\t\t\t\t\t\t\t\t\t\t\t\t\t<\/div>\n\t\t\t\t\t\t\t\t\t\t\t<div id=\"e-tab-content-4892\" class=\"e-tab-content elementor-clearfix\" data-tab=\"2\" role=\"tabpanel\" aria-labelledby=\"e-tab-title-4892\" tabindex=\"0\" data-video-url=\"https:\/\/youtu.be\/4m1XFu2l7kw?si=_1OxGCU5xeEids3t\" data-video-type=\"youtube\" data-video-title=\"Baile de Carnaval Brasileiro 2023\" data-video-duration=\"3:12\" hidden=\"hidden\">\n\t\t\t\t\t\t\t<div><\/div>\n\t\t\t\t\t\t\t\t\t\t\t\t\t<\/div>\n\t\t\t\t\t\t\t\t\t\t\t<div id=\"e-tab-content-4893\" class=\"e-tab-content elementor-clearfix\" data-tab=\"3\" role=\"tabpanel\" aria-labelledby=\"e-tab-title-4893\" tabindex=\"0\" data-video-url=\"https:\/\/youtu.be\/MdBKla14gNE?si=JQUTa_qb8v6-Umti\" data-video-type=\"youtube\" data-video-title=\"Carnaval na Barraca Zem\" data-video-duration=\"\" hidden=\"hidden\">\n\t\t\t\t\t\t\t<div><\/div>\n\t\t\t\t\t\t\t\t\t\t\t\t\t<\/div>\n\t\t\t\t\t\t\t\t\t\t\t<div id=\"e-tab-content-4894\" class=\"e-tab-content elementor-clearfix\" data-tab=\"4\" role=\"tabpanel\" aria-labelledby=\"e-tab-title-4894\" tabindex=\"0\" data-video-url=\"https:\/\/youtu.be\/h56PPPkNK10?si=_uQ-cig1VE1ilmjj\" data-video-type=\"youtube\" data-video-title=\"Dan\u00e7a - Samba Jazz - Carnaval de Wazemmes\" data-video-duration=\"\" hidden=\"hidden\">\n\t\t\t\t\t\t\t<div><\/div>\n\t\t\t\t\t\t\t\t\t\t\t\t\t<\/div>\n\t\t\t\t\t\t\t\t\t\t\t<div id=\"e-tab-content-4895\" class=\"e-tab-content elementor-clearfix\" data-tab=\"5\" role=\"tabpanel\" aria-labelledby=\"e-tab-title-4895\" tabindex=\"0\" data-video-url=\"https:\/\/youtu.be\/mrWLnnWTH30?si=Be4kyMQhECmDJZqI\" data-video-type=\"youtube\" data-video-title=\"Dan\u00e7a - Toda Menina Baiana - Carnaval Wazemmes\" data-video-duration=\"\" hidden=\"hidden\">\n\t\t\t\t\t\t\t<div><\/div>\n\t\t\t\t\t\t\t\t\t\t\t\t\t<\/div>\n\t\t\t\t\t\t\t\t\t<\/div>\n\t\t\t<\/div>\n\n\t\t\t<div class=\"e-tabs-inner-tabs\" >\n\t\t\t\t\t\t\t\t\t\t\t\t\t\t\t\t\t\t\t\t\t\t\t\t\t\t\t\t\t\t\t\t\t\t\t\t\t\t\t\t\t\t\t\t\t\t\t\t\t\t\t\t<\/div>\n\t\t<\/div>\n\t\t\t\t\t\t<\/div>\n\t\t\t\t<\/div>\n\t\t\t\t<\/div>\n\t\t\t\t\t<\/div>\n\t\t\t\t<\/div>\n\t\t<div class=\"elementor-element elementor-element-2c49599 e-flex e-con-boxed wpr-particle-no wpr-jarallax-no wpr-parallax-no wpr-sticky-section-no wpr-equal-height-no e-con e-parent\" data-id=\"2c49599\" data-element_type=\"container\" data-e-type=\"container\">\n\t\t\t\t\t<div class=\"e-con-inner\">\n\t\t\t\t<div class=\"elementor-element elementor-element-95c464d elementor-widget elementor-widget-heading\" data-id=\"95c464d\" data-element_type=\"widget\" data-e-type=\"widget\" data-widget_type=\"heading.default\">\n\t\t\t\t<div class=\"elementor-widget-container\">\n\t\t\t\t\t<h2 class=\"elementor-heading-title elementor-size-default\">Baile do Dia de S\u00e3o Jo\u00e3o\n<\/h2>\t\t\t\t<\/div>\n\t\t\t\t<\/div>\n\t\t\t\t\t<\/div>\n\t\t\t\t<\/div>\n\t\t<div class=\"elementor-element elementor-element-672d800 e-flex e-con-boxed wpr-particle-no wpr-jarallax-no wpr-parallax-no wpr-sticky-section-no wpr-equal-height-no e-con e-parent\" data-id=\"672d800\" data-element_type=\"container\" data-e-type=\"container\">\n\t\t\t\t\t<div class=\"e-con-inner\">\n\t\t\t\t<div class=\"elementor-element elementor-element-489fddf elementor-widget elementor-widget-text-editor\" data-id=\"489fddf\" data-element_type=\"widget\" data-e-type=\"widget\" data-widget_type=\"text-editor.default\">\n\t\t\t\t<div class=\"elementor-widget-container\">\n\t\t\t\t\t\t\t\t\t<p><span style=\"font-weight: 400;\">Depois do carnaval, as festas juninas s\u00e3o as mais populares do Brasil, comemoradas ao som do acorde\u00e3o em um ambiente de guingueira. Voc\u00ea pode dan\u00e7ar um ritmo sincopado no estilo country, o forr\u00f3 e a quadrilha europeia. As fam\u00edlias s\u00e3o convidadas a vir vestidas com camisas xadrez e chap\u00e9us de palha para os homens e saias longas floridas e tran\u00e7as para as mulheres. Tudo o que resta a fazer \u00e9 deixar-se guiar pelos passos da dan\u00e7a, que s\u00e3o tradicionalmente dados em franc\u00eas: anavan (para frente), anari\u00ear (para tr\u00e1s)&#8230; Entre na dan\u00e7a!<\/span><\/p>\n\t\t\t\t\t\t\t\t<\/div>\n\t\t\t\t<\/div>\n\t\t\t\t\t<\/div>\n\t\t\t\t<\/div>\n\t\t<div class=\"elementor-element elementor-element-cbe2e9d e-flex e-con-boxed wpr-particle-no wpr-jarallax-no wpr-parallax-no wpr-sticky-section-no wpr-equal-height-no e-con e-parent\" data-id=\"cbe2e9d\" data-element_type=\"container\" data-e-type=\"container\">\n\t\t\t\t\t<div class=\"e-con-inner\">\n\t\t<div class=\"elementor-element elementor-element-2bdde2a e-con-full e-flex wpr-particle-no wpr-jarallax-no wpr-parallax-no wpr-sticky-section-no wpr-equal-height-no e-con e-child\" data-id=\"2bdde2a\" data-element_type=\"container\" data-e-type=\"container\">\n\t\t\t\t<div class=\"elementor-element elementor-element-9e57e68 elementor-widget elementor-widget-qi_addons_for_elementor_image_slider\" data-id=\"9e57e68\" data-element_type=\"widget\" data-e-type=\"widget\" data-widget_type=\"qi_addons_for_elementor_image_slider.default\">\n\t\t\t\t<div class=\"elementor-widget-container\">\n\t\t\t\t\t<div class=\"qodef-shortcode qodef-m qodef-qi-image-slider qodef-qi-fslightbox-popup qodef-popup-gallery qodef-col-num--1 qodef-qi-grid qodef-qi-swiper-container qodef-navigation--inside qodef-pagination--inside qodef-navigation--hover-move\" data-options=\"{&quot;direction&quot;:&quot;horizontal&quot;,&quot;slidesPerView&quot;:&quot;1&quot;,&quot;spaceBetween&quot;:30,&quot;spaceBetweenTablet&quot;:30,&quot;spaceBetweenMobile&quot;:30,&quot;effect&quot;:&quot;slide&quot;,&quot;loop&quot;:true,&quot;autoplay&quot;:true,&quot;centeredSlides&quot;:false,&quot;speed&quot;:&quot;&quot;,&quot;speedAnimation&quot;:&quot;&quot;,&quot;outsideNavigation&quot;:&quot;no&quot;,&quot;outsidePagination&quot;:&quot;no&quot;,&quot;unique&quot;:819,&quot;partialValue&quot;:0,&quot;disablePartialValue&quot;:&quot;&quot;,&quot;parallax&quot;:&quot;no&quot;}\">\n\t<div class=\"swiper-wrapper\">\n\t\t<div class=\"qodef-e swiper-slide\">\n\t<div class=\"qodef-e-inner\">\n\t\t<div class=\"qodef-e-inner-holder\">\n\t\t\t\t\t\t\t<a class=\"qodef-popup-item\" itemprop=\"image\" href=\"https:\/\/www.brasilafro.net\/wordpress\/wp-content\/uploads\/2024\/01\/3Stjean36596421_1217786185029595_8254362157144080384_o-1.jpg\" data-type=\"image\" data-fslightbox=\"gallery-819\" data-e-disable-page-transition=\u201dtrue\u201d>\n\t\t\t\t\t\t\t<img loading=\"lazy\" decoding=\"async\" src=\"https:\/\/www.brasilafro.net\/wordpress\/wp-content\/uploads\/2024\/01\/3Stjean36596421_1217786185029595_8254362157144080384_o-1-500x300.jpg\" alt=\"\" width=\"500\" height=\"300\" \/>\t\t\t\t\t\t\t<\/a>\n\t\t\t\t\t<\/div>\n\t<\/div>\n\t<\/div>\n<div class=\"qodef-e swiper-slide\">\n\t<div class=\"qodef-e-inner\">\n\t\t<div class=\"qodef-e-inner-holder\">\n\t\t\t\t\t\t\t<a class=\"qodef-popup-item\" itemprop=\"image\" href=\"https:\/\/www.brasilafro.net\/wordpress\/wp-content\/uploads\/2024\/01\/3StJeanHist2NosSpectacles-Bals-et-concerts-5-scaled.jpg\" data-type=\"image\" data-fslightbox=\"gallery-819\" data-e-disable-page-transition=\u201dtrue\u201d>\n\t\t\t\t\t\t\t<img loading=\"lazy\" decoding=\"async\" src=\"https:\/\/www.brasilafro.net\/wordpress\/wp-content\/uploads\/2024\/01\/3StJeanHist2NosSpectacles-Bals-et-concerts-5-scaled-500x300.jpg\" alt=\"\" width=\"500\" height=\"300\" \/>\t\t\t\t\t\t\t<\/a>\n\t\t\t\t\t<\/div>\n\t<\/div>\n\t<\/div>\n<div class=\"qodef-e swiper-slide\">\n\t<div class=\"qodef-e-inner\">\n\t\t<div class=\"qodef-e-inner-holder\">\n\t\t\t\t\t\t\t<a class=\"qodef-popup-item\" itemprop=\"image\" href=\"https:\/\/www.brasilafro.net\/wordpress\/wp-content\/uploads\/2024\/01\/3StJeanWhatsApp-Image-2023-06-25-at-09.40.31-2-1.jpeg\" data-type=\"image\" data-fslightbox=\"gallery-819\" data-e-disable-page-transition=\u201dtrue\u201d>\n\t\t\t\t\t\t\t<img loading=\"lazy\" decoding=\"async\" src=\"https:\/\/www.brasilafro.net\/wordpress\/wp-content\/uploads\/2024\/01\/3StJeanWhatsApp-Image-2023-06-25-at-09.40.31-2-1-500x300.jpeg\" alt=\"\" width=\"500\" height=\"300\" \/>\t\t\t\t\t\t\t<\/a>\n\t\t\t\t\t<\/div>\n\t<\/div>\n\t<\/div>\n<div class=\"qodef-e swiper-slide\">\n\t<div class=\"qodef-e-inner\">\n\t\t<div class=\"qodef-e-inner-holder\">\n\t\t\t\t\t\t\t<a class=\"qodef-popup-item\" itemprop=\"image\" href=\"https:\/\/www.brasilafro.net\/wordpress\/wp-content\/uploads\/2024\/01\/3StJeanWhatsApp-Image-2023-06-25-at-09.40.33-1-1.jpeg\" data-type=\"image\" data-fslightbox=\"gallery-819\" data-e-disable-page-transition=\u201dtrue\u201d>\n\t\t\t\t\t\t\t<img loading=\"lazy\" decoding=\"async\" src=\"https:\/\/www.brasilafro.net\/wordpress\/wp-content\/uploads\/2024\/01\/3StJeanWhatsApp-Image-2023-06-25-at-09.40.33-1-1-500x300.jpeg\" alt=\"\" width=\"500\" height=\"300\" \/>\t\t\t\t\t\t\t<\/a>\n\t\t\t\t\t<\/div>\n\t<\/div>\n\t<\/div>\n\t<\/div>\n\t\t<div class=\"swiper-button-prev\"><svg class=\"qodef-swiper-arrow-left\" xmlns=\"http:\/\/www.w3.org\/2000\/svg\" x=\"0px\" y=\"0px\" viewBox=\"0 0 34.2 32.3\" xml:space=\"preserve\" style=\"stroke-width: 2;\"><line x1=\"0.5\" y1=\"16\" x2=\"33.5\" y2=\"16\"\/><line x1=\"0.3\" y1=\"16.5\" x2=\"16.2\" y2=\"0.7\"\/><line x1=\"0\" y1=\"15.4\" x2=\"16.2\" y2=\"31.6\"\/><\/svg><\/div>\n\t<div class=\"swiper-button-next\"><svg class=\"qodef-swiper-arrow-right\" xmlns=\"http:\/\/www.w3.org\/2000\/svg\" x=\"0px\" y=\"0px\" viewBox=\"0 0 34.2 32.3\" xml:space=\"preserve\" style=\"stroke-width: 2;\"><line x1=\"0\" y1=\"16\" x2=\"33\" y2=\"16\"\/><line x1=\"17.3\" y1=\"0.7\" x2=\"33.2\" y2=\"16.5\"\/><line x1=\"17.3\" y1=\"31.6\" x2=\"33.5\" y2=\"15.4\"\/><\/svg><\/div>\n\t<div class=\"swiper-pagination\"><\/div>\n<\/div>\n\t\t\t\t<\/div>\n\t\t\t\t<\/div>\n\t\t\t\t<\/div>\n\t\t<div class=\"elementor-element elementor-element-08b06ac e-con-full e-flex wpr-particle-no wpr-jarallax-no wpr-parallax-no wpr-sticky-section-no wpr-equal-height-no e-con e-child\" data-id=\"08b06ac\" data-element_type=\"container\" data-e-type=\"container\">\n\t\t\t\t<div class=\"elementor-element elementor-element-3949e20 elementor-layout-start e-tabs-view-vertical elementor-widget elementor-widget-video-playlist\" data-id=\"3949e20\" data-element_type=\"widget\" data-e-type=\"widget\" data-settings=\"{&quot;tabs&quot;:[{&quot;title&quot;:&quot;Dia de S\\u00e3o Patr\\u00edcio Jean - Tarde dos vizinhos  &quot;,&quot;youtube_url&quot;:&quot;https:\\\/\\\/youtu.be\\\/kp1TmP0_-1E?si=e1TjLEaekGwZXIkL&quot;,&quot;duration&quot;:&quot;1:15&quot;,&quot;thumbnail&quot;:{&quot;url&quot;:&quot;https:\\\/\\\/www.brasilafro.net\\\/wordpress\\\/wp-content\\\/uploads\\\/2024\\\/01\\\/3Stjean36596421_1217786185029595_8254362157144080384_o-1.jpg&quot;,&quot;id&quot;:13701,&quot;size&quot;:&quot;&quot;,&quot;alt&quot;:&quot;&quot;,&quot;source&quot;:&quot;library&quot;},&quot;_id&quot;:&quot;c5421a5&quot;,&quot;vimeo_url&quot;:null,&quot;index&quot;:0,&quot;type&quot;:&quot;youtube&quot;,&quot;is_external_url&quot;:null,&quot;hosted_url&quot;:null,&quot;external_url&quot;:null,&quot;section_html_tag&quot;:null,&quot;video_html_tag&quot;:&quot;h4&quot;,&quot;inner_tab_is_content_visible&quot;:&quot;&quot;,&quot;inner_tab_content_1&quot;:null,&quot;inner_tab_content_2&quot;:null},{&quot;title&quot;:&quot;Dia de S\\u00e3o Patr\\u00edcio Jean&quot;,&quot;youtube_url&quot;:&quot;https:\\\/\\\/youtu.be\\\/7xHI5MPv3TU?si=i_qfr38HiFxGRlvW&quot;,&quot;duration&quot;:&quot;3:12&quot;,&quot;thumbnail&quot;:{&quot;url&quot;:&quot;https:\\\/\\\/www.brasilafro.net\\\/wordpress\\\/wp-content\\\/uploads\\\/2024\\\/01\\\/1LarueNosSpectacles-Animation-de-rue2.jpg&quot;,&quot;id&quot;:12977,&quot;size&quot;:&quot;&quot;,&quot;alt&quot;:&quot;&quot;,&quot;source&quot;:&quot;library&quot;},&quot;_id&quot;:&quot;9f01e0c&quot;,&quot;vimeo_url&quot;:null,&quot;index&quot;:1,&quot;type&quot;:&quot;youtube&quot;,&quot;is_external_url&quot;:null,&quot;hosted_url&quot;:null,&quot;external_url&quot;:null,&quot;section_html_tag&quot;:null,&quot;video_html_tag&quot;:&quot;h4&quot;,&quot;inner_tab_is_content_visible&quot;:&quot;&quot;,&quot;inner_tab_content_1&quot;:null,&quot;inner_tab_content_2&quot;:null},{&quot;title&quot;:&quot;Festas Juninas - Celebra\\u00e7\\u00f5es do Dia de S\\u00e3o Jo\\u00e3o&quot;,&quot;youtube_url&quot;:&quot;https:\\\/\\\/youtu.be\\\/RIa8uRccQJo?si=x_JCFJftgJhxTUzW&quot;,&quot;duration&quot;:&quot;2:00&quot;,&quot;thumbnail&quot;:{&quot;url&quot;:&quot;https:\\\/\\\/www.brasilafro.net\\\/wordpress\\\/wp-content\\\/uploads\\\/2024\\\/01\\\/3StJeanHist2NosSpectacles-Bals-et-concerts-5-scaled.jpg&quot;,&quot;id&quot;:13702,&quot;size&quot;:&quot;&quot;,&quot;alt&quot;:&quot;&quot;,&quot;source&quot;:&quot;library&quot;},&quot;_id&quot;:&quot;5879ca0&quot;,&quot;vimeo_url&quot;:null,&quot;index&quot;:2,&quot;type&quot;:&quot;youtube&quot;,&quot;is_external_url&quot;:null,&quot;hosted_url&quot;:null,&quot;external_url&quot;:null,&quot;section_html_tag&quot;:null,&quot;video_html_tag&quot;:&quot;h4&quot;,&quot;inner_tab_is_content_visible&quot;:&quot;&quot;,&quot;inner_tab_content_1&quot;:null,&quot;inner_tab_content_2&quot;:null}],&quot;inner_tab_title_1&quot;:&quot;Guia n\\u00ba 1&quot;,&quot;inner_tab_title_2&quot;:&quot;Guia n\\u00ba 2&quot;}\" data-widget_type=\"video-playlist.default\">\n\t\t\t\t<div class=\"elementor-widget-container\">\n\t\t\t\t\t\n\t\t<div class=\"e-tabs\" role=\"region\" aria-labelledby=\"e-playlist-3949e20\">\n\t\t\t<div class=\"e-tabs-main-area\">\n\t\t\t\t<div class=\"e-tabs-wrapper\">\n\t\t\t\t\t<div class=\"e-tabs-header\">\n\t\t\t\t\t\t<div class=\"e-tabs-title\" id=\"e-playlist-3949e20\"><\/div>\n\t\t\t\t\t\t<div class=\"e-tabs-header-right-side\">\n\t\t\t\t\t\t\t\t\t\t\t\t\t\t\t<span class=\"e-tabs-videos-count\">3 Videos<\/span>\n\t\t\t\t\t\t\t\t\t\t\t\t\t\t<svg aria-hidden=\"true\" class=\"e-tabs-toggle-videos-display-button rotate-down e-font-icon-svg e-eicon-caret-down\" viewBox=\"0 0 571.4 571.4\" xmlns=\"http:\/\/www.w3.org\/2000\/svg\"><path d=\"M571 393Q571 407 561 418L311 668Q300 679 286 679T261 668L11 418Q0 407 0 393T11 368 36 357H536Q550 357 561 368T571 393Z\"><\/path><\/svg>\t\t\t\t\t\t<\/div>\n\t\t\t\t\t<\/div>\n\t\t\t\t\t<div class=\"e-tabs-items-wrapper\">\n\t\t\t\t\t\t<div class=\"e-tabs-items\" role=\"tablist\">\n\t\t\t\t\t\t\t\t\t\t\t\t\t\t\t\t\t\t\t\t\t\t\t\t<div id=\"e-tab-title-6001\" class=\"e-tab-title e-tab-desktop-title\" aria-selected=\"true\" data-tab=\"1\" role=\"tab\" tabindex=\"0\" aria-controls=\"e-tab-content-6001\">\n\t\t\t\t\t\t\t\t\t\t\t\t\t\t\t\t\t\t\t\t\t<div class=\"e-tab-thumbnail\">\n\t\t\t\t\t\t\t\t\t\t\t\t\t\t\t\t\t\t\t\t\t\t\t\t\t<img decoding=\"async\" src=\"https:\/\/www.brasilafro.net\/wordpress\/wp-content\/uploads\/2024\/01\/3Stjean36596421_1217786185029595_8254362157144080384_o-1.jpg\" alt=\"Dia de S\u00e3o Patr\u00edcio Jean - Tarde dos vizinhos  \" loading=\"lazy\" \/>\n\t\t\t\t\t\t\t\t\t\t\t\t\t\t\t\t\t\t\t\t\t\t\t\t<span class=\"icon-play\"><svg aria-hidden=\"true\" class=\"e-font-icon-svg e-fas-play-circle\" viewBox=\"0 0 512 512\" xmlns=\"http:\/\/www.w3.org\/2000\/svg\"><path d=\"M256 8C119 8 8 119 8 256s111 248 248 248 248-111 248-248S393 8 256 8zm115.7 272l-176 101c-15.8 8.8-35.7-2.5-35.7-21V152c0-18.4 19.8-29.8 35.7-21l176 107c16.4 9.2 16.4 32.9 0 42z\"><\/path><\/svg><\/span>\n\t\t\t\t\t\t\t\t\t\t\t\t<span class=\"icon-watched\"><svg aria-hidden=\"true\" class=\"e-font-icon-svg e-fas-check-circle\" viewBox=\"0 0 512 512\" xmlns=\"http:\/\/www.w3.org\/2000\/svg\"><path d=\"M504 256c0 136.967-111.033 248-248 248S8 392.967 8 256 119.033 8 256 8s248 111.033 248 248zM227.314 387.314l184-184c6.248-6.248 6.248-16.379 0-22.627l-22.627-22.627c-6.248-6.249-16.379-6.249-22.628 0L216 308.118l-70.059-70.059c-6.248-6.248-16.379-6.248-22.628 0l-22.627 22.627c-6.248 6.248-6.248 16.379 0 22.627l104 104c6.249 6.249 16.379 6.249 22.628.001z\"><\/path><\/svg><\/span>\n\t\t\t\t\t\t\t\t\t\t\t<\/div>\n\t\t\t\t\t\t\t\t\t\t\t\t\t\t\t\t\t\t\t\t<h4 class=\"e-tab-title-text\">\n\t\t\t\t\t\t\t\t\t\t\t<button type=\"button\">Dia de S\u00e3o Patr\u00edcio Jean - Tarde dos vizinhos  <\/button>\n\t\t\t\t\t\t\t\t\t\t<\/h4>\n\t\t\t\t\t\t\t\t\t\t\t\t\t\t\t\t\t\t\t\t\t<span class=\"e-tab-duration\">1:15<\/span>\n\t\t\t\t\t\t\t\t\t\t\t\t\t\t\t\t\t\t\t<\/div>\n\t\t\t\t\t\t\t\t\t\t\t\t\t\t\t\t\t\t\t\t\t\t\t\t\t\t\t\t\t\t\t\t<div id=\"e-tab-title-6002\" class=\"e-tab-title e-tab-desktop-title\" aria-selected=\"false\" data-tab=\"2\" role=\"tab\" tabindex=\"-1\" aria-controls=\"e-tab-content-6002\">\n\t\t\t\t\t\t\t\t\t\t\t\t\t\t\t\t\t\t\t\t\t<div class=\"e-tab-thumbnail\">\n\t\t\t\t\t\t\t\t\t\t\t\t\t\t\t\t\t\t\t\t\t\t\t\t\t<img decoding=\"async\" src=\"https:\/\/www.brasilafro.net\/wordpress\/wp-content\/uploads\/2024\/01\/1LarueNosSpectacles-Animation-de-rue2.jpg\" alt=\"Dia de S\u00e3o Patr\u00edcio Jean\" loading=\"lazy\" \/>\n\t\t\t\t\t\t\t\t\t\t\t\t\t\t\t\t\t\t\t\t\t\t\t\t<span class=\"icon-play\"><svg aria-hidden=\"true\" class=\"e-font-icon-svg e-fas-play-circle\" viewBox=\"0 0 512 512\" xmlns=\"http:\/\/www.w3.org\/2000\/svg\"><path d=\"M256 8C119 8 8 119 8 256s111 248 248 248 248-111 248-248S393 8 256 8zm115.7 272l-176 101c-15.8 8.8-35.7-2.5-35.7-21V152c0-18.4 19.8-29.8 35.7-21l176 107c16.4 9.2 16.4 32.9 0 42z\"><\/path><\/svg><\/span>\n\t\t\t\t\t\t\t\t\t\t\t\t<span class=\"icon-watched\"><svg aria-hidden=\"true\" class=\"e-font-icon-svg e-fas-check-circle\" viewBox=\"0 0 512 512\" xmlns=\"http:\/\/www.w3.org\/2000\/svg\"><path d=\"M504 256c0 136.967-111.033 248-248 248S8 392.967 8 256 119.033 8 256 8s248 111.033 248 248zM227.314 387.314l184-184c6.248-6.248 6.248-16.379 0-22.627l-22.627-22.627c-6.248-6.249-16.379-6.249-22.628 0L216 308.118l-70.059-70.059c-6.248-6.248-16.379-6.248-22.628 0l-22.627 22.627c-6.248 6.248-6.248 16.379 0 22.627l104 104c6.249 6.249 16.379 6.249 22.628.001z\"><\/path><\/svg><\/span>\n\t\t\t\t\t\t\t\t\t\t\t<\/div>\n\t\t\t\t\t\t\t\t\t\t\t\t\t\t\t\t\t\t\t\t<h4 class=\"e-tab-title-text\">\n\t\t\t\t\t\t\t\t\t\t\t<button type=\"button\">Dia de S\u00e3o Patr\u00edcio Jean<\/button>\n\t\t\t\t\t\t\t\t\t\t<\/h4>\n\t\t\t\t\t\t\t\t\t\t\t\t\t\t\t\t\t\t\t\t\t<span class=\"e-tab-duration\">3:12<\/span>\n\t\t\t\t\t\t\t\t\t\t\t\t\t\t\t\t\t\t\t<\/div>\n\t\t\t\t\t\t\t\t\t\t\t\t\t\t\t\t\t\t\t\t\t\t\t\t\t\t\t\t\t\t\t\t<div id=\"e-tab-title-6003\" class=\"e-tab-title e-tab-desktop-title\" aria-selected=\"false\" data-tab=\"3\" role=\"tab\" tabindex=\"-1\" aria-controls=\"e-tab-content-6003\">\n\t\t\t\t\t\t\t\t\t\t\t\t\t\t\t\t\t\t\t\t\t<div class=\"e-tab-thumbnail\">\n\t\t\t\t\t\t\t\t\t\t\t\t\t\t\t\t\t\t\t\t\t\t\t\t\t<img decoding=\"async\" src=\"https:\/\/www.brasilafro.net\/wordpress\/wp-content\/uploads\/2024\/01\/3StJeanHist2NosSpectacles-Bals-et-concerts-5-scaled.jpg\" alt=\"Festas Juninas - Celebra\u00e7\u00f5es do Dia de S\u00e3o Jo\u00e3o\" loading=\"lazy\" \/>\n\t\t\t\t\t\t\t\t\t\t\t\t\t\t\t\t\t\t\t\t\t\t\t\t<span class=\"icon-play\"><svg aria-hidden=\"true\" class=\"e-font-icon-svg e-fas-play-circle\" viewBox=\"0 0 512 512\" xmlns=\"http:\/\/www.w3.org\/2000\/svg\"><path d=\"M256 8C119 8 8 119 8 256s111 248 248 248 248-111 248-248S393 8 256 8zm115.7 272l-176 101c-15.8 8.8-35.7-2.5-35.7-21V152c0-18.4 19.8-29.8 35.7-21l176 107c16.4 9.2 16.4 32.9 0 42z\"><\/path><\/svg><\/span>\n\t\t\t\t\t\t\t\t\t\t\t\t<span class=\"icon-watched\"><svg aria-hidden=\"true\" class=\"e-font-icon-svg e-fas-check-circle\" viewBox=\"0 0 512 512\" xmlns=\"http:\/\/www.w3.org\/2000\/svg\"><path d=\"M504 256c0 136.967-111.033 248-248 248S8 392.967 8 256 119.033 8 256 8s248 111.033 248 248zM227.314 387.314l184-184c6.248-6.248 6.248-16.379 0-22.627l-22.627-22.627c-6.248-6.249-16.379-6.249-22.628 0L216 308.118l-70.059-70.059c-6.248-6.248-16.379-6.248-22.628 0l-22.627 22.627c-6.248 6.248-6.248 16.379 0 22.627l104 104c6.249 6.249 16.379 6.249 22.628.001z\"><\/path><\/svg><\/span>\n\t\t\t\t\t\t\t\t\t\t\t<\/div>\n\t\t\t\t\t\t\t\t\t\t\t\t\t\t\t\t\t\t\t\t<h4 class=\"e-tab-title-text\">\n\t\t\t\t\t\t\t\t\t\t\t<button type=\"button\">Festas Juninas - Celebra\u00e7\u00f5es do Dia de S\u00e3o Jo\u00e3o<\/button>\n\t\t\t\t\t\t\t\t\t\t<\/h4>\n\t\t\t\t\t\t\t\t\t\t\t\t\t\t\t\t\t\t\t\t\t<span class=\"e-tab-duration\">2:00<\/span>\n\t\t\t\t\t\t\t\t\t\t\t\t\t\t\t\t\t\t\t<\/div>\n\t\t\t\t\t\t\t\t\t\t\t\t\t\t\t\t\t\t\t\t\t<\/div>\n\t\t\t\t\t\t<div class=\"shadow shadow-top\" aria-hidden=\"true\"><\/div>\n\t\t\t\t\t\t<div class=\"shadow shadow-bottom\" aria-hidden=\"true\"><\/div>\n\t\t\t\t\t<\/div>\n\t\t\t\t<\/div>\n\n\t\t\t\t<div class=\"e-tabs-content-wrapper\" role=\"tablist\" aria-orientation=\"vertical\">\n\t\t\t\t\t\t\t\t\t\t\t<div id=\"e-tab-content-6001\" class=\"e-tab-content elementor-clearfix\" data-tab=\"1\" role=\"tabpanel\" aria-labelledby=\"e-tab-title-6001\" tabindex=\"0\" data-video-url=\"https:\/\/youtu.be\/kp1TmP0_-1E?si=e1TjLEaekGwZXIkL\" data-video-type=\"youtube\" data-video-title=\"Dia de S\u00e3o Patr\u00edcio Jean - Tarde dos vizinhos  \" data-video-duration=\"1:15\">\n\t\t\t\t\t\t\t<div><\/div>\n\t\t\t\t\t\t\t\t\t\t\t\t\t<\/div>\n\t\t\t\t\t\t\t\t\t\t\t<div id=\"e-tab-content-6002\" class=\"e-tab-content elementor-clearfix\" data-tab=\"2\" role=\"tabpanel\" aria-labelledby=\"e-tab-title-6002\" tabindex=\"0\" data-video-url=\"https:\/\/youtu.be\/7xHI5MPv3TU?si=i_qfr38HiFxGRlvW\" data-video-type=\"youtube\" data-video-title=\"Dia de S\u00e3o Patr\u00edcio Jean\" data-video-duration=\"3:12\" hidden=\"hidden\">\n\t\t\t\t\t\t\t<div><\/div>\n\t\t\t\t\t\t\t\t\t\t\t\t\t<\/div>\n\t\t\t\t\t\t\t\t\t\t\t<div id=\"e-tab-content-6003\" class=\"e-tab-content elementor-clearfix\" data-tab=\"3\" role=\"tabpanel\" aria-labelledby=\"e-tab-title-6003\" tabindex=\"0\" data-video-url=\"https:\/\/youtu.be\/RIa8uRccQJo?si=x_JCFJftgJhxTUzW\" data-video-type=\"youtube\" data-video-title=\"Festas Juninas - Celebra\u00e7\u00f5es do Dia de S\u00e3o Jo\u00e3o\" data-video-duration=\"2:00\" hidden=\"hidden\">\n\t\t\t\t\t\t\t<div><\/div>\n\t\t\t\t\t\t\t\t\t\t\t\t\t<\/div>\n\t\t\t\t\t\t\t\t\t<\/div>\n\t\t\t<\/div>\n\n\t\t\t<div class=\"e-tabs-inner-tabs\" >\n\t\t\t\t\t\t\t\t\t\t\t\t\t\t\t\t\t\t\t\t\t\t\t\t\t\t\t\t\t\t\t\t\t\t<\/div>\n\t\t<\/div>\n\t\t\t\t\t\t<\/div>\n\t\t\t\t<\/div>\n\t\t\t\t<\/div>\n\t\t\t\t\t<\/div>\n\t\t\t\t<\/div>\n\t\t<div class=\"elementor-element elementor-element-d06a880 e-flex e-con-boxed wpr-particle-no wpr-jarallax-no wpr-parallax-no wpr-sticky-section-no wpr-equal-height-no e-con e-parent\" data-id=\"d06a880\" data-element_type=\"container\" data-e-type=\"container\">\n\t\t\t\t\t<div class=\"e-con-inner\">\n\t\t\t\t\t<\/div>\n\t\t\t\t<\/div>\n\t\t<div class=\"elementor-element elementor-element-825fea6 e-flex e-con-boxed wpr-particle-no wpr-jarallax-no wpr-parallax-no wpr-sticky-section-no wpr-equal-height-no e-con e-parent\" data-id=\"825fea6\" data-element_type=\"container\" data-e-type=\"container\">\n\t\t\t\t\t<div class=\"e-con-inner\">\n\t\t\t\t<div class=\"elementor-element elementor-element-a22ceb8 elementor-widget elementor-widget-heading\" data-id=\"a22ceb8\" data-element_type=\"widget\" data-e-type=\"widget\" data-widget_type=\"heading.default\">\n\t\t\t\t<div class=\"elementor-widget-container\">\n\t\t\t\t\t<h2 class=\"elementor-heading-title elementor-size-default\">Festivais brasileiros\n<\/h2>\t\t\t\t<\/div>\n\t\t\t\t<\/div>\n\t\t\t\t\t<\/div>\n\t\t\t\t<\/div>\n\t\t<div class=\"elementor-element elementor-element-d7843c6 e-flex e-con-boxed wpr-particle-no wpr-jarallax-no wpr-parallax-no wpr-sticky-section-no wpr-equal-height-no e-con e-parent\" data-id=\"d7843c6\" data-element_type=\"container\" data-e-type=\"container\">\n\t\t\t\t\t<div class=\"e-con-inner\">\n\t\t\t\t<div class=\"elementor-element elementor-element-bb28858 elementor-widget elementor-widget-text-editor\" data-id=\"bb28858\" data-element_type=\"widget\" data-e-type=\"widget\" data-widget_type=\"text-editor.default\">\n\t\t\t\t<div class=\"elementor-widget-container\">\n\t\t\t\t\t\t\t\t\t<p><span style=\"font-weight: 400;\">Quer conhecer um pouco da cultura brasileira? J\u00e1 pensamos em algo para voc\u00ea: concertos, bailes, descobertas culin\u00e1rias, oficinas de m\u00fasica, dan\u00e7a ou capoeira, exposi\u00e7\u00f5es de arte, fantasias&#8230;  <\/span><\/p>\n<p><span style=\"font-weight: 400;\">Para os f\u00e3s de forr\u00f3, \u00e9 o Festival de Forr\u00f3 de Lille, iniciado por nosso coletivo em 2013: dan\u00e7as de forr\u00f3, shows, afters, oficinas, inicia\u00e7\u00f5es, quadrilha, passeios pelo mercado e muito mais!<\/span><\/p>\n<p><span style=\"font-weight: 400;\">Se voc\u00ea for mais ecl\u00e9tico, o Brasil Fusion Fest, realizado em 2017 e 2018 em torno das culturas urbanas e da capoeira, inclui shows de hip-hop, batalhas de dan\u00e7a, roda de capoeira, workshops e cursos introdut\u00f3rios.<\/span><\/p>\n\t\t\t\t\t\t\t\t<\/div>\n\t\t\t\t<\/div>\n\t\t\t\t\t<\/div>\n\t\t\t\t<\/div>\n\t\t<div class=\"elementor-element elementor-element-bf241f1 e-flex e-con-boxed wpr-particle-no wpr-jarallax-no wpr-parallax-no wpr-sticky-section-no wpr-equal-height-no e-con e-parent\" data-id=\"bf241f1\" data-element_type=\"container\" data-e-type=\"container\">\n\t\t\t\t\t<div class=\"e-con-inner\">\n\t\t<div class=\"elementor-element elementor-element-ba7d4f5 e-con-full e-flex wpr-particle-no wpr-jarallax-no wpr-parallax-no wpr-sticky-section-no wpr-equal-height-no e-con e-child\" data-id=\"ba7d4f5\" data-element_type=\"container\" data-e-type=\"container\">\n\t\t\t\t<div class=\"elementor-element elementor-element-56bccd8 elementor-widget elementor-widget-qi_addons_for_elementor_image_slider\" data-id=\"56bccd8\" data-element_type=\"widget\" data-e-type=\"widget\" data-widget_type=\"qi_addons_for_elementor_image_slider.default\">\n\t\t\t\t<div class=\"elementor-widget-container\">\n\t\t\t\t\t<div class=\"qodef-shortcode qodef-m qodef-qi-image-slider qodef-qi-fslightbox-popup qodef-popup-gallery qodef-col-num--1 qodef-qi-grid qodef-qi-swiper-container qodef-navigation--inside qodef-pagination--inside qodef-navigation--hover-move\" data-options=\"{&quot;direction&quot;:&quot;horizontal&quot;,&quot;slidesPerView&quot;:&quot;1&quot;,&quot;spaceBetween&quot;:30,&quot;spaceBetweenTablet&quot;:30,&quot;spaceBetweenMobile&quot;:30,&quot;effect&quot;:&quot;slide&quot;,&quot;loop&quot;:true,&quot;autoplay&quot;:true,&quot;centeredSlides&quot;:false,&quot;speed&quot;:&quot;&quot;,&quot;speedAnimation&quot;:&quot;&quot;,&quot;outsideNavigation&quot;:&quot;no&quot;,&quot;outsidePagination&quot;:&quot;no&quot;,&quot;unique&quot;:1,&quot;partialValue&quot;:0,&quot;disablePartialValue&quot;:&quot;&quot;,&quot;parallax&quot;:&quot;no&quot;}\">\n\t<div class=\"swiper-wrapper\">\n\t\t<div class=\"qodef-e swiper-slide\">\n\t<div class=\"qodef-e-inner\">\n\t\t<div class=\"qodef-e-inner-holder\">\n\t\t\t\t\t\t\t<a class=\"qodef-popup-item\" itemprop=\"image\" href=\"https:\/\/www.brasilafro.net\/wordpress\/wp-content\/uploads\/2024\/01\/Festforro10854252_10153424382012275_2249403202043661822_o.jpg\" data-type=\"image\" data-fslightbox=\"gallery-1\" data-e-disable-page-transition=\u201dtrue\u201d>\n\t\t\t\t\t\t\t<img loading=\"lazy\" decoding=\"async\" src=\"https:\/\/www.brasilafro.net\/wordpress\/wp-content\/uploads\/2024\/01\/Festforro10854252_10153424382012275_2249403202043661822_o-500x300.jpg\" alt=\"\" width=\"500\" height=\"300\" \/>\t\t\t\t\t\t\t<\/a>\n\t\t\t\t\t<\/div>\n\t<\/div>\n\t<\/div>\n<div class=\"qodef-e swiper-slide\">\n\t<div class=\"qodef-e-inner\">\n\t\t<div class=\"qodef-e-inner-holder\">\n\t\t\t\t\t\t\t<a class=\"qodef-popup-item\" itemprop=\"image\" href=\"https:\/\/www.brasilafro.net\/wordpress\/wp-content\/uploads\/2024\/01\/ParadeL300012028842_1032310103469801_3889445616594710979_o-copie.jpg\" data-type=\"image\" data-fslightbox=\"gallery-1\" data-e-disable-page-transition=\u201dtrue\u201d>\n\t\t\t\t\t\t\t<img loading=\"lazy\" decoding=\"async\" src=\"https:\/\/www.brasilafro.net\/wordpress\/wp-content\/uploads\/2024\/01\/ParadeL300012028842_1032310103469801_3889445616594710979_o-copie-500x300.jpg\" alt=\"\" width=\"500\" height=\"300\" \/>\t\t\t\t\t\t\t<\/a>\n\t\t\t\t\t<\/div>\n\t<\/div>\n\t<\/div>\n<div class=\"qodef-e swiper-slide\">\n\t<div class=\"qodef-e-inner\">\n\t\t<div class=\"qodef-e-inner-holder\">\n\t\t\t\t\t\t\t<a class=\"qodef-popup-item\" itemprop=\"image\" href=\"https:\/\/www.brasilafro.net\/wordpress\/wp-content\/uploads\/2024\/01\/ParadeL300012017527_1032310333469778_5704341245986444607_o-copie.jpg\" data-type=\"image\" data-fslightbox=\"gallery-1\" data-e-disable-page-transition=\u201dtrue\u201d>\n\t\t\t\t\t\t\t<img loading=\"lazy\" decoding=\"async\" src=\"https:\/\/www.brasilafro.net\/wordpress\/wp-content\/uploads\/2024\/01\/ParadeL300012017527_1032310333469778_5704341245986444607_o-copie-500x300.jpg\" alt=\"\" width=\"500\" height=\"300\" \/>\t\t\t\t\t\t\t<\/a>\n\t\t\t\t\t<\/div>\n\t<\/div>\n\t<\/div>\n<div class=\"qodef-e swiper-slide\">\n\t<div class=\"qodef-e-inner\">\n\t\t<div class=\"qodef-e-inner-holder\">\n\t\t\t\t\t\t\t<a class=\"qodef-popup-item\" itemprop=\"image\" href=\"https:\/\/www.brasilafro.net\/wordpress\/wp-content\/uploads\/2024\/01\/Festforro150509171522_Festival_Forro.jpg\" data-type=\"image\" data-fslightbox=\"gallery-1\" data-e-disable-page-transition=\u201dtrue\u201d>\n\t\t\t\t\t\t\t<img loading=\"lazy\" decoding=\"async\" src=\"https:\/\/www.brasilafro.net\/wordpress\/wp-content\/uploads\/2024\/01\/Festforro150509171522_Festival_Forro-500x300.jpg\" alt=\"\" width=\"500\" height=\"300\" \/>\t\t\t\t\t\t\t<\/a>\n\t\t\t\t\t<\/div>\n\t<\/div>\n\t<\/div>\n<div class=\"qodef-e swiper-slide\">\n\t<div class=\"qodef-e-inner\">\n\t\t<div class=\"qodef-e-inner-holder\">\n\t\t\t\t\t\t\t<a class=\"qodef-popup-item\" itemprop=\"image\" href=\"https:\/\/www.brasilafro.net\/wordpress\/wp-content\/uploads\/2024\/01\/Festforro2015-05-10-festival-forro-Nam-art82.jpg\" data-type=\"image\" data-fslightbox=\"gallery-1\" data-e-disable-page-transition=\u201dtrue\u201d>\n\t\t\t\t\t\t\t<img loading=\"lazy\" decoding=\"async\" src=\"https:\/\/www.brasilafro.net\/wordpress\/wp-content\/uploads\/2024\/01\/Festforro2015-05-10-festival-forro-Nam-art82-500x300.jpg\" alt=\"\" width=\"500\" height=\"300\" \/>\t\t\t\t\t\t\t<\/a>\n\t\t\t\t\t<\/div>\n\t<\/div>\n\t<\/div>\n\t<\/div>\n\t\t<div class=\"swiper-button-prev\"><svg class=\"qodef-swiper-arrow-left\" xmlns=\"http:\/\/www.w3.org\/2000\/svg\" x=\"0px\" y=\"0px\" viewBox=\"0 0 34.2 32.3\" xml:space=\"preserve\" style=\"stroke-width: 2;\"><line x1=\"0.5\" y1=\"16\" x2=\"33.5\" y2=\"16\"\/><line x1=\"0.3\" y1=\"16.5\" x2=\"16.2\" y2=\"0.7\"\/><line x1=\"0\" y1=\"15.4\" x2=\"16.2\" y2=\"31.6\"\/><\/svg><\/div>\n\t<div class=\"swiper-button-next\"><svg class=\"qodef-swiper-arrow-right\" xmlns=\"http:\/\/www.w3.org\/2000\/svg\" x=\"0px\" y=\"0px\" viewBox=\"0 0 34.2 32.3\" xml:space=\"preserve\" style=\"stroke-width: 2;\"><line x1=\"0\" y1=\"16\" x2=\"33\" y2=\"16\"\/><line x1=\"17.3\" y1=\"0.7\" x2=\"33.2\" y2=\"16.5\"\/><line x1=\"17.3\" y1=\"31.6\" x2=\"33.5\" y2=\"15.4\"\/><\/svg><\/div>\n\t<div class=\"swiper-pagination\"><\/div>\n<\/div>\n\t\t\t\t<\/div>\n\t\t\t\t<\/div>\n\t\t\t\t<\/div>\n\t\t<div class=\"elementor-element elementor-element-9101422 e-con-full e-flex wpr-particle-no wpr-jarallax-no wpr-parallax-no wpr-sticky-section-no wpr-equal-height-no e-con e-child\" data-id=\"9101422\" data-element_type=\"container\" data-e-type=\"container\">\n\t\t\t\t<div class=\"elementor-element elementor-element-5ad942f elementor-layout-start e-tabs-view-vertical elementor-widget elementor-widget-video-playlist\" data-id=\"5ad942f\" data-element_type=\"widget\" data-e-type=\"widget\" data-settings=\"{&quot;tabs&quot;:[{&quot;title&quot;:&quot;Festival do Forr\\u00f3 2013&quot;,&quot;youtube_url&quot;:&quot;https:\\\/\\\/youtu.be\\\/HtmXaa4ZvRM?si=sRS8ygB5TOIxTyso&quot;,&quot;duration&quot;:&quot;1:15&quot;,&quot;thumbnail&quot;:{&quot;url&quot;:&quot;https:\\\/\\\/www.brasilafro.net\\\/wordpress\\\/wp-content\\\/uploads\\\/2024\\\/01\\\/3Stjean36596421_1217786185029595_8254362157144080384_o-1.jpg&quot;,&quot;id&quot;:13701,&quot;size&quot;:&quot;&quot;,&quot;alt&quot;:&quot;&quot;,&quot;source&quot;:&quot;library&quot;},&quot;_id&quot;:&quot;c5421a5&quot;,&quot;vimeo_url&quot;:null,&quot;index&quot;:0,&quot;type&quot;:&quot;youtube&quot;,&quot;is_external_url&quot;:null,&quot;hosted_url&quot;:null,&quot;external_url&quot;:null,&quot;section_html_tag&quot;:null,&quot;video_html_tag&quot;:&quot;h4&quot;,&quot;inner_tab_is_content_visible&quot;:&quot;&quot;,&quot;inner_tab_content_1&quot;:null,&quot;inner_tab_content_2&quot;:null},{&quot;title&quot;:&quot;Festival do Forr\\u00f3&quot;,&quot;youtube_url&quot;:&quot;https:\\\/\\\/youtu.be\\\/lwN6SSOIKCo?si=lG0DG_dBZNonjkpK&quot;,&quot;duration&quot;:&quot;3:12&quot;,&quot;thumbnail&quot;:{&quot;url&quot;:&quot;https:\\\/\\\/www.brasilafro.net\\\/wordpress\\\/wp-content\\\/uploads\\\/2024\\\/01\\\/1LarueNosSpectacles-Animation-de-rue2.jpg&quot;,&quot;id&quot;:12977,&quot;size&quot;:&quot;&quot;,&quot;alt&quot;:&quot;&quot;,&quot;source&quot;:&quot;library&quot;},&quot;_id&quot;:&quot;9f01e0c&quot;,&quot;vimeo_url&quot;:null,&quot;index&quot;:1,&quot;type&quot;:&quot;youtube&quot;,&quot;is_external_url&quot;:null,&quot;hosted_url&quot;:null,&quot;external_url&quot;:null,&quot;section_html_tag&quot;:null,&quot;video_html_tag&quot;:&quot;h4&quot;,&quot;inner_tab_is_content_visible&quot;:&quot;&quot;,&quot;inner_tab_content_1&quot;:null,&quot;inner_tab_content_2&quot;:null},{&quot;title&quot;:&quot;Teaser do Festival Forro&quot;,&quot;youtube_url&quot;:&quot;https:\\\/\\\/youtu.be\\\/xPBiTLEx84M?si=T0UdVAh8QuUfoPRV&quot;,&quot;duration&quot;:&quot;2:00&quot;,&quot;thumbnail&quot;:{&quot;url&quot;:&quot;https:\\\/\\\/www.brasilafro.net\\\/wordpress\\\/wp-content\\\/uploads\\\/2024\\\/01\\\/3StJeanHist2NosSpectacles-Bals-et-concerts-5-scaled.jpg&quot;,&quot;id&quot;:13702,&quot;size&quot;:&quot;&quot;,&quot;alt&quot;:&quot;&quot;,&quot;source&quot;:&quot;library&quot;},&quot;_id&quot;:&quot;5879ca0&quot;,&quot;vimeo_url&quot;:null,&quot;index&quot;:2,&quot;type&quot;:&quot;youtube&quot;,&quot;is_external_url&quot;:null,&quot;hosted_url&quot;:null,&quot;external_url&quot;:null,&quot;section_html_tag&quot;:null,&quot;video_html_tag&quot;:&quot;h4&quot;,&quot;inner_tab_is_content_visible&quot;:&quot;&quot;,&quot;inner_tab_content_1&quot;:null,&quot;inner_tab_content_2&quot;:null},{&quot;_id&quot;:&quot;4802b2a&quot;,&quot;youtube_url&quot;:&quot;https:\\\/\\\/youtu.be\\\/z6iLtI84u8Y?si=FB5Tpck3MY2K_b7B&quot;,&quot;vimeo_url&quot;:null,&quot;title&quot;:&quot;Festival do Forr\\u00f3&quot;,&quot;thumbnail&quot;:{&quot;url&quot;:&quot;https:\\\/\\\/www.brasilafro.net\\\/wordpress\\\/wp-content\\\/uploads\\\/2017\\\/03\\\/Festival-Forro-Lille-Copyright-Christian-Van-Rechem.jpeg&quot;,&quot;id&quot;:10906,&quot;size&quot;:&quot;&quot;,&quot;alt&quot;:&quot;&quot;,&quot;source&quot;:&quot;library&quot;},&quot;index&quot;:3,&quot;type&quot;:&quot;youtube&quot;,&quot;is_external_url&quot;:null,&quot;hosted_url&quot;:null,&quot;external_url&quot;:null,&quot;section_html_tag&quot;:null,&quot;video_html_tag&quot;:&quot;h4&quot;,&quot;duration&quot;:&quot;&quot;,&quot;inner_tab_is_content_visible&quot;:&quot;&quot;,&quot;inner_tab_content_1&quot;:null,&quot;inner_tab_content_2&quot;:null}],&quot;inner_tab_title_1&quot;:&quot;Guia n\\u00ba 1&quot;,&quot;inner_tab_title_2&quot;:&quot;Guia n\\u00ba 2&quot;}\" data-widget_type=\"video-playlist.default\">\n\t\t\t\t<div class=\"elementor-widget-container\">\n\t\t\t\t\t\n\t\t<div class=\"e-tabs\" role=\"region\" aria-labelledby=\"e-playlist-5ad942f\">\n\t\t\t<div class=\"e-tabs-main-area\">\n\t\t\t\t<div class=\"e-tabs-wrapper\">\n\t\t\t\t\t<div class=\"e-tabs-header\">\n\t\t\t\t\t\t<div class=\"e-tabs-title\" id=\"e-playlist-5ad942f\"><\/div>\n\t\t\t\t\t\t<div class=\"e-tabs-header-right-side\">\n\t\t\t\t\t\t\t\t\t\t\t\t\t\t\t<span class=\"e-tabs-videos-count\">4 Videos<\/span>\n\t\t\t\t\t\t\t\t\t\t\t\t\t\t<svg aria-hidden=\"true\" class=\"e-tabs-toggle-videos-display-button rotate-down e-font-icon-svg e-eicon-caret-down\" viewBox=\"0 0 571.4 571.4\" xmlns=\"http:\/\/www.w3.org\/2000\/svg\"><path d=\"M571 393Q571 407 561 418L311 668Q300 679 286 679T261 668L11 418Q0 407 0 393T11 368 36 357H536Q550 357 561 368T571 393Z\"><\/path><\/svg>\t\t\t\t\t\t<\/div>\n\t\t\t\t\t<\/div>\n\t\t\t\t\t<div class=\"e-tabs-items-wrapper\">\n\t\t\t\t\t\t<div class=\"e-tabs-items\" role=\"tablist\">\n\t\t\t\t\t\t\t\t\t\t\t\t\t\t\t\t\t\t\t\t\t\t\t\t<div id=\"e-tab-title-9521\" class=\"e-tab-title e-tab-desktop-title\" aria-selected=\"true\" data-tab=\"1\" role=\"tab\" tabindex=\"0\" aria-controls=\"e-tab-content-9521\">\n\t\t\t\t\t\t\t\t\t\t\t\t\t\t\t\t\t\t\t\t\t<div class=\"e-tab-thumbnail\">\n\t\t\t\t\t\t\t\t\t\t\t\t\t\t\t\t\t\t\t\t\t\t\t\t\t<img decoding=\"async\" src=\"https:\/\/www.brasilafro.net\/wordpress\/wp-content\/uploads\/2024\/01\/3Stjean36596421_1217786185029595_8254362157144080384_o-1.jpg\" alt=\"Festival do Forr\u00f3 2013\" loading=\"lazy\" \/>\n\t\t\t\t\t\t\t\t\t\t\t\t\t\t\t\t\t\t\t\t\t\t\t\t<span class=\"icon-play\"><svg aria-hidden=\"true\" class=\"e-font-icon-svg e-fas-play-circle\" viewBox=\"0 0 512 512\" xmlns=\"http:\/\/www.w3.org\/2000\/svg\"><path d=\"M256 8C119 8 8 119 8 256s111 248 248 248 248-111 248-248S393 8 256 8zm115.7 272l-176 101c-15.8 8.8-35.7-2.5-35.7-21V152c0-18.4 19.8-29.8 35.7-21l176 107c16.4 9.2 16.4 32.9 0 42z\"><\/path><\/svg><\/span>\n\t\t\t\t\t\t\t\t\t\t\t\t<span class=\"icon-watched\"><svg aria-hidden=\"true\" class=\"e-font-icon-svg e-fas-check-circle\" viewBox=\"0 0 512 512\" xmlns=\"http:\/\/www.w3.org\/2000\/svg\"><path d=\"M504 256c0 136.967-111.033 248-248 248S8 392.967 8 256 119.033 8 256 8s248 111.033 248 248zM227.314 387.314l184-184c6.248-6.248 6.248-16.379 0-22.627l-22.627-22.627c-6.248-6.249-16.379-6.249-22.628 0L216 308.118l-70.059-70.059c-6.248-6.248-16.379-6.248-22.628 0l-22.627 22.627c-6.248 6.248-6.248 16.379 0 22.627l104 104c6.249 6.249 16.379 6.249 22.628.001z\"><\/path><\/svg><\/span>\n\t\t\t\t\t\t\t\t\t\t\t<\/div>\n\t\t\t\t\t\t\t\t\t\t\t\t\t\t\t\t\t\t\t\t<h4 class=\"e-tab-title-text\">\n\t\t\t\t\t\t\t\t\t\t\t<button type=\"button\">Festival do Forr\u00f3 2013<\/button>\n\t\t\t\t\t\t\t\t\t\t<\/h4>\n\t\t\t\t\t\t\t\t\t\t\t\t\t\t\t\t\t\t\t\t\t<span class=\"e-tab-duration\">1:15<\/span>\n\t\t\t\t\t\t\t\t\t\t\t\t\t\t\t\t\t\t\t<\/div>\n\t\t\t\t\t\t\t\t\t\t\t\t\t\t\t\t\t\t\t\t\t\t\t\t\t\t\t\t\t\t\t\t<div id=\"e-tab-title-9522\" class=\"e-tab-title e-tab-desktop-title\" aria-selected=\"false\" data-tab=\"2\" role=\"tab\" tabindex=\"-1\" aria-controls=\"e-tab-content-9522\">\n\t\t\t\t\t\t\t\t\t\t\t\t\t\t\t\t\t\t\t\t\t<div class=\"e-tab-thumbnail\">\n\t\t\t\t\t\t\t\t\t\t\t\t\t\t\t\t\t\t\t\t\t\t\t\t\t<img decoding=\"async\" src=\"https:\/\/www.brasilafro.net\/wordpress\/wp-content\/uploads\/2024\/01\/1LarueNosSpectacles-Animation-de-rue2.jpg\" alt=\"Festival do Forr\u00f3\" loading=\"lazy\" \/>\n\t\t\t\t\t\t\t\t\t\t\t\t\t\t\t\t\t\t\t\t\t\t\t\t<span class=\"icon-play\"><svg aria-hidden=\"true\" class=\"e-font-icon-svg e-fas-play-circle\" viewBox=\"0 0 512 512\" xmlns=\"http:\/\/www.w3.org\/2000\/svg\"><path d=\"M256 8C119 8 8 119 8 256s111 248 248 248 248-111 248-248S393 8 256 8zm115.7 272l-176 101c-15.8 8.8-35.7-2.5-35.7-21V152c0-18.4 19.8-29.8 35.7-21l176 107c16.4 9.2 16.4 32.9 0 42z\"><\/path><\/svg><\/span>\n\t\t\t\t\t\t\t\t\t\t\t\t<span class=\"icon-watched\"><svg aria-hidden=\"true\" class=\"e-font-icon-svg e-fas-check-circle\" viewBox=\"0 0 512 512\" xmlns=\"http:\/\/www.w3.org\/2000\/svg\"><path d=\"M504 256c0 136.967-111.033 248-248 248S8 392.967 8 256 119.033 8 256 8s248 111.033 248 248zM227.314 387.314l184-184c6.248-6.248 6.248-16.379 0-22.627l-22.627-22.627c-6.248-6.249-16.379-6.249-22.628 0L216 308.118l-70.059-70.059c-6.248-6.248-16.379-6.248-22.628 0l-22.627 22.627c-6.248 6.248-6.248 16.379 0 22.627l104 104c6.249 6.249 16.379 6.249 22.628.001z\"><\/path><\/svg><\/span>\n\t\t\t\t\t\t\t\t\t\t\t<\/div>\n\t\t\t\t\t\t\t\t\t\t\t\t\t\t\t\t\t\t\t\t<h4 class=\"e-tab-title-text\">\n\t\t\t\t\t\t\t\t\t\t\t<button type=\"button\">Festival do Forr\u00f3<\/button>\n\t\t\t\t\t\t\t\t\t\t<\/h4>\n\t\t\t\t\t\t\t\t\t\t\t\t\t\t\t\t\t\t\t\t\t<span class=\"e-tab-duration\">3:12<\/span>\n\t\t\t\t\t\t\t\t\t\t\t\t\t\t\t\t\t\t\t<\/div>\n\t\t\t\t\t\t\t\t\t\t\t\t\t\t\t\t\t\t\t\t\t\t\t\t\t\t\t\t\t\t\t\t<div id=\"e-tab-title-9523\" class=\"e-tab-title e-tab-desktop-title\" aria-selected=\"false\" data-tab=\"3\" role=\"tab\" tabindex=\"-1\" aria-controls=\"e-tab-content-9523\">\n\t\t\t\t\t\t\t\t\t\t\t\t\t\t\t\t\t\t\t\t\t<div class=\"e-tab-thumbnail\">\n\t\t\t\t\t\t\t\t\t\t\t\t\t\t\t\t\t\t\t\t\t\t\t\t\t<img decoding=\"async\" src=\"https:\/\/www.brasilafro.net\/wordpress\/wp-content\/uploads\/2024\/01\/3StJeanHist2NosSpectacles-Bals-et-concerts-5-scaled.jpg\" alt=\"Teaser do Festival Forro\" loading=\"lazy\" \/>\n\t\t\t\t\t\t\t\t\t\t\t\t\t\t\t\t\t\t\t\t\t\t\t\t<span class=\"icon-play\"><svg aria-hidden=\"true\" class=\"e-font-icon-svg e-fas-play-circle\" viewBox=\"0 0 512 512\" xmlns=\"http:\/\/www.w3.org\/2000\/svg\"><path d=\"M256 8C119 8 8 119 8 256s111 248 248 248 248-111 248-248S393 8 256 8zm115.7 272l-176 101c-15.8 8.8-35.7-2.5-35.7-21V152c0-18.4 19.8-29.8 35.7-21l176 107c16.4 9.2 16.4 32.9 0 42z\"><\/path><\/svg><\/span>\n\t\t\t\t\t\t\t\t\t\t\t\t<span class=\"icon-watched\"><svg aria-hidden=\"true\" class=\"e-font-icon-svg e-fas-check-circle\" viewBox=\"0 0 512 512\" xmlns=\"http:\/\/www.w3.org\/2000\/svg\"><path d=\"M504 256c0 136.967-111.033 248-248 248S8 392.967 8 256 119.033 8 256 8s248 111.033 248 248zM227.314 387.314l184-184c6.248-6.248 6.248-16.379 0-22.627l-22.627-22.627c-6.248-6.249-16.379-6.249-22.628 0L216 308.118l-70.059-70.059c-6.248-6.248-16.379-6.248-22.628 0l-22.627 22.627c-6.248 6.248-6.248 16.379 0 22.627l104 104c6.249 6.249 16.379 6.249 22.628.001z\"><\/path><\/svg><\/span>\n\t\t\t\t\t\t\t\t\t\t\t<\/div>\n\t\t\t\t\t\t\t\t\t\t\t\t\t\t\t\t\t\t\t\t<h4 class=\"e-tab-title-text\">\n\t\t\t\t\t\t\t\t\t\t\t<button type=\"button\">Teaser do Festival Forro<\/button>\n\t\t\t\t\t\t\t\t\t\t<\/h4>\n\t\t\t\t\t\t\t\t\t\t\t\t\t\t\t\t\t\t\t\t\t<span class=\"e-tab-duration\">2:00<\/span>\n\t\t\t\t\t\t\t\t\t\t\t\t\t\t\t\t\t\t\t<\/div>\n\t\t\t\t\t\t\t\t\t\t\t\t\t\t\t\t\t\t\t\t\t\t\t\t\t\t\t\t\t\t\t\t<div id=\"e-tab-title-9524\" class=\"e-tab-title e-tab-desktop-title\" aria-selected=\"false\" data-tab=\"4\" role=\"tab\" tabindex=\"-1\" aria-controls=\"e-tab-content-9524\">\n\t\t\t\t\t\t\t\t\t\t\t\t\t\t\t\t\t\t\t\t\t<div class=\"e-tab-thumbnail\">\n\t\t\t\t\t\t\t\t\t\t\t\t\t\t\t\t\t\t\t\t\t\t\t\t\t<img decoding=\"async\" src=\"https:\/\/www.brasilafro.net\/wordpress\/wp-content\/uploads\/2017\/03\/Festival-Forro-Lille-Copyright-Christian-Van-Rechem.jpeg\" alt=\"Festival do Forr\u00f3\" loading=\"lazy\" \/>\n\t\t\t\t\t\t\t\t\t\t\t\t\t\t\t\t\t\t\t\t\t\t\t\t<span class=\"icon-play\"><svg aria-hidden=\"true\" class=\"e-font-icon-svg e-fas-play-circle\" viewBox=\"0 0 512 512\" xmlns=\"http:\/\/www.w3.org\/2000\/svg\"><path d=\"M256 8C119 8 8 119 8 256s111 248 248 248 248-111 248-248S393 8 256 8zm115.7 272l-176 101c-15.8 8.8-35.7-2.5-35.7-21V152c0-18.4 19.8-29.8 35.7-21l176 107c16.4 9.2 16.4 32.9 0 42z\"><\/path><\/svg><\/span>\n\t\t\t\t\t\t\t\t\t\t\t\t<span class=\"icon-watched\"><svg aria-hidden=\"true\" class=\"e-font-icon-svg e-fas-check-circle\" viewBox=\"0 0 512 512\" xmlns=\"http:\/\/www.w3.org\/2000\/svg\"><path d=\"M504 256c0 136.967-111.033 248-248 248S8 392.967 8 256 119.033 8 256 8s248 111.033 248 248zM227.314 387.314l184-184c6.248-6.248 6.248-16.379 0-22.627l-22.627-22.627c-6.248-6.249-16.379-6.249-22.628 0L216 308.118l-70.059-70.059c-6.248-6.248-16.379-6.248-22.628 0l-22.627 22.627c-6.248 6.248-6.248 16.379 0 22.627l104 104c6.249 6.249 16.379 6.249 22.628.001z\"><\/path><\/svg><\/span>\n\t\t\t\t\t\t\t\t\t\t\t<\/div>\n\t\t\t\t\t\t\t\t\t\t\t\t\t\t\t\t\t\t\t\t<h4 class=\"e-tab-title-text\">\n\t\t\t\t\t\t\t\t\t\t\t<button type=\"button\">Festival do Forr\u00f3<\/button>\n\t\t\t\t\t\t\t\t\t\t<\/h4>\n\t\t\t\t\t\t\t\t\t\t\t\t\t\t\t\t\t\t\t<\/div>\n\t\t\t\t\t\t\t\t\t\t\t\t\t\t\t\t\t\t\t\t\t<\/div>\n\t\t\t\t\t\t<div class=\"shadow shadow-top\" aria-hidden=\"true\"><\/div>\n\t\t\t\t\t\t<div class=\"shadow shadow-bottom\" aria-hidden=\"true\"><\/div>\n\t\t\t\t\t<\/div>\n\t\t\t\t<\/div>\n\n\t\t\t\t<div class=\"e-tabs-content-wrapper\" role=\"tablist\" aria-orientation=\"vertical\">\n\t\t\t\t\t\t\t\t\t\t\t<div id=\"e-tab-content-9521\" class=\"e-tab-content elementor-clearfix\" data-tab=\"1\" role=\"tabpanel\" aria-labelledby=\"e-tab-title-9521\" tabindex=\"0\" data-video-url=\"https:\/\/youtu.be\/HtmXaa4ZvRM?si=sRS8ygB5TOIxTyso\" data-video-type=\"youtube\" data-video-title=\"Festival do Forr\u00f3 2013\" data-video-duration=\"1:15\">\n\t\t\t\t\t\t\t<div><\/div>\n\t\t\t\t\t\t\t\t\t\t\t\t\t<\/div>\n\t\t\t\t\t\t\t\t\t\t\t<div id=\"e-tab-content-9522\" class=\"e-tab-content elementor-clearfix\" data-tab=\"2\" role=\"tabpanel\" aria-labelledby=\"e-tab-title-9522\" tabindex=\"0\" data-video-url=\"https:\/\/youtu.be\/lwN6SSOIKCo?si=lG0DG_dBZNonjkpK\" data-video-type=\"youtube\" data-video-title=\"Festival do Forr\u00f3\" data-video-duration=\"3:12\" hidden=\"hidden\">\n\t\t\t\t\t\t\t<div><\/div>\n\t\t\t\t\t\t\t\t\t\t\t\t\t<\/div>\n\t\t\t\t\t\t\t\t\t\t\t<div id=\"e-tab-content-9523\" class=\"e-tab-content elementor-clearfix\" data-tab=\"3\" role=\"tabpanel\" aria-labelledby=\"e-tab-title-9523\" tabindex=\"0\" data-video-url=\"https:\/\/youtu.be\/xPBiTLEx84M?si=T0UdVAh8QuUfoPRV\" data-video-type=\"youtube\" data-video-title=\"Teaser do Festival Forro\" data-video-duration=\"2:00\" hidden=\"hidden\">\n\t\t\t\t\t\t\t<div><\/div>\n\t\t\t\t\t\t\t\t\t\t\t\t\t<\/div>\n\t\t\t\t\t\t\t\t\t\t\t<div id=\"e-tab-content-9524\" class=\"e-tab-content elementor-clearfix\" data-tab=\"4\" role=\"tabpanel\" aria-labelledby=\"e-tab-title-9524\" tabindex=\"0\" data-video-url=\"https:\/\/youtu.be\/z6iLtI84u8Y?si=FB5Tpck3MY2K_b7B\" data-video-type=\"youtube\" data-video-title=\"Festival do Forr\u00f3\" data-video-duration=\"\" hidden=\"hidden\">\n\t\t\t\t\t\t\t<div><\/div>\n\t\t\t\t\t\t\t\t\t\t\t\t\t<\/div>\n\t\t\t\t\t\t\t\t\t<\/div>\n\t\t\t<\/div>\n\n\t\t\t<div class=\"e-tabs-inner-tabs\" >\n\t\t\t\t\t\t\t\t\t\t\t\t\t\t\t\t\t\t\t\t\t\t\t\t\t\t\t\t\t\t\t\t\t\t\t\t\t\t\t\t\t\t\t<\/div>\n\t\t<\/div>\n\t\t\t\t\t\t<\/div>\n\t\t\t\t<\/div>\n\t\t\t\t<\/div>\n\t\t\t\t\t<\/div>\n\t\t\t\t<\/div>\n\t\t<div class=\"elementor-element elementor-element-af63076 e-flex e-con-boxed wpr-particle-no wpr-jarallax-no wpr-parallax-no wpr-sticky-section-no wpr-equal-height-no e-con e-parent\" data-id=\"af63076\" data-element_type=\"container\" data-e-type=\"container\">\n\t\t\t\t\t<div class=\"e-con-inner\">\n\t\t\t\t<div class=\"elementor-element elementor-element-62684a3 elementor-widget elementor-widget-text-editor\" data-id=\"62684a3\" data-element_type=\"widget\" data-e-type=\"widget\" data-widget_type=\"text-editor.default\">\n\t\t\t\t<div class=\"elementor-widget-container\">\n\t\t\t\t\t\t\t\t\t<p style=\"text-align: center;\"><span style=\"color: #ff9900;\"><a style=\"color: #ff9900;\" href=\"https:\/\/www.brasilafro.net\/pt-br\/internacionalmente\/\"><strong>? Internacionalmente?<\/strong><\/a><\/span><\/p>\n\t\t\t\t\t\t\t\t<\/div>\n\t\t\t\t<\/div>\n\t\t\t\t\t<\/div>\n\t\t\t\t<\/div>\n\t\t\t\t<\/div>\n\t\t","protected":false},"excerpt":{"rendered":"<p>Carnavais Fevereiro\/mar\u00e7o marca o in\u00edcio da temporada de carnaval no Brasil. Estamos muito envolvidos na prepara\u00e7\u00e3o dos carnavais da vizinhan\u00e7a, na forma de oficinas de upstream, para que os residentes e, em especial, as crian\u00e7as, sejam os m\u00fasicos e dan\u00e7arinos de seu pr\u00f3prio evento, sob a orienta\u00e7\u00e3o de nossa equipe. \u00c9 toda a energia de uma verdadeira escola de samba brasileira com um toque Ch&#8217;ti. Voc\u00ea pode nos encontrar todos os anos no carnaval em Wazemmes, nosso bairro, mas tamb\u00e9m em muitos outros bairros de Lille e da regi\u00e3o. Siga-nos em nossas redes. 6 Videos Brasil Afro Funk na Parada Renascentista 1:15 Band&#8217;a BAF &#8211; M\u00fasicas de capoeira &#8211; Carnaval no centro Carnaval Lille Fives 2012 3:12 As crian\u00e7as do Lille Fives est\u00e3o fazendo seu carnaval! Lavagem Do Bonfim &#8211; Brasil Afro Funk Conceic\u00e3o &#8211; Bloco Samba Bahia &#8211; Desfile de Abertura Renaissance Lille3000 Baile de carnaval\/ensaio Os tambores est\u00e3o prontos, os dan\u00e7arinos est\u00e3o se aquecendo e o p\u00fablico est\u00e1 se reunindo. \u00c9 hora do baile de carnaval, o grande ensaio geral antes de sair \u00e0s ruas para o desfile. As escolas de samba no Brasil transformam o evento em uma verdadeira festa de bairro, reunindo todos os m\u00fasicos e dan\u00e7arinos para ensaiar juntos ao som de percuss\u00e3o, canto, balan\u00e7o, fantasias multicoloridas, sem esquecer a comida, a bebida e a atmosfera el\u00e9trica da festa. Venha e junte-se a n\u00f3s e voc\u00ea logo se ver\u00e1 molhando os p\u00e9s na pista de dan\u00e7a&#8230; energia contagiante garantida! Voc\u00ea pode nos encontrar todos os anos no carnaval em Wazemmes, nosso bairro, mas tamb\u00e9m em muitos outros bairros de Lille e da regi\u00e3o. Siga-nos em nossas redes. 5 Videos Bola\/ensaio 1:15 Baile de Carnaval Brasileiro 2023 3:12 Carnaval na Barraca Zem Dan\u00e7a &#8211; Samba Jazz &#8211; Carnaval de Wazemmes Dan\u00e7a &#8211; Toda Menina Baiana &#8211; Carnaval Wazemmes Baile do Dia de S\u00e3o Jo\u00e3o Depois do carnaval, as festas juninas s\u00e3o as mais populares do Brasil, comemoradas ao som do acorde\u00e3o em um ambiente de guingueira. Voc\u00ea pode dan\u00e7ar um ritmo sincopado no estilo country, o forr\u00f3 e a quadrilha europeia. As fam\u00edlias s\u00e3o convidadas a vir vestidas com camisas xadrez e chap\u00e9us de palha para os homens e saias longas floridas e tran\u00e7as para as mulheres. Tudo o que resta a fazer \u00e9 deixar-se guiar pelos passos da dan\u00e7a, que s\u00e3o tradicionalmente dados em franc\u00eas: anavan (para frente), anari\u00ear (para tr\u00e1s)&#8230; Entre na dan\u00e7a! 3 Videos Dia de S\u00e3o Patr\u00edcio Jean &#8211; Tarde dos vizinhos 1:15 Dia de S\u00e3o Patr\u00edcio Jean 3:12 Festas Juninas &#8211; Celebra\u00e7\u00f5es do Dia de S\u00e3o Jo\u00e3o 2:00 Festivais brasileiros Quer conhecer um pouco da cultura brasileira? J\u00e1 pensamos em algo para voc\u00ea: concertos, bailes, descobertas culin\u00e1rias, oficinas de m\u00fasica, dan\u00e7a ou capoeira, exposi\u00e7\u00f5es de arte, fantasias&#8230; Para os f\u00e3s de forr\u00f3, \u00e9 o Festival de Forr\u00f3 de Lille, iniciado por nosso coletivo em 2013: dan\u00e7as de forr\u00f3, shows, afters, oficinas, inicia\u00e7\u00f5es, quadrilha, passeios pelo mercado e muito mais! Se voc\u00ea for mais ecl\u00e9tico, o Brasil Fusion Fest, realizado em 2017 e 2018 em torno das culturas urbanas e da capoeira, inclui shows de hip-hop, batalhas de dan\u00e7a, roda de capoeira, workshops e cursos introdut\u00f3rios. 4 Videos Festival do Forr\u00f3 2013 1:15 Festival do Forr\u00f3 3:12 Teaser do Festival Forro 2:00 Festival do Forr\u00f3 ? Internacionalmente?<\/p>\n","protected":false},"author":120,"featured_media":0,"parent":17329,"menu_order":2,"comment_status":"closed","ping_status":"closed","template":"","meta":{"site-sidebar-layout":"default","site-content-layout":"","ast-site-content-layout":"default","site-content-style":"default","site-sidebar-style":"default","ast-global-header-display":"","ast-banner-title-visibility":"","ast-main-header-display":"","ast-hfb-above-header-display":"","ast-hfb-below-header-display":"","ast-hfb-mobile-header-display":"","site-post-title":"","ast-breadcrumbs-content":"","ast-featured-img":"","footer-sml-layout":"","ast-disable-related-posts":"","theme-transparent-header-meta":"","adv-header-id-meta":"","stick-header-meta":"","header-above-stick-meta":"","header-main-stick-meta":"","header-below-stick-meta":"","astra-migrate-meta-layouts":"default","ast-page-background-enabled":"default","ast-page-background-meta":{"desktop":{"background-color":"","background-image":"","background-repeat":"repeat","background-position":"center center","background-size":"auto","background-attachment":"scroll","background-type":"","background-media":"","overlay-type":"","overlay-color":"","overlay-opacity":"","overlay-gradient":""},"tablet":{"background-color":"","background-image":"","background-repeat":"repeat","background-position":"center center","background-size":"auto","background-attachment":"scroll","background-type":"","background-media":"","overlay-type":"","overlay-color":"","overlay-opacity":"","overlay-gradient":""},"mobile":{"background-color":"","background-image":"","background-repeat":"repeat","background-position":"center center","background-size":"auto","background-attachment":"scroll","background-type":"","background-media":"","overlay-type":"","overlay-color":"","overlay-opacity":"","overlay-gradient":""}},"ast-content-background-meta":{"desktop":{"background-color":"var(--ast-global-color-5)","background-image":"","background-repeat":"repeat","background-position":"center center","background-size":"auto","background-attachment":"scroll","background-type":"","background-media":"","overlay-type":"","overlay-color":"","overlay-opacity":"","overlay-gradient":""},"tablet":{"background-color":"var(--ast-global-color-5)","background-image":"","background-repeat":"repeat","background-position":"center center","background-size":"auto","background-attachment":"scroll","background-type":"","background-media":"","overlay-type":"","overlay-color":"","overlay-opacity":"","overlay-gradient":""},"mobile":{"background-color":"var(--ast-global-color-5)","background-image":"","background-repeat":"repeat","background-position":"center center","background-size":"auto","background-attachment":"scroll","background-type":"","background-media":"","overlay-type":"","overlay-color":"","overlay-opacity":"","overlay-gradient":""}},"footnotes":""},"class_list":["post-17345","page","type-page","status-publish","hentry"],"yoast_head":"<!-- This site is optimized with the Yoast SEO Premium plugin v27.5 (Yoast SEO v27.5) - https:\/\/yoast.com\/product\/yoast-seo-premium-wordpress\/ -->\n<title>Nossos eventos no Brasil - Brasil Afro Funk<\/title>\n<meta name=\"robots\" content=\"index, follow, max-snippet:-1, max-image-preview:large, max-video-preview:-1\" \/>\n<link rel=\"canonical\" href=\"https:\/\/www.brasilafro.net\/pt-br\/nossas-iniciativas-culturais\/nossos-eventos-no-brasil\/\" \/>\n<meta property=\"og:locale\" content=\"pt_BR\" \/>\n<meta property=\"og:type\" content=\"article\" \/>\n<meta property=\"og:title\" content=\"Nossos eventos no Brasil\" \/>\n<meta property=\"og:description\" content=\"Carnavais Fevereiro\/mar\u00e7o marca o in\u00edcio da temporada de carnaval no Brasil. Estamos muito envolvidos na prepara\u00e7\u00e3o dos carnavais da vizinhan\u00e7a, na forma de oficinas de upstream, para que os residentes e, em especial, as crian\u00e7as, sejam os m\u00fasicos e dan\u00e7arinos de seu pr\u00f3prio evento, sob a orienta\u00e7\u00e3o de nossa equipe. \u00c9 toda a energia de uma verdadeira escola de samba brasileira com um toque Ch&#8217;ti. Voc\u00ea pode nos encontrar todos os anos no carnaval em Wazemmes, nosso bairro, mas tamb\u00e9m em muitos outros bairros de Lille e da regi\u00e3o. Siga-nos em nossas redes. 6 Videos Brasil Afro Funk na Parada Renascentista 1:15 Band&#8217;a BAF &#8211; M\u00fasicas de capoeira &#8211; Carnaval no centro Carnaval Lille Fives 2012 3:12 As crian\u00e7as do Lille Fives est\u00e3o fazendo seu carnaval! Lavagem Do Bonfim &#8211; Brasil Afro Funk Conceic\u00e3o &#8211; Bloco Samba Bahia &#8211; Desfile de Abertura Renaissance Lille3000 Baile de carnaval\/ensaio Os tambores est\u00e3o prontos, os dan\u00e7arinos est\u00e3o se aquecendo e o p\u00fablico est\u00e1 se reunindo. \u00c9 hora do baile de carnaval, o grande ensaio geral antes de sair \u00e0s ruas para o desfile. As escolas de samba no Brasil transformam o evento em uma verdadeira festa de bairro, reunindo todos os m\u00fasicos e dan\u00e7arinos para ensaiar juntos ao som de percuss\u00e3o, canto, balan\u00e7o, fantasias multicoloridas, sem esquecer a comida, a bebida e a atmosfera el\u00e9trica da festa. Venha e junte-se a n\u00f3s e voc\u00ea logo se ver\u00e1 molhando os p\u00e9s na pista de dan\u00e7a&#8230; energia contagiante garantida! Voc\u00ea pode nos encontrar todos os anos no carnaval em Wazemmes, nosso bairro, mas tamb\u00e9m em muitos outros bairros de Lille e da regi\u00e3o. Siga-nos em nossas redes. 5 Videos Bola\/ensaio 1:15 Baile de Carnaval Brasileiro 2023 3:12 Carnaval na Barraca Zem Dan\u00e7a &#8211; Samba Jazz &#8211; Carnaval de Wazemmes Dan\u00e7a &#8211; Toda Menina Baiana &#8211; Carnaval Wazemmes Baile do Dia de S\u00e3o Jo\u00e3o Depois do carnaval, as festas juninas s\u00e3o as mais populares do Brasil, comemoradas ao som do acorde\u00e3o em um ambiente de guingueira. Voc\u00ea pode dan\u00e7ar um ritmo sincopado no estilo country, o forr\u00f3 e a quadrilha europeia. As fam\u00edlias s\u00e3o convidadas a vir vestidas com camisas xadrez e chap\u00e9us de palha para os homens e saias longas floridas e tran\u00e7as para as mulheres. Tudo o que resta a fazer \u00e9 deixar-se guiar pelos passos da dan\u00e7a, que s\u00e3o tradicionalmente dados em franc\u00eas: anavan (para frente), anari\u00ear (para tr\u00e1s)&#8230; Entre na dan\u00e7a! 3 Videos Dia de S\u00e3o Patr\u00edcio Jean &#8211; Tarde dos vizinhos 1:15 Dia de S\u00e3o Patr\u00edcio Jean 3:12 Festas Juninas &#8211; Celebra\u00e7\u00f5es do Dia de S\u00e3o Jo\u00e3o 2:00 Festivais brasileiros Quer conhecer um pouco da cultura brasileira? J\u00e1 pensamos em algo para voc\u00ea: concertos, bailes, descobertas culin\u00e1rias, oficinas de m\u00fasica, dan\u00e7a ou capoeira, exposi\u00e7\u00f5es de arte, fantasias&#8230; Para os f\u00e3s de forr\u00f3, \u00e9 o Festival de Forr\u00f3 de Lille, iniciado por nosso coletivo em 2013: dan\u00e7as de forr\u00f3, shows, afters, oficinas, inicia\u00e7\u00f5es, quadrilha, passeios pelo mercado e muito mais! Se voc\u00ea for mais ecl\u00e9tico, o Brasil Fusion Fest, realizado em 2017 e 2018 em torno das culturas urbanas e da capoeira, inclui shows de hip-hop, batalhas de dan\u00e7a, roda de capoeira, workshops e cursos introdut\u00f3rios. 4 Videos Festival do Forr\u00f3 2013 1:15 Festival do Forr\u00f3 3:12 Teaser do Festival Forro 2:00 Festival do Forr\u00f3 ? Internacionalmente?\" \/>\n<meta property=\"og:url\" content=\"https:\/\/www.brasilafro.net\/pt-br\/nossas-iniciativas-culturais\/nossos-eventos-no-brasil\/\" \/>\n<meta property=\"og:site_name\" content=\"Brasil Afro Funk\" \/>\n<meta property=\"article:publisher\" content=\"https:\/\/www.facebook.com\/labarracazem\/\" \/>\n<meta property=\"article:modified_time\" content=\"2024-03-28T13:00:19+00:00\" \/>\n<meta property=\"og:image\" content=\"https:\/\/www.brasilafro.net\/wordpress\/wp-content\/uploads\/2024\/01\/1Accueil-Actions-culturelles1-500x300.jpg\" \/>\n<meta name=\"twitter:card\" content=\"summary_large_image\" \/>\n<meta name=\"twitter:site\" content=\"@labarracaZem\" \/>\n<meta name=\"twitter:label1\" content=\"Est. tempo de leitura\" \/>\n\t<meta name=\"twitter:data1\" content=\"3 minutos\" \/>\n<script type=\"application\/ld+json\" class=\"yoast-schema-graph\">{\"@context\":\"https:\\\/\\\/schema.org\",\"@graph\":[{\"@type\":\"WebPage\",\"@id\":\"https:\\\/\\\/www.brasilafro.net\\\/pt-br\\\/nossas-iniciativas-culturais\\\/nossos-eventos-no-brasil\\\/\",\"url\":\"https:\\\/\\\/www.brasilafro.net\\\/pt-br\\\/nossas-iniciativas-culturais\\\/nossos-eventos-no-brasil\\\/\",\"name\":\"Nossos eventos no Brasil - Brasil Afro Funk\",\"isPartOf\":{\"@id\":\"https:\\\/\\\/www.brasilafro.net\\\/pt-br\\\/#website\"},\"primaryImageOfPage\":{\"@id\":\"https:\\\/\\\/www.brasilafro.net\\\/pt-br\\\/nossas-iniciativas-culturais\\\/nossos-eventos-no-brasil\\\/#primaryimage\"},\"image\":{\"@id\":\"https:\\\/\\\/www.brasilafro.net\\\/pt-br\\\/nossas-iniciativas-culturais\\\/nossos-eventos-no-brasil\\\/#primaryimage\"},\"thumbnailUrl\":\"https:\\\/\\\/www.brasilafro.net\\\/wordpress\\\/wp-content\\\/uploads\\\/2024\\\/01\\\/1Accueil-Actions-culturelles1-500x300.jpg\",\"datePublished\":\"2018-04-20T13:26:25+00:00\",\"dateModified\":\"2024-03-28T13:00:19+00:00\",\"breadcrumb\":{\"@id\":\"https:\\\/\\\/www.brasilafro.net\\\/pt-br\\\/nossas-iniciativas-culturais\\\/nossos-eventos-no-brasil\\\/#breadcrumb\"},\"inLanguage\":\"pt-BR\",\"potentialAction\":[{\"@type\":\"ReadAction\",\"target\":[\"https:\\\/\\\/www.brasilafro.net\\\/pt-br\\\/nossas-iniciativas-culturais\\\/nossos-eventos-no-brasil\\\/\"]}]},{\"@type\":\"ImageObject\",\"inLanguage\":\"pt-BR\",\"@id\":\"https:\\\/\\\/www.brasilafro.net\\\/pt-br\\\/nossas-iniciativas-culturais\\\/nossos-eventos-no-brasil\\\/#primaryimage\",\"url\":\"https:\\\/\\\/www.brasilafro.net\\\/wordpress\\\/wp-content\\\/uploads\\\/2024\\\/01\\\/1Accueil-Actions-culturelles1-500x300.jpg\",\"contentUrl\":\"https:\\\/\\\/www.brasilafro.net\\\/wordpress\\\/wp-content\\\/uploads\\\/2024\\\/01\\\/1Accueil-Actions-culturelles1-500x300.jpg\"},{\"@type\":\"BreadcrumbList\",\"@id\":\"https:\\\/\\\/www.brasilafro.net\\\/pt-br\\\/nossas-iniciativas-culturais\\\/nossos-eventos-no-brasil\\\/#breadcrumb\",\"itemListElement\":[{\"@type\":\"ListItem\",\"position\":1,\"name\":\"Accueil\",\"item\":\"https:\\\/\\\/www.brasilafro.net\\\/pt-br\\\/inicio\\\/\"},{\"@type\":\"ListItem\",\"position\":2,\"name\":\"Nossas iniciativas culturais\",\"item\":\"https:\\\/\\\/www.brasilafro.net\\\/pt-br\\\/nossas-iniciativas-culturais\\\/\"},{\"@type\":\"ListItem\",\"position\":3,\"name\":\"Nossos eventos no Brasil\"}]},{\"@type\":\"WebSite\",\"@id\":\"https:\\\/\\\/www.brasilafro.net\\\/pt-br\\\/#website\",\"url\":\"https:\\\/\\\/www.brasilafro.net\\\/pt-br\\\/\",\"name\":\"Brasil Afro Funk\",\"description\":\"Musique I Danse I Capoeira  I Ecole \u00e0 Lille\",\"publisher\":{\"@id\":\"https:\\\/\\\/www.brasilafro.net\\\/pt-br\\\/#organization\"},\"potentialAction\":[{\"@type\":\"SearchAction\",\"target\":{\"@type\":\"EntryPoint\",\"urlTemplate\":\"https:\\\/\\\/www.brasilafro.net\\\/pt-br\\\/?s={search_term_string}\"},\"query-input\":{\"@type\":\"PropertyValueSpecification\",\"valueRequired\":true,\"valueName\":\"search_term_string\"}}],\"inLanguage\":\"pt-BR\"},{\"@type\":\"Organization\",\"@id\":\"https:\\\/\\\/www.brasilafro.net\\\/pt-br\\\/#organization\",\"name\":\"Brasil Afro Funk\",\"url\":\"https:\\\/\\\/www.brasilafro.net\\\/pt-br\\\/\",\"logo\":{\"@type\":\"ImageObject\",\"inLanguage\":\"pt-BR\",\"@id\":\"https:\\\/\\\/www.brasilafro.net\\\/pt-br\\\/#\\\/schema\\\/logo\\\/image\\\/\",\"url\":\"https:\\\/\\\/www.brasilafro.net\\\/wordpress\\\/wp-content\\\/uploads\\\/2017\\\/10\\\/cropped-logoBAF.png\",\"contentUrl\":\"https:\\\/\\\/www.brasilafro.net\\\/wordpress\\\/wp-content\\\/uploads\\\/2017\\\/10\\\/cropped-logoBAF.png\",\"width\":1119,\"height\":879,\"caption\":\"Brasil Afro Funk\"},\"image\":{\"@id\":\"https:\\\/\\\/www.brasilafro.net\\\/pt-br\\\/#\\\/schema\\\/logo\\\/image\\\/\"},\"sameAs\":[\"https:\\\/\\\/www.facebook.com\\\/labarracazem\\\/\",\"https:\\\/\\\/x.com\\\/labarracaZem\",\"https:\\\/\\\/www.instagram.com\\\/brasilafrofunk\\\/?hl=fr&img_index=2\"]}]}<\/script>\n<!-- \/ Yoast SEO Premium plugin. -->","yoast_head_json":{"title":"Nossos eventos no Brasil - Brasil Afro Funk","robots":{"index":"index","follow":"follow","max-snippet":"max-snippet:-1","max-image-preview":"max-image-preview:large","max-video-preview":"max-video-preview:-1"},"canonical":"https:\/\/www.brasilafro.net\/pt-br\/nossas-iniciativas-culturais\/nossos-eventos-no-brasil\/","og_locale":"pt_BR","og_type":"article","og_title":"Nossos eventos no Brasil","og_description":"Carnavais Fevereiro\/mar\u00e7o marca o in\u00edcio da temporada de carnaval no Brasil. Estamos muito envolvidos na prepara\u00e7\u00e3o dos carnavais da vizinhan\u00e7a, na forma de oficinas de upstream, para que os residentes e, em especial, as crian\u00e7as, sejam os m\u00fasicos e dan\u00e7arinos de seu pr\u00f3prio evento, sob a orienta\u00e7\u00e3o de nossa equipe. \u00c9 toda a energia de uma verdadeira escola de samba brasileira com um toque Ch&#8217;ti. Voc\u00ea pode nos encontrar todos os anos no carnaval em Wazemmes, nosso bairro, mas tamb\u00e9m em muitos outros bairros de Lille e da regi\u00e3o. Siga-nos em nossas redes. 6 Videos Brasil Afro Funk na Parada Renascentista 1:15 Band&#8217;a BAF &#8211; M\u00fasicas de capoeira &#8211; Carnaval no centro Carnaval Lille Fives 2012 3:12 As crian\u00e7as do Lille Fives est\u00e3o fazendo seu carnaval! Lavagem Do Bonfim &#8211; Brasil Afro Funk Conceic\u00e3o &#8211; Bloco Samba Bahia &#8211; Desfile de Abertura Renaissance Lille3000 Baile de carnaval\/ensaio Os tambores est\u00e3o prontos, os dan\u00e7arinos est\u00e3o se aquecendo e o p\u00fablico est\u00e1 se reunindo. \u00c9 hora do baile de carnaval, o grande ensaio geral antes de sair \u00e0s ruas para o desfile. As escolas de samba no Brasil transformam o evento em uma verdadeira festa de bairro, reunindo todos os m\u00fasicos e dan\u00e7arinos para ensaiar juntos ao som de percuss\u00e3o, canto, balan\u00e7o, fantasias multicoloridas, sem esquecer a comida, a bebida e a atmosfera el\u00e9trica da festa. Venha e junte-se a n\u00f3s e voc\u00ea logo se ver\u00e1 molhando os p\u00e9s na pista de dan\u00e7a&#8230; energia contagiante garantida! Voc\u00ea pode nos encontrar todos os anos no carnaval em Wazemmes, nosso bairro, mas tamb\u00e9m em muitos outros bairros de Lille e da regi\u00e3o. Siga-nos em nossas redes. 5 Videos Bola\/ensaio 1:15 Baile de Carnaval Brasileiro 2023 3:12 Carnaval na Barraca Zem Dan\u00e7a &#8211; Samba Jazz &#8211; Carnaval de Wazemmes Dan\u00e7a &#8211; Toda Menina Baiana &#8211; Carnaval Wazemmes Baile do Dia de S\u00e3o Jo\u00e3o Depois do carnaval, as festas juninas s\u00e3o as mais populares do Brasil, comemoradas ao som do acorde\u00e3o em um ambiente de guingueira. Voc\u00ea pode dan\u00e7ar um ritmo sincopado no estilo country, o forr\u00f3 e a quadrilha europeia. As fam\u00edlias s\u00e3o convidadas a vir vestidas com camisas xadrez e chap\u00e9us de palha para os homens e saias longas floridas e tran\u00e7as para as mulheres. Tudo o que resta a fazer \u00e9 deixar-se guiar pelos passos da dan\u00e7a, que s\u00e3o tradicionalmente dados em franc\u00eas: anavan (para frente), anari\u00ear (para tr\u00e1s)&#8230; Entre na dan\u00e7a! 3 Videos Dia de S\u00e3o Patr\u00edcio Jean &#8211; Tarde dos vizinhos 1:15 Dia de S\u00e3o Patr\u00edcio Jean 3:12 Festas Juninas &#8211; Celebra\u00e7\u00f5es do Dia de S\u00e3o Jo\u00e3o 2:00 Festivais brasileiros Quer conhecer um pouco da cultura brasileira? J\u00e1 pensamos em algo para voc\u00ea: concertos, bailes, descobertas culin\u00e1rias, oficinas de m\u00fasica, dan\u00e7a ou capoeira, exposi\u00e7\u00f5es de arte, fantasias&#8230; Para os f\u00e3s de forr\u00f3, \u00e9 o Festival de Forr\u00f3 de Lille, iniciado por nosso coletivo em 2013: dan\u00e7as de forr\u00f3, shows, afters, oficinas, inicia\u00e7\u00f5es, quadrilha, passeios pelo mercado e muito mais! Se voc\u00ea for mais ecl\u00e9tico, o Brasil Fusion Fest, realizado em 2017 e 2018 em torno das culturas urbanas e da capoeira, inclui shows de hip-hop, batalhas de dan\u00e7a, roda de capoeira, workshops e cursos introdut\u00f3rios. 4 Videos Festival do Forr\u00f3 2013 1:15 Festival do Forr\u00f3 3:12 Teaser do Festival Forro 2:00 Festival do Forr\u00f3 ? Internacionalmente?","og_url":"https:\/\/www.brasilafro.net\/pt-br\/nossas-iniciativas-culturais\/nossos-eventos-no-brasil\/","og_site_name":"Brasil Afro Funk","article_publisher":"https:\/\/www.facebook.com\/labarracazem\/","article_modified_time":"2024-03-28T13:00:19+00:00","og_image":[{"url":"https:\/\/www.brasilafro.net\/wordpress\/wp-content\/uploads\/2024\/01\/1Accueil-Actions-culturelles1-500x300.jpg","type":"","width":"","height":""}],"twitter_card":"summary_large_image","twitter_site":"@labarracaZem","twitter_misc":{"Est. tempo de leitura":"3 minutos"},"schema":{"@context":"https:\/\/schema.org","@graph":[{"@type":"WebPage","@id":"https:\/\/www.brasilafro.net\/pt-br\/nossas-iniciativas-culturais\/nossos-eventos-no-brasil\/","url":"https:\/\/www.brasilafro.net\/pt-br\/nossas-iniciativas-culturais\/nossos-eventos-no-brasil\/","name":"Nossos eventos no Brasil - Brasil Afro Funk","isPartOf":{"@id":"https:\/\/www.brasilafro.net\/pt-br\/#website"},"primaryImageOfPage":{"@id":"https:\/\/www.brasilafro.net\/pt-br\/nossas-iniciativas-culturais\/nossos-eventos-no-brasil\/#primaryimage"},"image":{"@id":"https:\/\/www.brasilafro.net\/pt-br\/nossas-iniciativas-culturais\/nossos-eventos-no-brasil\/#primaryimage"},"thumbnailUrl":"https:\/\/www.brasilafro.net\/wordpress\/wp-content\/uploads\/2024\/01\/1Accueil-Actions-culturelles1-500x300.jpg","datePublished":"2018-04-20T13:26:25+00:00","dateModified":"2024-03-28T13:00:19+00:00","breadcrumb":{"@id":"https:\/\/www.brasilafro.net\/pt-br\/nossas-iniciativas-culturais\/nossos-eventos-no-brasil\/#breadcrumb"},"inLanguage":"pt-BR","potentialAction":[{"@type":"ReadAction","target":["https:\/\/www.brasilafro.net\/pt-br\/nossas-iniciativas-culturais\/nossos-eventos-no-brasil\/"]}]},{"@type":"ImageObject","inLanguage":"pt-BR","@id":"https:\/\/www.brasilafro.net\/pt-br\/nossas-iniciativas-culturais\/nossos-eventos-no-brasil\/#primaryimage","url":"https:\/\/www.brasilafro.net\/wordpress\/wp-content\/uploads\/2024\/01\/1Accueil-Actions-culturelles1-500x300.jpg","contentUrl":"https:\/\/www.brasilafro.net\/wordpress\/wp-content\/uploads\/2024\/01\/1Accueil-Actions-culturelles1-500x300.jpg"},{"@type":"BreadcrumbList","@id":"https:\/\/www.brasilafro.net\/pt-br\/nossas-iniciativas-culturais\/nossos-eventos-no-brasil\/#breadcrumb","itemListElement":[{"@type":"ListItem","position":1,"name":"Accueil","item":"https:\/\/www.brasilafro.net\/pt-br\/inicio\/"},{"@type":"ListItem","position":2,"name":"Nossas iniciativas culturais","item":"https:\/\/www.brasilafro.net\/pt-br\/nossas-iniciativas-culturais\/"},{"@type":"ListItem","position":3,"name":"Nossos eventos no Brasil"}]},{"@type":"WebSite","@id":"https:\/\/www.brasilafro.net\/pt-br\/#website","url":"https:\/\/www.brasilafro.net\/pt-br\/","name":"Brasil Afro Funk","description":"Musique I Danse I Capoeira  I Ecole \u00e0 Lille","publisher":{"@id":"https:\/\/www.brasilafro.net\/pt-br\/#organization"},"potentialAction":[{"@type":"SearchAction","target":{"@type":"EntryPoint","urlTemplate":"https:\/\/www.brasilafro.net\/pt-br\/?s={search_term_string}"},"query-input":{"@type":"PropertyValueSpecification","valueRequired":true,"valueName":"search_term_string"}}],"inLanguage":"pt-BR"},{"@type":"Organization","@id":"https:\/\/www.brasilafro.net\/pt-br\/#organization","name":"Brasil Afro Funk","url":"https:\/\/www.brasilafro.net\/pt-br\/","logo":{"@type":"ImageObject","inLanguage":"pt-BR","@id":"https:\/\/www.brasilafro.net\/pt-br\/#\/schema\/logo\/image\/","url":"https:\/\/www.brasilafro.net\/wordpress\/wp-content\/uploads\/2017\/10\/cropped-logoBAF.png","contentUrl":"https:\/\/www.brasilafro.net\/wordpress\/wp-content\/uploads\/2017\/10\/cropped-logoBAF.png","width":1119,"height":879,"caption":"Brasil Afro Funk"},"image":{"@id":"https:\/\/www.brasilafro.net\/pt-br\/#\/schema\/logo\/image\/"},"sameAs":["https:\/\/www.facebook.com\/labarracazem\/","https:\/\/x.com\/labarracaZem","https:\/\/www.instagram.com\/brasilafrofunk\/?hl=fr&img_index=2"]}]}},"_links":{"self":[{"href":"https:\/\/www.brasilafro.net\/pt-br\/wp-json\/wp\/v2\/pages\/17345","targetHints":{"allow":["GET"]}}],"collection":[{"href":"https:\/\/www.brasilafro.net\/pt-br\/wp-json\/wp\/v2\/pages"}],"about":[{"href":"https:\/\/www.brasilafro.net\/pt-br\/wp-json\/wp\/v2\/types\/page"}],"author":[{"embeddable":true,"href":"https:\/\/www.brasilafro.net\/pt-br\/wp-json\/wp\/v2\/users\/120"}],"replies":[{"embeddable":true,"href":"https:\/\/www.brasilafro.net\/pt-br\/wp-json\/wp\/v2\/comments?post=17345"}],"version-history":[{"count":2,"href":"https:\/\/www.brasilafro.net\/pt-br\/wp-json\/wp\/v2\/pages\/17345\/revisions"}],"predecessor-version":[{"id":17354,"href":"https:\/\/www.brasilafro.net\/pt-br\/wp-json\/wp\/v2\/pages\/17345\/revisions\/17354"}],"up":[{"embeddable":true,"href":"https:\/\/www.brasilafro.net\/pt-br\/wp-json\/wp\/v2\/pages\/17329"}],"wp:attachment":[{"href":"https:\/\/www.brasilafro.net\/pt-br\/wp-json\/wp\/v2\/media?parent=17345"}],"curies":[{"name":"wp","href":"https:\/\/api.w.org\/{rel}","templated":true}]}}